{"id":276,"date":"2026-01-08T11:24:13","date_gmt":"2026-01-08T11:24:13","guid":{"rendered":"https:\/\/dev.borgarbyggd.is\/hnodrabol\/?page_id=276"},"modified":"2026-01-08T11:27:20","modified_gmt":"2026-01-08T11:27:20","slug":"farsaeld-barna","status":"publish","type":"page","link":"https:\/\/dev.borgarbyggd.is\/hnodrabol\/farsaeld-barna\/","title":{"rendered":"Fars\u00e6ld barna"},"content":{"rendered":"<p>\u00cd jan\u00faar 2022 t\u00f3ku \u00ed gildi l\u00f6g um fars\u00e6ld barna. L\u00f6gin mi\u00f0a a\u00f0 \u00fev\u00ed a\u00f0 tryggja a\u00f0 b\u00f6rn og foreldrar \u00feeirra hafi grei\u00f0an a\u00f0gang a\u00f0 nau\u00f0synlegri \u00fej\u00f3nustu og f\u00e1i r\u00e9tta a\u00f0sto\u00f0 \u00e1 r\u00e9ttum t\u00edma. Me\u00f0 \u00fev\u00ed a\u00f0 sam\u00fe\u00e6tta \u00fej\u00f3nustu og efla samstarf milli sk\u00f3la, heilsug\u00e6slu, f\u00e9lags\u00fej\u00f3nustu og annarra \u00fej\u00f3nustua\u00f0ila ver\u00f0ur au\u00f0veldara a\u00f0 breg\u00f0ast vi\u00f0 \u00fe\u00f6rfum barna.<\/p>\n<p>B\u00f6rn og foreldrar hafa a\u00f0gang a\u00f0 tengili\u00f0 \u00ed s\u00ednum sk\u00f3la sem a\u00f0sto\u00f0ar vi\u00f0 a\u00f0 finna vi\u00f0eigandi \u00farr\u00e6\u00f0i. Starfsf\u00f3lk sem vinnur me\u00f0 b\u00f6rnum hvort sem \u00fea\u00f0 er \u00ed leik-, grunn- og framhaldssk\u00f3la, f\u00e9lags\u00ad\u00fej\u00f3nustu, \u00ed\u00fer\u00f3tta, t\u00f3mstunda e\u00f0a heilbrig\u00f0is\u00fej\u00f3nustu ber sameiginlega \u00e1byrg\u00f0 \u00e1 a\u00f0 greina a\u00f0st\u00e6\u00f0ur \u00feeirra og gr\u00edpa snemma inn \u00ed.<\/p>\n<p>Markmi\u00f0i\u00f0 er a\u00f0 b\u00f6rn og fj\u00f6lskyldur falli ekki milli kerfa, a\u00f0 sj\u00f3narmi\u00f0 barna s\u00e9u virt og a\u00f0 hagsmunir barnsins s\u00e9u alltaf \u00ed forgrunni.<br \/>\n<strong>\u00datgangspunkturinn \u00ed \u00f6llu sem vi\u00f0 gerum \u00e1 a\u00f0 vera barni\u00f0 og hagsmunir \u00feess.<\/strong><\/p>\n<p><em>S\u00f3tt af heimas\u00ed\u00f0u fars\u00e6ldar barna (https:\/\/www.farsaeldbarna.is\/is\/farsaeldarlogin<\/em><em>).<\/em><\/p>\n<p>Tengili\u00f0ur Hno\u00f0rab\u00f3ls er Krist\u00edn \u00c1sd\u00eds Snorrad\u00f3ttir, s\u00e9rkennslustj\u00f3ri.<\/p>\n","protected":false},"excerpt":{"rendered":"<p>\u00cd jan\u00faar 2022 t\u00f3ku \u00ed gildi l\u00f6g um fars\u00e6ld barna. L\u00f6gin mi\u00f0a a\u00f0 \u00fev\u00ed a\u00f0 tryggja a\u00f0 b\u00f6rn og foreldrar \u00feeirra hafi grei\u00f0an a\u00f0gang a\u00f0 nau\u00f0synlegri \u00fej\u00f3nustu og f\u00e1i r\u00e9tta a\u00f0sto\u00f0 \u00e1 r\u00e9ttum t\u00edma. Me\u00f0 \u00fev\u00ed a\u00f0 sam\u00fe\u00e6tta \u00fej\u00f3nustu og efla samstarf milli sk\u00f3la, heilsug\u00e6slu, f\u00e9lags\u00fej\u00f3nustu og annarra \u00fej\u00f3nustua\u00f0ila ver\u00f0ur au\u00f0veldara a\u00f0 breg\u00f0ast vi\u00f0 \u00fe\u00f6rfum barna. B\u00f6rn og foreldrar hafa &#8230; <\/p>\n<div><a href=\"https:\/\/dev.borgarbyggd.is\/hnodrabol\/farsaeld-barna\/\" class=\"more-link\">Read More<\/a><\/div>\n","protected":false},"author":49,"featured_media":0,"parent":0,"menu_order":0,"comment_status":"closed","ping_status":"closed","template":"","meta":{"_acf_changed":false,"footnotes":""},"class_list":["post-276","page","type-page","status-publish","hentry","no-post-thumbnail"],"acf":{"quickaccess":[{"takn":"home","title":"Fars\u00e6ld barna \u00ed Borgarbygg\u00f0","url":"","description":"","skjol":false,"tegund":"https:\/\/borgarbyggd.is\/sidur\/thjonusta\/felagsthjonusta\/samthaett-thjonusta-i-thagu-farsaeldar-barna"},{"takn":"home","title":"Heimas\u00ed\u00f0a um fars\u00e6ld barna","url":"","description":"","skjol":false,"tegund":"https:\/\/www.farsaeldbarna.is\/"},{"takn":"home","title":"Fars\u00e6ldarl\u00f6gin","url":"","description":"","skjol":false,"tegund":"https:\/\/www.althingi.is\/altext\/151\/s\/1723.html"}]},"yoast_head":"<!-- This site is optimized with the Yoast SEO plugin v24.0 - https:\/\/yoast.com\/wordpress\/plugins\/seo\/ -->\n<title>Fars\u00e6ld barna - Hno\u00f0rab\u00f3l<\/title>\n<meta name=\"robots\" content=\"noindex, follow, max-snippet:-1, max-image-preview:large, max-video-preview:-1\" \/>\n<meta property=\"og:locale\" content=\"is_IS\" \/>\n<meta property=\"og:type\" content=\"article\" \/>\n<meta property=\"og:title\" content=\"Fars\u00e6ld barna - Hno\u00f0rab\u00f3l\" \/>\n<meta property=\"og:description\" content=\"\u00cd jan\u00faar 2022 t\u00f3ku \u00ed gildi l\u00f6g um fars\u00e6ld barna. L\u00f6gin mi\u00f0a a\u00f0 \u00fev\u00ed a\u00f0 tryggja a\u00f0 b\u00f6rn og foreldrar \u00feeirra hafi grei\u00f0an a\u00f0gang a\u00f0 nau\u00f0synlegri \u00fej\u00f3nustu og f\u00e1i r\u00e9tta a\u00f0sto\u00f0 \u00e1 r\u00e9ttum t\u00edma. Me\u00f0 \u00fev\u00ed a\u00f0 sam\u00fe\u00e6tta \u00fej\u00f3nustu og efla samstarf milli sk\u00f3la, heilsug\u00e6slu, f\u00e9lags\u00fej\u00f3nustu og annarra \u00fej\u00f3nustua\u00f0ila ver\u00f0ur au\u00f0veldara a\u00f0 breg\u00f0ast vi\u00f0 \u00fe\u00f6rfum barna. B\u00f6rn og foreldrar hafa ... Read More\" \/>\n<meta property=\"og:url\" content=\"https:\/\/dev.borgarbyggd.is\/hnodrabol\/farsaeld-barna\/\" \/>\n<meta property=\"og:site_name\" content=\"Hno\u00f0rab\u00f3l\" \/>\n<meta property=\"article:modified_time\" content=\"2026-01-08T11:27:20+00:00\" \/>\n<meta name=\"twitter:card\" content=\"summary_large_image\" \/>\n<meta name=\"twitter:label1\" content=\"Est. reading time\" \/>\n\t<meta name=\"twitter:data1\" content=\"1 minute\" \/>\n<script type=\"application\/ld+json\" class=\"yoast-schema-graph\">{\"@context\":\"https:\/\/schema.org\",\"@graph\":[{\"@type\":\"WebPage\",\"@id\":\"https:\/\/dev.borgarbyggd.is\/hnodrabol\/farsaeld-barna\/\",\"url\":\"https:\/\/dev.borgarbyggd.is\/hnodrabol\/farsaeld-barna\/\",\"name\":\"Fars\u00e6ld barna - Hno\u00f0rab\u00f3l\",\"isPartOf\":{\"@id\":\"https:\/\/dev.borgarbyggd.is\/hnodrabol\/#website\"},\"datePublished\":\"2026-01-08T11:24:13+00:00\",\"dateModified\":\"2026-01-08T11:27:20+00:00\",\"breadcrumb\":{\"@id\":\"https:\/\/dev.borgarbyggd.is\/hnodrabol\/farsaeld-barna\/#breadcrumb\"},\"inLanguage\":\"is\",\"potentialAction\":[{\"@type\":\"ReadAction\",\"target\":[\"https:\/\/dev.borgarbyggd.is\/hnodrabol\/farsaeld-barna\/\"]}]},{\"@type\":\"BreadcrumbList\",\"@id\":\"https:\/\/dev.borgarbyggd.is\/hnodrabol\/farsaeld-barna\/#breadcrumb\",\"itemListElement\":[{\"@type\":\"ListItem\",\"position\":1,\"name\":\"Home\",\"item\":\"https:\/\/dev.borgarbyggd.is\/hnodrabol\/\"},{\"@type\":\"ListItem\",\"position\":2,\"name\":\"Fars\u00e6ld barna\"}]},{\"@type\":\"WebSite\",\"@id\":\"https:\/\/dev.borgarbyggd.is\/hnodrabol\/#website\",\"url\":\"https:\/\/dev.borgarbyggd.is\/hnodrabol\/\",\"name\":\"Hno\u00f0rab\u00f3l\",\"description\":\"\",\"potentialAction\":[{\"@type\":\"SearchAction\",\"target\":{\"@type\":\"EntryPoint\",\"urlTemplate\":\"https:\/\/dev.borgarbyggd.is\/hnodrabol\/?s={search_term_string}\"},\"query-input\":{\"@type\":\"PropertyValueSpecification\",\"valueRequired\":true,\"valueName\":\"search_term_string\"}}],\"inLanguage\":\"is\"}]}<\/script>\n<!-- \/ Yoast SEO plugin. -->","yoast_head_json":{"title":"Fars\u00e6ld barna - Hno\u00f0rab\u00f3l","robots":{"index":"noindex","follow":"follow","max-snippet":"max-snippet:-1","max-image-preview":"max-image-preview:large","max-video-preview":"max-video-preview:-1"},"og_locale":"is_IS","og_type":"article","og_title":"Fars\u00e6ld barna - Hno\u00f0rab\u00f3l","og_description":"\u00cd jan\u00faar 2022 t\u00f3ku \u00ed gildi l\u00f6g um fars\u00e6ld barna. L\u00f6gin mi\u00f0a a\u00f0 \u00fev\u00ed a\u00f0 tryggja a\u00f0 b\u00f6rn og foreldrar \u00feeirra hafi grei\u00f0an a\u00f0gang a\u00f0 nau\u00f0synlegri \u00fej\u00f3nustu og f\u00e1i r\u00e9tta a\u00f0sto\u00f0 \u00e1 r\u00e9ttum t\u00edma. Me\u00f0 \u00fev\u00ed a\u00f0 sam\u00fe\u00e6tta \u00fej\u00f3nustu og efla samstarf milli sk\u00f3la, heilsug\u00e6slu, f\u00e9lags\u00fej\u00f3nustu og annarra \u00fej\u00f3nustua\u00f0ila ver\u00f0ur au\u00f0veldara a\u00f0 breg\u00f0ast vi\u00f0 \u00fe\u00f6rfum barna. B\u00f6rn og foreldrar hafa ... Read More","og_url":"https:\/\/dev.borgarbyggd.is\/hnodrabol\/farsaeld-barna\/","og_site_name":"Hno\u00f0rab\u00f3l","article_modified_time":"2026-01-08T11:27:20+00:00","twitter_card":"summary_large_image","twitter_misc":{"Est. reading time":"1 minute"},"schema":{"@context":"https:\/\/schema.org","@graph":[{"@type":"WebPage","@id":"https:\/\/dev.borgarbyggd.is\/hnodrabol\/farsaeld-barna\/","url":"https:\/\/dev.borgarbyggd.is\/hnodrabol\/farsaeld-barna\/","name":"Fars\u00e6ld barna - Hno\u00f0rab\u00f3l","isPartOf":{"@id":"https:\/\/dev.borgarbyggd.is\/hnodrabol\/#website"},"datePublished":"2026-01-08T11:24:13+00:00","dateModified":"2026-01-08T11:27:20+00:00","breadcrumb":{"@id":"https:\/\/dev.borgarbyggd.is\/hnodrabol\/farsaeld-barna\/#breadcrumb"},"inLanguage":"is","potentialAction":[{"@type":"ReadAction","target":["https:\/\/dev.borgarbyggd.is\/hnodrabol\/farsaeld-barna\/"]}]},{"@type":"BreadcrumbList","@id":"https:\/\/dev.borgarbyggd.is\/hnodrabol\/farsaeld-barna\/#breadcrumb","itemListElement":[{"@type":"ListItem","position":1,"name":"Home","item":"https:\/\/dev.borgarbyggd.is\/hnodrabol\/"},{"@type":"ListItem","position":2,"name":"Fars\u00e6ld barna"}]},{"@type":"WebSite","@id":"https:\/\/dev.borgarbyggd.is\/hnodrabol\/#website","url":"https:\/\/dev.borgarbyggd.is\/hnodrabol\/","name":"Hno\u00f0rab\u00f3l","description":"","potentialAction":[{"@type":"SearchAction","target":{"@type":"EntryPoint","urlTemplate":"https:\/\/dev.borgarbyggd.is\/hnodrabol\/?s={search_term_string}"},"query-input":{"@type":"PropertyValueSpecification","valueRequired":true,"valueName":"search_term_string"}}],"inLanguage":"is"}]}},"_links":{"self":[{"href":"https:\/\/dev.borgarbyggd.is\/hnodrabol\/wp-json\/wp\/v2\/pages\/276","targetHints":{"allow":["GET"]}}],"collection":[{"href":"https:\/\/dev.borgarbyggd.is\/hnodrabol\/wp-json\/wp\/v2\/pages"}],"about":[{"href":"https:\/\/dev.borgarbyggd.is\/hnodrabol\/wp-json\/wp\/v2\/types\/page"}],"author":[{"embeddable":true,"href":"https:\/\/dev.borgarbyggd.is\/hnodrabol\/wp-json\/wp\/v2\/users\/49"}],"replies":[{"embeddable":true,"href":"https:\/\/dev.borgarbyggd.is\/hnodrabol\/wp-json\/wp\/v2\/comments?post=276"}],"version-history":[{"count":0,"href":"https:\/\/dev.borgarbyggd.is\/hnodrabol\/wp-json\/wp\/v2\/pages\/276\/revisions"}],"wp:attachment":[{"href":"https:\/\/dev.borgarbyggd.is\/hnodrabol\/wp-json\/wp\/v2\/media?parent=276"}],"curies":[{"name":"wp","href":"https:\/\/api.w.org\/{rel}","templated":true}]}}