{"id":977,"date":"2024-01-23T15:07:18","date_gmt":"2024-01-23T15:07:18","guid":{"rendered":"https:\/\/dev.borgarbyggd.is\/grunnborg\/?page_id=977"},"modified":"2024-03-12T14:47:05","modified_gmt":"2024-03-12T14:47:05","slug":"fraedslunefnd","status":"publish","type":"page","link":"https:\/\/dev.borgarbyggd.is\/grunnborg\/skolinn\/fraedslunefnd\/","title":{"rendered":"Fr\u00e6\u00f0slunefnd"},"content":{"rendered":"<div id=\"\" class=\"x-text\">\n<p>Fr\u00e6\u00f0slunefnd starfar \u00ed umbo\u00f0i sveitarstj\u00f3rnar og fer me\u00f0 m\u00e1lefni grunnsk\u00f3la eftir \u00fev\u00ed sem l\u00f6g og regluger\u00f0ir \u00e1kve\u00f0a og sveitarstj\u00f3rn kann a\u00f0 fela henni.<br \/>\nMeginhlutverk nefndarinnar samkv\u00e6mt 6.gr. grunnsk\u00f3lalaga 91\/2008 eru sem h\u00e9r segir.<\/p>\n<\/div>\n<div id=\"\" class=\"x-text\">\n<ul>\n<li>a\u00f0 sj\u00e1 til \u00feess a\u00f0 \u00f6ll sk\u00f3laskyld b\u00f6rn sem r\u00e9tt eiga \u00e1 sk\u00f3lavist \u00ed sveitarf\u00e9laginu nj\u00f3ti l\u00f6gbo\u00f0innar fr\u00e6\u00f0slu.<\/li>\n<li>a\u00f0 sta\u00f0festa starfs\u00e1\u00e6tlun sk\u00f3la \u00e1r hvert og sk\u00f3lan\u00e1mskr\u00e1 einstakra sk\u00f3la.<\/li>\n<li>a\u00f0 fylgjast me\u00f0 framkv\u00e6md n\u00e1ms og kennslu \u00ed sveitarf\u00e9laginu og ger\u00f0 sk\u00f3lan\u00e1mskr\u00e1r og gera till\u00f6gur til sk\u00f3lastj\u00f3ra og\/e\u00f0a sveitarstj\u00f3rnar um umb\u00e6tur \u00e1 sk\u00f3lastarfi.<\/li>\n<li>a\u00f0 fylgjast me\u00f0 og stu\u00f0la a\u00f0 \u00fev\u00ed a\u00f0 nemendum og sk\u00f3lum s\u00e9 trygg\u00f0ur a\u00f0gangur a\u00f0 s\u00e9rfr\u00e6\u00f0i\u00fej\u00f3nustu.<\/li>\n<li>a\u00f0 sj\u00e1 til \u00feess a\u00f0 jafnan s\u00e9 fyrir hendi vi\u00f0eigandi h\u00fasn\u00e6\u00f0i fyrir kennslu og annar a\u00f0b\u00fana\u00f0ur, \u00fe.m.t. \u00fativistar- og leiksv\u00e6\u00f0i nemenda.<\/li>\n<li>a\u00f0 hafa eftirlit me\u00f0 a\u00f0 \u00e1kv\u00e6\u00f0i laga og regluger\u00f0a s\u00e9u uppfyllt og gera till\u00f6gur til sveitarstj\u00f3rnar um \u00farb\u00e6tur.<\/li>\n<li>a\u00f0 stu\u00f0la a\u00f0 tengslum og samstarfi leiksk\u00f3la og grunnsk\u00f3la annars vegar og grunnsk\u00f3la og framhaldssk\u00f3la hins vegar.<\/li>\n<\/ul>\n<\/div>\n","protected":false},"excerpt":{"rendered":"<p>Fr\u00e6\u00f0slunefnd starfar \u00ed umbo\u00f0i sveitarstj\u00f3rnar og fer me\u00f0 m\u00e1lefni grunnsk\u00f3la eftir \u00fev\u00ed sem l\u00f6g og regluger\u00f0ir \u00e1kve\u00f0a og sveitarstj\u00f3rn kann a\u00f0 fela henni. Meginhlutverk nefndarinnar samkv\u00e6mt 6.gr. grunnsk\u00f3lalaga 91\/2008 eru sem h\u00e9r segir. a\u00f0 sj\u00e1 til \u00feess a\u00f0 \u00f6ll sk\u00f3laskyld b\u00f6rn sem r\u00e9tt eiga \u00e1 sk\u00f3lavist \u00ed sveitarf\u00e9laginu nj\u00f3ti l\u00f6gbo\u00f0innar fr\u00e6\u00f0slu. a\u00f0 sta\u00f0festa starfs\u00e1\u00e6tlun sk\u00f3la \u00e1r hvert og sk\u00f3lan\u00e1mskr\u00e1 einstakra &#8230; <\/p>\n<div><a href=\"https:\/\/dev.borgarbyggd.is\/grunnborg\/skolinn\/fraedslunefnd\/\" class=\"more-link\">Read More<\/a><\/div>\n","protected":false},"author":27,"featured_media":0,"parent":37,"menu_order":0,"comment_status":"closed","ping_status":"closed","template":"","meta":{"_acf_changed":false,"footnotes":""},"class_list":["post-977","page","type-page","status-publish","hentry","no-post-thumbnail"],"acf":{"quickaccess":false},"yoast_head":"<!-- This site is optimized with the Yoast SEO plugin v24.0 - https:\/\/yoast.com\/wordpress\/plugins\/seo\/ -->\n<title>Fr\u00e6\u00f0slunefnd - Grunnsk\u00f3linn \u00ed Borgarnesi<\/title>\n<meta name=\"robots\" content=\"index, follow, max-snippet:-1, max-image-preview:large, max-video-preview:-1\" \/>\n<link rel=\"canonical\" href=\"https:\/\/dev.borgarbyggd.is\/grunnborg\/skolinn\/fraedslunefnd\/\" \/>\n<meta property=\"og:locale\" content=\"en_US\" \/>\n<meta property=\"og:type\" content=\"article\" \/>\n<meta property=\"og:title\" content=\"Fr\u00e6\u00f0slunefnd - Grunnsk\u00f3linn \u00ed Borgarnesi\" \/>\n<meta property=\"og:description\" content=\"Fr\u00e6\u00f0slunefnd starfar \u00ed umbo\u00f0i sveitarstj\u00f3rnar og fer me\u00f0 m\u00e1lefni grunnsk\u00f3la eftir \u00fev\u00ed sem l\u00f6g og regluger\u00f0ir \u00e1kve\u00f0a og sveitarstj\u00f3rn kann a\u00f0 fela henni. Meginhlutverk nefndarinnar samkv\u00e6mt 6.gr. grunnsk\u00f3lalaga 91\/2008 eru sem h\u00e9r segir. a\u00f0 sj\u00e1 til \u00feess a\u00f0 \u00f6ll sk\u00f3laskyld b\u00f6rn sem r\u00e9tt eiga \u00e1 sk\u00f3lavist \u00ed sveitarf\u00e9laginu nj\u00f3ti l\u00f6gbo\u00f0innar fr\u00e6\u00f0slu. a\u00f0 sta\u00f0festa starfs\u00e1\u00e6tlun sk\u00f3la \u00e1r hvert og sk\u00f3lan\u00e1mskr\u00e1 einstakra ... Read More\" \/>\n<meta property=\"og:url\" content=\"https:\/\/dev.borgarbyggd.is\/grunnborg\/skolinn\/fraedslunefnd\/\" \/>\n<meta property=\"og:site_name\" content=\"Grunnsk\u00f3linn \u00ed Borgarnesi\" \/>\n<meta property=\"article:modified_time\" content=\"2024-03-12T14:47:05+00:00\" \/>\n<meta name=\"twitter:card\" content=\"summary_large_image\" \/>\n<meta name=\"twitter:label1\" content=\"Est. reading time\" \/>\n\t<meta name=\"twitter:data1\" content=\"1 minute\" \/>\n<script type=\"application\/ld+json\" class=\"yoast-schema-graph\">{\"@context\":\"https:\/\/schema.org\",\"@graph\":[{\"@type\":\"WebPage\",\"@id\":\"https:\/\/dev.borgarbyggd.is\/grunnborg\/skolinn\/fraedslunefnd\/\",\"url\":\"https:\/\/dev.borgarbyggd.is\/grunnborg\/skolinn\/fraedslunefnd\/\",\"name\":\"Fr\u00e6\u00f0slunefnd - Grunnsk\u00f3linn \u00ed Borgarnesi\",\"isPartOf\":{\"@id\":\"https:\/\/dev.borgarbyggd.is\/grunnborg\/#website\"},\"datePublished\":\"2024-01-23T15:07:18+00:00\",\"dateModified\":\"2024-03-12T14:47:05+00:00\",\"breadcrumb\":{\"@id\":\"https:\/\/dev.borgarbyggd.is\/grunnborg\/skolinn\/fraedslunefnd\/#breadcrumb\"},\"inLanguage\":\"en-US\",\"potentialAction\":[{\"@type\":\"ReadAction\",\"target\":[\"https:\/\/dev.borgarbyggd.is\/grunnborg\/skolinn\/fraedslunefnd\/\"]}]},{\"@type\":\"BreadcrumbList\",\"@id\":\"https:\/\/dev.borgarbyggd.is\/grunnborg\/skolinn\/fraedslunefnd\/#breadcrumb\",\"itemListElement\":[{\"@type\":\"ListItem\",\"position\":1,\"name\":\"Home\",\"item\":\"https:\/\/dev.borgarbyggd.is\/grunnborg\/\"},{\"@type\":\"ListItem\",\"position\":2,\"name\":\"Sk\u00f3linn\",\"item\":\"https:\/\/dev.borgarbyggd.is\/grunnborg\/skolinn\/\"},{\"@type\":\"ListItem\",\"position\":3,\"name\":\"Fr\u00e6\u00f0slunefnd\"}]},{\"@type\":\"WebSite\",\"@id\":\"https:\/\/dev.borgarbyggd.is\/grunnborg\/#website\",\"url\":\"https:\/\/dev.borgarbyggd.is\/grunnborg\/\",\"name\":\"Grunnsk\u00f3linn \u00ed Borgarnesi\",\"description\":\"\",\"potentialAction\":[{\"@type\":\"SearchAction\",\"target\":{\"@type\":\"EntryPoint\",\"urlTemplate\":\"https:\/\/dev.borgarbyggd.is\/grunnborg\/?s={search_term_string}\"},\"query-input\":{\"@type\":\"PropertyValueSpecification\",\"valueRequired\":true,\"valueName\":\"search_term_string\"}}],\"inLanguage\":\"en-US\"}]}<\/script>\n<!-- \/ Yoast SEO plugin. -->","yoast_head_json":{"title":"Fr\u00e6\u00f0slunefnd - Grunnsk\u00f3linn \u00ed Borgarnesi","robots":{"index":"index","follow":"follow","max-snippet":"max-snippet:-1","max-image-preview":"max-image-preview:large","max-video-preview":"max-video-preview:-1"},"canonical":"https:\/\/dev.borgarbyggd.is\/grunnborg\/skolinn\/fraedslunefnd\/","og_locale":"en_US","og_type":"article","og_title":"Fr\u00e6\u00f0slunefnd - Grunnsk\u00f3linn \u00ed Borgarnesi","og_description":"Fr\u00e6\u00f0slunefnd starfar \u00ed umbo\u00f0i sveitarstj\u00f3rnar og fer me\u00f0 m\u00e1lefni grunnsk\u00f3la eftir \u00fev\u00ed sem l\u00f6g og regluger\u00f0ir \u00e1kve\u00f0a og sveitarstj\u00f3rn kann a\u00f0 fela henni. Meginhlutverk nefndarinnar samkv\u00e6mt 6.gr. grunnsk\u00f3lalaga 91\/2008 eru sem h\u00e9r segir. a\u00f0 sj\u00e1 til \u00feess a\u00f0 \u00f6ll sk\u00f3laskyld b\u00f6rn sem r\u00e9tt eiga \u00e1 sk\u00f3lavist \u00ed sveitarf\u00e9laginu nj\u00f3ti l\u00f6gbo\u00f0innar fr\u00e6\u00f0slu. a\u00f0 sta\u00f0festa starfs\u00e1\u00e6tlun sk\u00f3la \u00e1r hvert og sk\u00f3lan\u00e1mskr\u00e1 einstakra ... Read More","og_url":"https:\/\/dev.borgarbyggd.is\/grunnborg\/skolinn\/fraedslunefnd\/","og_site_name":"Grunnsk\u00f3linn \u00ed Borgarnesi","article_modified_time":"2024-03-12T14:47:05+00:00","twitter_card":"summary_large_image","twitter_misc":{"Est. reading time":"1 minute"},"schema":{"@context":"https:\/\/schema.org","@graph":[{"@type":"WebPage","@id":"https:\/\/dev.borgarbyggd.is\/grunnborg\/skolinn\/fraedslunefnd\/","url":"https:\/\/dev.borgarbyggd.is\/grunnborg\/skolinn\/fraedslunefnd\/","name":"Fr\u00e6\u00f0slunefnd - Grunnsk\u00f3linn \u00ed Borgarnesi","isPartOf":{"@id":"https:\/\/dev.borgarbyggd.is\/grunnborg\/#website"},"datePublished":"2024-01-23T15:07:18+00:00","dateModified":"2024-03-12T14:47:05+00:00","breadcrumb":{"@id":"https:\/\/dev.borgarbyggd.is\/grunnborg\/skolinn\/fraedslunefnd\/#breadcrumb"},"inLanguage":"en-US","potentialAction":[{"@type":"ReadAction","target":["https:\/\/dev.borgarbyggd.is\/grunnborg\/skolinn\/fraedslunefnd\/"]}]},{"@type":"BreadcrumbList","@id":"https:\/\/dev.borgarbyggd.is\/grunnborg\/skolinn\/fraedslunefnd\/#breadcrumb","itemListElement":[{"@type":"ListItem","position":1,"name":"Home","item":"https:\/\/dev.borgarbyggd.is\/grunnborg\/"},{"@type":"ListItem","position":2,"name":"Sk\u00f3linn","item":"https:\/\/dev.borgarbyggd.is\/grunnborg\/skolinn\/"},{"@type":"ListItem","position":3,"name":"Fr\u00e6\u00f0slunefnd"}]},{"@type":"WebSite","@id":"https:\/\/dev.borgarbyggd.is\/grunnborg\/#website","url":"https:\/\/dev.borgarbyggd.is\/grunnborg\/","name":"Grunnsk\u00f3linn \u00ed Borgarnesi","description":"","potentialAction":[{"@type":"SearchAction","target":{"@type":"EntryPoint","urlTemplate":"https:\/\/dev.borgarbyggd.is\/grunnborg\/?s={search_term_string}"},"query-input":{"@type":"PropertyValueSpecification","valueRequired":true,"valueName":"search_term_string"}}],"inLanguage":"en-US"}]}},"_links":{"self":[{"href":"https:\/\/dev.borgarbyggd.is\/grunnborg\/wp-json\/wp\/v2\/pages\/977","targetHints":{"allow":["GET"]}}],"collection":[{"href":"https:\/\/dev.borgarbyggd.is\/grunnborg\/wp-json\/wp\/v2\/pages"}],"about":[{"href":"https:\/\/dev.borgarbyggd.is\/grunnborg\/wp-json\/wp\/v2\/types\/page"}],"author":[{"embeddable":true,"href":"https:\/\/dev.borgarbyggd.is\/grunnborg\/wp-json\/wp\/v2\/users\/27"}],"replies":[{"embeddable":true,"href":"https:\/\/dev.borgarbyggd.is\/grunnborg\/wp-json\/wp\/v2\/comments?post=977"}],"version-history":[{"count":0,"href":"https:\/\/dev.borgarbyggd.is\/grunnborg\/wp-json\/wp\/v2\/pages\/977\/revisions"}],"up":[{"embeddable":true,"href":"https:\/\/dev.borgarbyggd.is\/grunnborg\/wp-json\/wp\/v2\/pages\/37"}],"wp:attachment":[{"href":"https:\/\/dev.borgarbyggd.is\/grunnborg\/wp-json\/wp\/v2\/media?parent=977"}],"curies":[{"name":"wp","href":"https:\/\/api.w.org\/{rel}","templated":true}]}}