{"id":896,"date":"2024-01-15T14:52:41","date_gmt":"2024-01-15T14:52:41","guid":{"rendered":"https:\/\/dev.borgarbyggd.is\/grunnborg\/?page_id=896"},"modified":"2025-01-08T10:21:49","modified_gmt":"2025-01-08T10:21:49","slug":"forfoll-og-leyfi","status":"publish","type":"page","link":"https:\/\/dev.borgarbyggd.is\/grunnborg\/hagnytt\/forfoll-og-leyfi\/","title":{"rendered":"Forf\u00f6ll og leyfi"},"content":{"rendered":"<p>Skrifstofa sk\u00f3lans er opin fr\u00e1 kl. 7:45 kl. 14:00 alla virka daga. Ritari sk\u00f3lans er Gu\u00f0d\u00eds J\u00f3nsd\u00f3ttir.<\/p>\n<p>Foreldrar tilkynna veikindi barna sinna til ritara sk\u00f3lans \u00ed s\u00edma 433 7400, fyrir sk\u00f3labyrjun e\u00f0a skr\u00e1 \u00feau sj\u00e1lf \u00ed Mentor.<\/p>\n<p>Ef nemandi \u00fearf a\u00f0 f\u00e1 leyfi skal haft samband vi\u00f0 umsj\u00f3narkennara, en s\u00e9 um lengri t\u00edma a\u00f0 r\u00e6\u00f0a en tvo daga skal s\u00e6kja um \u00fea\u00f0 skriflega. H\u00e6gt a\u00f0 n\u00e1lgast ey\u00f0ubl\u00f6\u00f0 \u00e1 skrifstofu sk\u00f3lans og \u00e1 heimas\u00ed\u00f0unni \u2013\u00a0<span style=\"color: #0000ff\"><a style=\"color: #0000ff\" href=\"https:\/\/borgarbyggd.is\/stofnun\/grunnborg\/sidur\/hagnytt\/eydublod-og-umsoknir\">Ey\u00f0ubl\u00f6\u00f0 og ums\u00f3knir<\/a>.<\/span><\/p>\n<p>\u00dea\u00f0 er \u00e1 \u00e1byrg\u00f0 foreldra a\u00f0 sj\u00e1 til \u00feess a\u00f0 nemendur vinni upp \u00fea\u00f0 n\u00e1msefni sem \u00feeir missa af \u00ed lengra leyfi.<\/p>\n<p>Ver\u00f0i nemandi veikur \u00e1 sk\u00f3lat\u00edma er haft samband vi\u00f0 heimili og foreldrar be\u00f0nir um a\u00f0 s\u00e6kja nemandann. Veik b\u00f6rn eru vi\u00f0kv\u00e6m og vans\u00e6l og eiga ekki a\u00f0 vera \u00ed sk\u00f3lanum. Eftir veikindi gefst barninu kostur \u00e1 a\u00f0 sleppa \u00fativeru \u00ed sk\u00f3lanum \u00ed 2 daga, \u00f3ski foreldrar eftir \u00fev\u00ed. Eftir langvarandi veikindi er \u00e1stand barnsins meti\u00f0 hverju sinni \u00ed samr\u00e1\u00f0i vi\u00f0 foreldra. Ef um er a\u00f0 r\u00e6\u00f0a s\u00e9rstakar breytingar e\u00f0a erfi\u00f0leika \u00ed l\u00edfi barns er unni\u00f0 a\u00f0 \u00feeim m\u00e1lum \u00ed samr\u00e1\u00f0i vi\u00f0 foreldra.<\/p>\n","protected":false},"excerpt":{"rendered":"<p>Skrifstofa sk\u00f3lans er opin fr\u00e1 kl. 7:45 kl. 14:00 alla virka daga. Ritari sk\u00f3lans er Gu\u00f0d\u00eds J\u00f3nsd\u00f3ttir. Foreldrar tilkynna veikindi barna sinna til ritara sk\u00f3lans \u00ed s\u00edma 433 7400, fyrir sk\u00f3labyrjun e\u00f0a skr\u00e1 \u00feau sj\u00e1lf \u00ed Mentor. Ef nemandi \u00fearf a\u00f0 f\u00e1 leyfi skal haft samband vi\u00f0 umsj\u00f3narkennara, en s\u00e9 um lengri t\u00edma a\u00f0 r\u00e6\u00f0a en tvo daga skal s\u00e6kja &#8230; <\/p>\n<div><a href=\"https:\/\/dev.borgarbyggd.is\/grunnborg\/hagnytt\/forfoll-og-leyfi\/\" class=\"more-link\">Read More<\/a><\/div>\n","protected":false},"author":27,"featured_media":0,"parent":49,"menu_order":0,"comment_status":"closed","ping_status":"closed","template":"","meta":{"_acf_changed":false,"footnotes":""},"class_list":["post-896","page","type-page","status-publish","hentry","no-post-thumbnail"],"acf":{"quickaccess":false},"yoast_head":"<!-- This site is optimized with the Yoast SEO plugin v24.0 - https:\/\/yoast.com\/wordpress\/plugins\/seo\/ -->\n<title>Forf\u00f6ll og leyfi - Grunnsk\u00f3linn \u00ed Borgarnesi<\/title>\n<meta name=\"robots\" content=\"index, follow, max-snippet:-1, max-image-preview:large, max-video-preview:-1\" \/>\n<link rel=\"canonical\" href=\"https:\/\/dev.borgarbyggd.is\/grunnborg\/hagnytt\/forfoll-og-leyfi\/\" \/>\n<meta property=\"og:locale\" content=\"en_US\" \/>\n<meta property=\"og:type\" content=\"article\" \/>\n<meta property=\"og:title\" content=\"Forf\u00f6ll og leyfi - Grunnsk\u00f3linn \u00ed Borgarnesi\" \/>\n<meta property=\"og:description\" content=\"Skrifstofa sk\u00f3lans er opin fr\u00e1 kl. 7:45 kl. 14:00 alla virka daga. Ritari sk\u00f3lans er Gu\u00f0d\u00eds J\u00f3nsd\u00f3ttir. Foreldrar tilkynna veikindi barna sinna til ritara sk\u00f3lans \u00ed s\u00edma 433 7400, fyrir sk\u00f3labyrjun e\u00f0a skr\u00e1 \u00feau sj\u00e1lf \u00ed Mentor. Ef nemandi \u00fearf a\u00f0 f\u00e1 leyfi skal haft samband vi\u00f0 umsj\u00f3narkennara, en s\u00e9 um lengri t\u00edma a\u00f0 r\u00e6\u00f0a en tvo daga skal s\u00e6kja ... Read More\" \/>\n<meta property=\"og:url\" content=\"https:\/\/dev.borgarbyggd.is\/grunnborg\/hagnytt\/forfoll-og-leyfi\/\" \/>\n<meta property=\"og:site_name\" content=\"Grunnsk\u00f3linn \u00ed Borgarnesi\" \/>\n<meta property=\"article:modified_time\" content=\"2025-01-08T10:21:49+00:00\" \/>\n<meta name=\"twitter:card\" content=\"summary_large_image\" \/>\n<meta name=\"twitter:label1\" content=\"Est. reading time\" \/>\n\t<meta name=\"twitter:data1\" content=\"1 minute\" \/>\n<script type=\"application\/ld+json\" class=\"yoast-schema-graph\">{\"@context\":\"https:\/\/schema.org\",\"@graph\":[{\"@type\":\"WebPage\",\"@id\":\"https:\/\/dev.borgarbyggd.is\/grunnborg\/hagnytt\/forfoll-og-leyfi\/\",\"url\":\"https:\/\/dev.borgarbyggd.is\/grunnborg\/hagnytt\/forfoll-og-leyfi\/\",\"name\":\"Forf\u00f6ll og leyfi - Grunnsk\u00f3linn \u00ed Borgarnesi\",\"isPartOf\":{\"@id\":\"https:\/\/dev.borgarbyggd.is\/grunnborg\/#website\"},\"datePublished\":\"2024-01-15T14:52:41+00:00\",\"dateModified\":\"2025-01-08T10:21:49+00:00\",\"breadcrumb\":{\"@id\":\"https:\/\/dev.borgarbyggd.is\/grunnborg\/hagnytt\/forfoll-og-leyfi\/#breadcrumb\"},\"inLanguage\":\"en-US\",\"potentialAction\":[{\"@type\":\"ReadAction\",\"target\":[\"https:\/\/dev.borgarbyggd.is\/grunnborg\/hagnytt\/forfoll-og-leyfi\/\"]}]},{\"@type\":\"BreadcrumbList\",\"@id\":\"https:\/\/dev.borgarbyggd.is\/grunnborg\/hagnytt\/forfoll-og-leyfi\/#breadcrumb\",\"itemListElement\":[{\"@type\":\"ListItem\",\"position\":1,\"name\":\"Home\",\"item\":\"https:\/\/dev.borgarbyggd.is\/grunnborg\/\"},{\"@type\":\"ListItem\",\"position\":2,\"name\":\"Hagn\u00fdtt\",\"item\":\"https:\/\/dev.borgarbyggd.is\/grunnborg\/hagnytt\/\"},{\"@type\":\"ListItem\",\"position\":3,\"name\":\"Forf\u00f6ll og leyfi\"}]},{\"@type\":\"WebSite\",\"@id\":\"https:\/\/dev.borgarbyggd.is\/grunnborg\/#website\",\"url\":\"https:\/\/dev.borgarbyggd.is\/grunnborg\/\",\"name\":\"Grunnsk\u00f3linn \u00ed Borgarnesi\",\"description\":\"\",\"potentialAction\":[{\"@type\":\"SearchAction\",\"target\":{\"@type\":\"EntryPoint\",\"urlTemplate\":\"https:\/\/dev.borgarbyggd.is\/grunnborg\/?s={search_term_string}\"},\"query-input\":{\"@type\":\"PropertyValueSpecification\",\"valueRequired\":true,\"valueName\":\"search_term_string\"}}],\"inLanguage\":\"en-US\"}]}<\/script>\n<!-- \/ Yoast SEO plugin. -->","yoast_head_json":{"title":"Forf\u00f6ll og leyfi - Grunnsk\u00f3linn \u00ed Borgarnesi","robots":{"index":"index","follow":"follow","max-snippet":"max-snippet:-1","max-image-preview":"max-image-preview:large","max-video-preview":"max-video-preview:-1"},"canonical":"https:\/\/dev.borgarbyggd.is\/grunnborg\/hagnytt\/forfoll-og-leyfi\/","og_locale":"en_US","og_type":"article","og_title":"Forf\u00f6ll og leyfi - Grunnsk\u00f3linn \u00ed Borgarnesi","og_description":"Skrifstofa sk\u00f3lans er opin fr\u00e1 kl. 7:45 kl. 14:00 alla virka daga. Ritari sk\u00f3lans er Gu\u00f0d\u00eds J\u00f3nsd\u00f3ttir. Foreldrar tilkynna veikindi barna sinna til ritara sk\u00f3lans \u00ed s\u00edma 433 7400, fyrir sk\u00f3labyrjun e\u00f0a skr\u00e1 \u00feau sj\u00e1lf \u00ed Mentor. Ef nemandi \u00fearf a\u00f0 f\u00e1 leyfi skal haft samband vi\u00f0 umsj\u00f3narkennara, en s\u00e9 um lengri t\u00edma a\u00f0 r\u00e6\u00f0a en tvo daga skal s\u00e6kja ... Read More","og_url":"https:\/\/dev.borgarbyggd.is\/grunnborg\/hagnytt\/forfoll-og-leyfi\/","og_site_name":"Grunnsk\u00f3linn \u00ed Borgarnesi","article_modified_time":"2025-01-08T10:21:49+00:00","twitter_card":"summary_large_image","twitter_misc":{"Est. reading time":"1 minute"},"schema":{"@context":"https:\/\/schema.org","@graph":[{"@type":"WebPage","@id":"https:\/\/dev.borgarbyggd.is\/grunnborg\/hagnytt\/forfoll-og-leyfi\/","url":"https:\/\/dev.borgarbyggd.is\/grunnborg\/hagnytt\/forfoll-og-leyfi\/","name":"Forf\u00f6ll og leyfi - Grunnsk\u00f3linn \u00ed Borgarnesi","isPartOf":{"@id":"https:\/\/dev.borgarbyggd.is\/grunnborg\/#website"},"datePublished":"2024-01-15T14:52:41+00:00","dateModified":"2025-01-08T10:21:49+00:00","breadcrumb":{"@id":"https:\/\/dev.borgarbyggd.is\/grunnborg\/hagnytt\/forfoll-og-leyfi\/#breadcrumb"},"inLanguage":"en-US","potentialAction":[{"@type":"ReadAction","target":["https:\/\/dev.borgarbyggd.is\/grunnborg\/hagnytt\/forfoll-og-leyfi\/"]}]},{"@type":"BreadcrumbList","@id":"https:\/\/dev.borgarbyggd.is\/grunnborg\/hagnytt\/forfoll-og-leyfi\/#breadcrumb","itemListElement":[{"@type":"ListItem","position":1,"name":"Home","item":"https:\/\/dev.borgarbyggd.is\/grunnborg\/"},{"@type":"ListItem","position":2,"name":"Hagn\u00fdtt","item":"https:\/\/dev.borgarbyggd.is\/grunnborg\/hagnytt\/"},{"@type":"ListItem","position":3,"name":"Forf\u00f6ll og leyfi"}]},{"@type":"WebSite","@id":"https:\/\/dev.borgarbyggd.is\/grunnborg\/#website","url":"https:\/\/dev.borgarbyggd.is\/grunnborg\/","name":"Grunnsk\u00f3linn \u00ed Borgarnesi","description":"","potentialAction":[{"@type":"SearchAction","target":{"@type":"EntryPoint","urlTemplate":"https:\/\/dev.borgarbyggd.is\/grunnborg\/?s={search_term_string}"},"query-input":{"@type":"PropertyValueSpecification","valueRequired":true,"valueName":"search_term_string"}}],"inLanguage":"en-US"}]}},"_links":{"self":[{"href":"https:\/\/dev.borgarbyggd.is\/grunnborg\/wp-json\/wp\/v2\/pages\/896","targetHints":{"allow":["GET"]}}],"collection":[{"href":"https:\/\/dev.borgarbyggd.is\/grunnborg\/wp-json\/wp\/v2\/pages"}],"about":[{"href":"https:\/\/dev.borgarbyggd.is\/grunnborg\/wp-json\/wp\/v2\/types\/page"}],"author":[{"embeddable":true,"href":"https:\/\/dev.borgarbyggd.is\/grunnborg\/wp-json\/wp\/v2\/users\/27"}],"replies":[{"embeddable":true,"href":"https:\/\/dev.borgarbyggd.is\/grunnborg\/wp-json\/wp\/v2\/comments?post=896"}],"version-history":[{"count":0,"href":"https:\/\/dev.borgarbyggd.is\/grunnborg\/wp-json\/wp\/v2\/pages\/896\/revisions"}],"up":[{"embeddable":true,"href":"https:\/\/dev.borgarbyggd.is\/grunnborg\/wp-json\/wp\/v2\/pages\/49"}],"wp:attachment":[{"href":"https:\/\/dev.borgarbyggd.is\/grunnborg\/wp-json\/wp\/v2\/media?parent=896"}],"curies":[{"name":"wp","href":"https:\/\/api.w.org\/{rel}","templated":true}]}}