{"id":341,"date":"2023-10-05T09:48:27","date_gmt":"2023-10-05T09:48:27","guid":{"rendered":"https:\/\/dev.borgarbyggd.is\/grunnborg\/?page_id=341"},"modified":"2025-11-03T11:58:40","modified_gmt":"2025-11-03T11:58:40","slug":"stjorn-nemendafelags-grunnskolans-i-borgarnesi-fyrir-skolaarid-2023-2024","status":"publish","type":"page","link":"https:\/\/dev.borgarbyggd.is\/grunnborg\/nemendur-og-foreldrar\/stjorn-nemendafelags-grunnskolans-i-borgarnesi-fyrir-skolaarid-2023-2024\/","title":{"rendered":"Stj\u00f3rn nemendaf\u00e9lags Grunnsk\u00f3lans \u00ed Borgarnesi fyrir  sk\u00f3la\u00e1ri\u00f0 2025\u2013 2026"},"content":{"rendered":"<p><span data-contrast=\"auto\">Kristn\u00fd Halla Bragad\u00f3ttir,\u00a0 forma\u00f0ur\u00a0\u00a0 <\/span><span data-ccp-props=\"{&quot;134233117&quot;:true,&quot;134233118&quot;:true,&quot;201341983&quot;:0,&quot;335559740&quot;:240}\">\u00a0<\/span><\/p>\n<p><span data-contrast=\"auto\">H\u00f6r\u00f0ur Einarsson, varaforma\u00f0ur<\/span><span data-ccp-props=\"{&quot;134233117&quot;:true,&quot;134233118&quot;:true,&quot;201341983&quot;:0,&quot;335559740&quot;:240}\">\u00a0<\/span><\/p>\n<p><span data-contrast=\"auto\">Kar\u00edn \u00d3sk \u00cdvarsd\u00f3ttir, gjaldkeri, <\/span><span data-ccp-props=\"{&quot;134233117&quot;:true,&quot;134233118&quot;:true,&quot;201341983&quot;:0,&quot;335559740&quot;:240}\">\u00a0<\/span><\/p>\n<p><span data-contrast=\"auto\">\u00deorkell Bergmann Halld\u00f3rsson, ritari,<\/span><span data-ccp-props=\"{&quot;134233117&quot;:true,&quot;134233118&quot;:true,&quot;201341983&quot;:0,&quot;335559740&quot;:240}\">\u00a0<\/span><\/p>\n<p><span data-contrast=\"auto\">Rakel Mar\u00eda P\u00e1lmad\u00f3ttir, me\u00f0stj\u00f3rnandi<\/span><span data-ccp-props=\"{&quot;134233117&quot;:true,&quot;134233118&quot;:true,&quot;201341983&quot;:0,&quot;335559740&quot;:240}\">\u00a0<\/span><\/p>\n<p><span data-contrast=\"auto\">Svand\u00eds Svava Halld\u00f3rsd\u00f3ttir,\u00a0 me\u00f0stj\u00f3rnandi\u00a0 <\/span><span data-ccp-props=\"{&quot;134233117&quot;:true,&quot;134233118&quot;:true,&quot;201341983&quot;:0,&quot;335559740&quot;:240}\">\u00a0<\/span><\/p>\n<p><span data-ccp-props=\"{&quot;134233117&quot;:true,&quot;134233118&quot;:true,&quot;201341983&quot;:0,&quot;335559740&quot;:240}\">\u00a0<\/span><\/p>\n<p><span data-contrast=\"auto\">T\u00e6knistj\u00f3ri, Edward Ingi Scott<\/span><\/p>\n<p><span data-contrast=\"auto\">A\u00f0sto\u00f0ar t\u00e6knistj\u00f3rar, Bj\u00f6rn \u00ddmir Krist\u00f3fersson og Gu\u00f0j\u00f3n Gu\u00f0mundsson<\/span><\/p>\n<p><span data-ccp-props=\"{&quot;134233117&quot;:true,&quot;134233118&quot;:true,&quot;201341983&quot;:0,&quot;335559740&quot;:240}\">\u00a0<\/span><\/p>\n<p><span data-contrast=\"auto\">Tilgangur f\u00e9lagsins er a\u00f0 efla f\u00e9lagslegan \u00e1huga nemenda, stu\u00f0la a\u00f0 f\u00e9lagsstarfi \u00ed sk\u00f3lanum og standa v\u00f6r\u00f0 um hagsmuni og velfer\u00f0 allra nemenda sk\u00f3lans.<\/span><span data-ccp-props=\"{&quot;201341983&quot;:0,&quot;335559739&quot;:160,&quot;335559740&quot;:259}\">\u00a0<\/span><\/p>\n<p><span data-contrast=\"auto\">Nemendar\u00e1\u00f0 fundar a\u00f0 jafna\u00f0i einu sinni \u00ed viku me\u00f0 deildarstj\u00f3ra unglingastigs og\/e\u00f0a stu\u00f0ningsfulltr\u00faa, s\u00e9r um a\u00f0 skipuleggja \u00fea\u00f0 starf sem fellur beint undir sk\u00f3lann. Starfst\u00edmi Nemendar\u00e1\u00f0s er fr\u00e1 hausti fram a\u00f0 sk\u00f3laslitum a\u00f0 vori.<\/span><span data-ccp-props=\"{&quot;201341983&quot;:0,&quot;335559739&quot;:160,&quot;335559740&quot;:259}\">\u00a0<\/span><\/p>\n<p><span data-contrast=\"auto\">Nemendar\u00e1\u00f0 skal vera r\u00e1\u00f0gjafi sk\u00f3lastj\u00f3rnenda um \u00fdmis m\u00e1lefni nemenda, t.d. f\u00e9lagsm\u00e1l, t\u00f3mstundir og starfsa\u00f0st\u00f6\u00f0u. Skipuleggur \u00ed samstarfi vi\u00f0 sk\u00f3lastj\u00f3rnendur, f\u00e9lagsst\u00f6rf nemenda og s\u00e9r um framkv\u00e6md \u00feeirra.<\/span><\/p>\n<p>&nbsp;<\/p>\n<p><span style=\"color: #0000ff\"><a style=\"color: #0000ff\" href=\"https:\/\/dev.borgarbyggd.is\/grunnborg\/wp-content\/uploads\/sites\/2\/2024\/04\/Log-Nemendafelags-Grunnskolans-i-Borgarnesi.pdf\">L\u00f6g Nemendaf\u00e9lags Grunnsk\u00f3lans \u00ed Borgarnesi\/starfsreglur nemendar\u00e1\u00f0s<\/a><\/span><\/p>\n","protected":false},"excerpt":{"rendered":"<p>Kristn\u00fd Halla Bragad\u00f3ttir,\u00a0 forma\u00f0ur\u00a0\u00a0 \u00a0 H\u00f6r\u00f0ur Einarsson, varaforma\u00f0ur\u00a0 Kar\u00edn \u00d3sk \u00cdvarsd\u00f3ttir, gjaldkeri, \u00a0 \u00deorkell Bergmann Halld\u00f3rsson, ritari,\u00a0 Rakel Mar\u00eda P\u00e1lmad\u00f3ttir, me\u00f0stj\u00f3rnandi\u00a0 Svand\u00eds Svava Halld\u00f3rsd\u00f3ttir,\u00a0 me\u00f0stj\u00f3rnandi\u00a0 \u00a0 \u00a0 T\u00e6knistj\u00f3ri, Edward Ingi Scott A\u00f0sto\u00f0ar t\u00e6knistj\u00f3rar, Bj\u00f6rn \u00ddmir Krist\u00f3fersson og Gu\u00f0j\u00f3n Gu\u00f0mundsson \u00a0 Tilgangur f\u00e9lagsins er a\u00f0 efla f\u00e9lagslegan \u00e1huga nemenda, stu\u00f0la a\u00f0 f\u00e9lagsstarfi \u00ed sk\u00f3lanum og standa v\u00f6r\u00f0 um hagsmuni og velfer\u00f0 &#8230; <\/p>\n<div><a href=\"https:\/\/dev.borgarbyggd.is\/grunnborg\/nemendur-og-foreldrar\/stjorn-nemendafelags-grunnskolans-i-borgarnesi-fyrir-skolaarid-2023-2024\/\" class=\"more-link\">Read More<\/a><\/div>\n","protected":false},"author":4,"featured_media":0,"parent":51,"menu_order":0,"comment_status":"closed","ping_status":"closed","template":"","meta":{"_acf_changed":false,"footnotes":""},"class_list":["post-341","page","type-page","status-publish","hentry","no-post-thumbnail"],"acf":{"quickaccess":false},"yoast_head":"<!-- This site is optimized with the Yoast SEO plugin v24.0 - https:\/\/yoast.com\/wordpress\/plugins\/seo\/ -->\n<title>Stj\u00f3rn nemendaf\u00e9lags Grunnsk\u00f3lans \u00ed Borgarnesi fyrir sk\u00f3la\u00e1ri\u00f0 2025\u2013 2026 - Grunnsk\u00f3linn \u00ed Borgarnesi<\/title>\n<meta name=\"robots\" content=\"index, follow, max-snippet:-1, max-image-preview:large, max-video-preview:-1\" \/>\n<link rel=\"canonical\" href=\"https:\/\/dev.borgarbyggd.is\/grunnborg\/nemendur-og-foreldrar\/stjorn-nemendafelags-grunnskolans-i-borgarnesi-fyrir-skolaarid-2023-2024\/\" \/>\n<meta property=\"og:locale\" content=\"en_US\" \/>\n<meta property=\"og:type\" content=\"article\" \/>\n<meta property=\"og:title\" content=\"Stj\u00f3rn nemendaf\u00e9lags Grunnsk\u00f3lans \u00ed Borgarnesi fyrir sk\u00f3la\u00e1ri\u00f0 2025\u2013 2026 - Grunnsk\u00f3linn \u00ed Borgarnesi\" \/>\n<meta property=\"og:description\" content=\"Kristn\u00fd Halla Bragad\u00f3ttir,\u00a0 forma\u00f0ur\u00a0\u00a0 \u00a0 H\u00f6r\u00f0ur Einarsson, varaforma\u00f0ur\u00a0 Kar\u00edn \u00d3sk \u00cdvarsd\u00f3ttir, gjaldkeri, \u00a0 \u00deorkell Bergmann Halld\u00f3rsson, ritari,\u00a0 Rakel Mar\u00eda P\u00e1lmad\u00f3ttir, me\u00f0stj\u00f3rnandi\u00a0 Svand\u00eds Svava Halld\u00f3rsd\u00f3ttir,\u00a0 me\u00f0stj\u00f3rnandi\u00a0 \u00a0 \u00a0 T\u00e6knistj\u00f3ri, Edward Ingi Scott A\u00f0sto\u00f0ar t\u00e6knistj\u00f3rar, Bj\u00f6rn \u00ddmir Krist\u00f3fersson og Gu\u00f0j\u00f3n Gu\u00f0mundsson \u00a0 Tilgangur f\u00e9lagsins er a\u00f0 efla f\u00e9lagslegan \u00e1huga nemenda, stu\u00f0la a\u00f0 f\u00e9lagsstarfi \u00ed sk\u00f3lanum og standa v\u00f6r\u00f0 um hagsmuni og velfer\u00f0 ... Read More\" \/>\n<meta property=\"og:url\" content=\"https:\/\/dev.borgarbyggd.is\/grunnborg\/nemendur-og-foreldrar\/stjorn-nemendafelags-grunnskolans-i-borgarnesi-fyrir-skolaarid-2023-2024\/\" \/>\n<meta property=\"og:site_name\" content=\"Grunnsk\u00f3linn \u00ed Borgarnesi\" \/>\n<meta property=\"article:modified_time\" content=\"2025-11-03T11:58:40+00:00\" \/>\n<meta name=\"twitter:card\" content=\"summary_large_image\" \/>\n<meta name=\"twitter:label1\" content=\"Est. reading time\" \/>\n\t<meta name=\"twitter:data1\" content=\"1 minute\" \/>\n<script type=\"application\/ld+json\" class=\"yoast-schema-graph\">{\"@context\":\"https:\/\/schema.org\",\"@graph\":[{\"@type\":\"WebPage\",\"@id\":\"https:\/\/dev.borgarbyggd.is\/grunnborg\/nemendur-og-foreldrar\/stjorn-nemendafelags-grunnskolans-i-borgarnesi-fyrir-skolaarid-2023-2024\/\",\"url\":\"https:\/\/dev.borgarbyggd.is\/grunnborg\/nemendur-og-foreldrar\/stjorn-nemendafelags-grunnskolans-i-borgarnesi-fyrir-skolaarid-2023-2024\/\",\"name\":\"Stj\u00f3rn nemendaf\u00e9lags Grunnsk\u00f3lans \u00ed Borgarnesi fyrir sk\u00f3la\u00e1ri\u00f0 2025\u2013 2026 - Grunnsk\u00f3linn \u00ed Borgarnesi\",\"isPartOf\":{\"@id\":\"https:\/\/dev.borgarbyggd.is\/grunnborg\/#website\"},\"datePublished\":\"2023-10-05T09:48:27+00:00\",\"dateModified\":\"2025-11-03T11:58:40+00:00\",\"breadcrumb\":{\"@id\":\"https:\/\/dev.borgarbyggd.is\/grunnborg\/nemendur-og-foreldrar\/stjorn-nemendafelags-grunnskolans-i-borgarnesi-fyrir-skolaarid-2023-2024\/#breadcrumb\"},\"inLanguage\":\"en-US\",\"potentialAction\":[{\"@type\":\"ReadAction\",\"target\":[\"https:\/\/dev.borgarbyggd.is\/grunnborg\/nemendur-og-foreldrar\/stjorn-nemendafelags-grunnskolans-i-borgarnesi-fyrir-skolaarid-2023-2024\/\"]}]},{\"@type\":\"BreadcrumbList\",\"@id\":\"https:\/\/dev.borgarbyggd.is\/grunnborg\/nemendur-og-foreldrar\/stjorn-nemendafelags-grunnskolans-i-borgarnesi-fyrir-skolaarid-2023-2024\/#breadcrumb\",\"itemListElement\":[{\"@type\":\"ListItem\",\"position\":1,\"name\":\"Home\",\"item\":\"https:\/\/dev.borgarbyggd.is\/grunnborg\/\"},{\"@type\":\"ListItem\",\"position\":2,\"name\":\"Nemendur og foreldrar\",\"item\":\"https:\/\/dev.borgarbyggd.is\/grunnborg\/nemendur-og-foreldrar\/\"},{\"@type\":\"ListItem\",\"position\":3,\"name\":\"Stj\u00f3rn nemendaf\u00e9lags Grunnsk\u00f3lans \u00ed Borgarnesi fyrir sk\u00f3la\u00e1ri\u00f0 2025\u2013 2026\"}]},{\"@type\":\"WebSite\",\"@id\":\"https:\/\/dev.borgarbyggd.is\/grunnborg\/#website\",\"url\":\"https:\/\/dev.borgarbyggd.is\/grunnborg\/\",\"name\":\"Grunnsk\u00f3linn \u00ed Borgarnesi\",\"description\":\"\",\"potentialAction\":[{\"@type\":\"SearchAction\",\"target\":{\"@type\":\"EntryPoint\",\"urlTemplate\":\"https:\/\/dev.borgarbyggd.is\/grunnborg\/?s={search_term_string}\"},\"query-input\":{\"@type\":\"PropertyValueSpecification\",\"valueRequired\":true,\"valueName\":\"search_term_string\"}}],\"inLanguage\":\"en-US\"}]}<\/script>\n<!-- \/ Yoast SEO plugin. -->","yoast_head_json":{"title":"Stj\u00f3rn nemendaf\u00e9lags Grunnsk\u00f3lans \u00ed Borgarnesi fyrir sk\u00f3la\u00e1ri\u00f0 2025\u2013 2026 - Grunnsk\u00f3linn \u00ed Borgarnesi","robots":{"index":"index","follow":"follow","max-snippet":"max-snippet:-1","max-image-preview":"max-image-preview:large","max-video-preview":"max-video-preview:-1"},"canonical":"https:\/\/dev.borgarbyggd.is\/grunnborg\/nemendur-og-foreldrar\/stjorn-nemendafelags-grunnskolans-i-borgarnesi-fyrir-skolaarid-2023-2024\/","og_locale":"en_US","og_type":"article","og_title":"Stj\u00f3rn nemendaf\u00e9lags Grunnsk\u00f3lans \u00ed Borgarnesi fyrir sk\u00f3la\u00e1ri\u00f0 2025\u2013 2026 - Grunnsk\u00f3linn \u00ed Borgarnesi","og_description":"Kristn\u00fd Halla Bragad\u00f3ttir,\u00a0 forma\u00f0ur\u00a0\u00a0 \u00a0 H\u00f6r\u00f0ur Einarsson, varaforma\u00f0ur\u00a0 Kar\u00edn \u00d3sk \u00cdvarsd\u00f3ttir, gjaldkeri, \u00a0 \u00deorkell Bergmann Halld\u00f3rsson, ritari,\u00a0 Rakel Mar\u00eda P\u00e1lmad\u00f3ttir, me\u00f0stj\u00f3rnandi\u00a0 Svand\u00eds Svava Halld\u00f3rsd\u00f3ttir,\u00a0 me\u00f0stj\u00f3rnandi\u00a0 \u00a0 \u00a0 T\u00e6knistj\u00f3ri, Edward Ingi Scott A\u00f0sto\u00f0ar t\u00e6knistj\u00f3rar, Bj\u00f6rn \u00ddmir Krist\u00f3fersson og Gu\u00f0j\u00f3n Gu\u00f0mundsson \u00a0 Tilgangur f\u00e9lagsins er a\u00f0 efla f\u00e9lagslegan \u00e1huga nemenda, stu\u00f0la a\u00f0 f\u00e9lagsstarfi \u00ed sk\u00f3lanum og standa v\u00f6r\u00f0 um hagsmuni og velfer\u00f0 ... Read More","og_url":"https:\/\/dev.borgarbyggd.is\/grunnborg\/nemendur-og-foreldrar\/stjorn-nemendafelags-grunnskolans-i-borgarnesi-fyrir-skolaarid-2023-2024\/","og_site_name":"Grunnsk\u00f3linn \u00ed Borgarnesi","article_modified_time":"2025-11-03T11:58:40+00:00","twitter_card":"summary_large_image","twitter_misc":{"Est. reading time":"1 minute"},"schema":{"@context":"https:\/\/schema.org","@graph":[{"@type":"WebPage","@id":"https:\/\/dev.borgarbyggd.is\/grunnborg\/nemendur-og-foreldrar\/stjorn-nemendafelags-grunnskolans-i-borgarnesi-fyrir-skolaarid-2023-2024\/","url":"https:\/\/dev.borgarbyggd.is\/grunnborg\/nemendur-og-foreldrar\/stjorn-nemendafelags-grunnskolans-i-borgarnesi-fyrir-skolaarid-2023-2024\/","name":"Stj\u00f3rn nemendaf\u00e9lags Grunnsk\u00f3lans \u00ed Borgarnesi fyrir sk\u00f3la\u00e1ri\u00f0 2025\u2013 2026 - Grunnsk\u00f3linn \u00ed Borgarnesi","isPartOf":{"@id":"https:\/\/dev.borgarbyggd.is\/grunnborg\/#website"},"datePublished":"2023-10-05T09:48:27+00:00","dateModified":"2025-11-03T11:58:40+00:00","breadcrumb":{"@id":"https:\/\/dev.borgarbyggd.is\/grunnborg\/nemendur-og-foreldrar\/stjorn-nemendafelags-grunnskolans-i-borgarnesi-fyrir-skolaarid-2023-2024\/#breadcrumb"},"inLanguage":"en-US","potentialAction":[{"@type":"ReadAction","target":["https:\/\/dev.borgarbyggd.is\/grunnborg\/nemendur-og-foreldrar\/stjorn-nemendafelags-grunnskolans-i-borgarnesi-fyrir-skolaarid-2023-2024\/"]}]},{"@type":"BreadcrumbList","@id":"https:\/\/dev.borgarbyggd.is\/grunnborg\/nemendur-og-foreldrar\/stjorn-nemendafelags-grunnskolans-i-borgarnesi-fyrir-skolaarid-2023-2024\/#breadcrumb","itemListElement":[{"@type":"ListItem","position":1,"name":"Home","item":"https:\/\/dev.borgarbyggd.is\/grunnborg\/"},{"@type":"ListItem","position":2,"name":"Nemendur og foreldrar","item":"https:\/\/dev.borgarbyggd.is\/grunnborg\/nemendur-og-foreldrar\/"},{"@type":"ListItem","position":3,"name":"Stj\u00f3rn nemendaf\u00e9lags Grunnsk\u00f3lans \u00ed Borgarnesi fyrir sk\u00f3la\u00e1ri\u00f0 2025\u2013 2026"}]},{"@type":"WebSite","@id":"https:\/\/dev.borgarbyggd.is\/grunnborg\/#website","url":"https:\/\/dev.borgarbyggd.is\/grunnborg\/","name":"Grunnsk\u00f3linn \u00ed Borgarnesi","description":"","potentialAction":[{"@type":"SearchAction","target":{"@type":"EntryPoint","urlTemplate":"https:\/\/dev.borgarbyggd.is\/grunnborg\/?s={search_term_string}"},"query-input":{"@type":"PropertyValueSpecification","valueRequired":true,"valueName":"search_term_string"}}],"inLanguage":"en-US"}]}},"_links":{"self":[{"href":"https:\/\/dev.borgarbyggd.is\/grunnborg\/wp-json\/wp\/v2\/pages\/341","targetHints":{"allow":["GET"]}}],"collection":[{"href":"https:\/\/dev.borgarbyggd.is\/grunnborg\/wp-json\/wp\/v2\/pages"}],"about":[{"href":"https:\/\/dev.borgarbyggd.is\/grunnborg\/wp-json\/wp\/v2\/types\/page"}],"author":[{"embeddable":true,"href":"https:\/\/dev.borgarbyggd.is\/grunnborg\/wp-json\/wp\/v2\/users\/4"}],"replies":[{"embeddable":true,"href":"https:\/\/dev.borgarbyggd.is\/grunnborg\/wp-json\/wp\/v2\/comments?post=341"}],"version-history":[{"count":0,"href":"https:\/\/dev.borgarbyggd.is\/grunnborg\/wp-json\/wp\/v2\/pages\/341\/revisions"}],"up":[{"embeddable":true,"href":"https:\/\/dev.borgarbyggd.is\/grunnborg\/wp-json\/wp\/v2\/pages\/51"}],"wp:attachment":[{"href":"https:\/\/dev.borgarbyggd.is\/grunnborg\/wp-json\/wp\/v2\/media?parent=341"}],"curies":[{"name":"wp","href":"https:\/\/api.w.org\/{rel}","templated":true}]}}