{"id":339,"date":"2023-10-05T09:47:39","date_gmt":"2023-10-05T09:47:39","guid":{"rendered":"https:\/\/dev.borgarbyggd.is\/grunnborg\/?page_id=339"},"modified":"2023-10-05T09:47:39","modified_gmt":"2023-10-05T09:47:39","slug":"log-nemendafelags-grunnskolans-i-borgarnesi-starfsreglur-nemendarads","status":"publish","type":"page","link":"https:\/\/dev.borgarbyggd.is\/grunnborg\/nemendur-og-foreldrar\/log-nemendafelags-grunnskolans-i-borgarnesi-starfsreglur-nemendarads\/","title":{"rendered":"L\u00f6g Nemendaf\u00e9lags Grunnsk\u00f3lans \u00ed Borgarnesi\/starfsreglur nemendar\u00e1\u00f0s"},"content":{"rendered":"<p><b><span data-contrast=\"none\">L\u00f6g Nemendaf\u00e9lags Grunnsk\u00f3lans \u00ed Borgarnesi\/ starfsreglur nemendar\u00e1\u00f0s<\/span><\/b><span data-ccp-props=\"{&quot;201341983&quot;:0,&quot;335559739&quot;:315,&quot;335559740&quot;:240}\">\u00a0<\/span><\/p>\n<p><span data-contrast=\"none\">F\u00e9lagi\u00f0 hefur \u00e1kve\u00f0i\u00f0 hlutverk og gegnir vissum skyldum og hefur stj\u00f3rn f\u00e9lagsins sett s\u00e9r eftirfarandi starfsreglur \u00ed samr\u00e6mi vi\u00f0 L\u00f6g um nemendaf\u00e9l\u00f6g vi\u00f0 grunnsk\u00f3la nr. 91\/2008, 9.gr.<\/span><span data-ccp-props=\"{&quot;201341983&quot;:0,&quot;335559739&quot;:315,&quot;335559740&quot;:240}\">\u00a0<\/span><\/p>\n<p><b><span data-contrast=\"none\">Gr. 1<\/span><\/b><br \/>\n<i><span data-contrast=\"none\">Um f\u00e9lagi\u00f0<\/span><\/i><span data-ccp-props=\"{&quot;201341983&quot;:0,&quot;335559739&quot;:315,&quot;335559740&quot;:240}\">\u00a0<\/span><\/p>\n<p><span data-contrast=\"none\">F\u00e9lagi heitir Nemendaf\u00e9lag Grunnsk\u00f3lans \u00ed Borgarnesi (NFGB) \u202fog er f\u00e9lag nemenda \u00ed 8. \u2013 10. bekk \u00ed Grunnsk\u00f3lanum \u00ed Borgarnesi.<\/span><span data-ccp-props=\"{&quot;201341983&quot;:0,&quot;335559739&quot;:315,&quot;335559740&quot;:240}\">\u00a0<\/span><\/p>\n<p><b><span data-contrast=\"none\">Gr. 2<\/span><\/b><br \/>\n<i><span data-contrast=\"none\">Tilgangur og markmi\u00f0<\/span><\/i><span data-ccp-props=\"{&quot;201341983&quot;:0,&quot;335559739&quot;:315,&quot;335559740&quot;:240}\">\u00a0<\/span><\/p>\n<p><span data-contrast=\"none\">Tilgangur f\u00e9lagsins er a\u00f0 efla f\u00e9lagslegan \u00e1huga nemenda, stu\u00f0la a\u00f0 f\u00e9lagsstarfi \u00ed sk\u00f3lanum og standa v\u00f6r\u00f0 um hagsmuni og velfer\u00f0 allra nemenda sk\u00f3lans.<\/span><span data-ccp-props=\"{&quot;201341983&quot;:0,&quot;335559739&quot;:315,&quot;335559740&quot;:240}\">\u00a0<\/span><\/p>\n<p><b><span data-contrast=\"none\">Gr. 3<\/span><\/b><br \/>\n<i><span data-contrast=\"none\">Kosning nemendar\u00e1\u00f0s<\/span><\/i><span data-ccp-props=\"{&quot;201341983&quot;:0,&quot;335559739&quot;:315,&quot;335559740&quot;:240}\">\u00a0<\/span><\/p>\n<p><span data-contrast=\"none\">Kj\u00f3sa skal fulltr\u00faa \u00ed stj\u00f3rn nemendaf\u00e9lagsins (stj\u00f3rnin er h\u00e9r eftir nefnd nemendar\u00e1\u00f0) \u00ed lok hvers sk\u00f3la\u00e1rs og gegnir s\u00fa stj\u00f3rn st\u00f6rfum \u00e1 komandi sk\u00f3la\u00e1ri.\u202f Kj\u00f6rgengir eru nemendur 7. \u2013 9. bekk yfirstandandi sk\u00f3la\u00e1rs.<\/span><span data-ccp-props=\"{&quot;201341983&quot;:0,&quot;335559739&quot;:315,&quot;335559740&quot;:240}\">\u00a0<\/span><\/p>\n<p><i><span data-contrast=\"none\">Kj\u00f3sa skal beinni kosningu:<\/span><\/i><span data-ccp-props=\"{&quot;201341983&quot;:0,&quot;335559739&quot;:315,&quot;335559740&quot;:240}\">\u00a0<\/span><\/p>\n<ul>\n<li data-leveltext=\"\uf0b7\" data-font=\"Symbol\" data-listid=\"7\" data-list-defn-props=\"{&quot;335552541&quot;:1,&quot;335559684&quot;:-2,&quot;335559685&quot;:720,&quot;335559991&quot;:360,&quot;469769226&quot;:&quot;Symbol&quot;,&quot;469769242&quot;:[8226],&quot;469777803&quot;:&quot;left&quot;,&quot;469777804&quot;:&quot;\uf0b7&quot;,&quot;469777815&quot;:&quot;multilevel&quot;}\" data-aria-posinset=\"1\" data-aria-level=\"1\"><span data-contrast=\"none\">formann og gjaldkera NFGB sem koma \u00far r\u00f6\u00f0um 9. bekkinga (ver\u00f0andi 10. bekkinga).<\/span><span data-ccp-props=\"{&quot;134233117&quot;:true,&quot;134233118&quot;:true,&quot;201341983&quot;:0,&quot;335559685&quot;:397,&quot;335559739&quot;:160,&quot;335559740&quot;:240}\">\u00a0<\/span><\/li>\n<li data-leveltext=\"\uf0b7\" data-font=\"Symbol\" data-listid=\"7\" data-list-defn-props=\"{&quot;335552541&quot;:1,&quot;335559684&quot;:-2,&quot;335559685&quot;:720,&quot;335559991&quot;:360,&quot;469769226&quot;:&quot;Symbol&quot;,&quot;469769242&quot;:[8226],&quot;469777803&quot;:&quot;left&quot;,&quot;469777804&quot;:&quot;\uf0b7&quot;,&quot;469777815&quot;:&quot;multilevel&quot;}\" data-aria-posinset=\"2\" data-aria-level=\"1\"><span data-contrast=\"none\">varaformann sem kemur \u00far 8.bekk (ver\u00f0andi 9.bekk).<\/span><span data-ccp-props=\"{&quot;134233117&quot;:true,&quot;134233118&quot;:true,&quot;201341983&quot;:0,&quot;335559685&quot;:397,&quot;335559739&quot;:160,&quot;335559740&quot;:240}\">\u00a0<\/span><\/li>\n<li data-leveltext=\"\uf0b7\" data-font=\"Symbol\" data-listid=\"7\" data-list-defn-props=\"{&quot;335552541&quot;:1,&quot;335559684&quot;:-2,&quot;335559685&quot;:720,&quot;335559991&quot;:360,&quot;469769226&quot;:&quot;Symbol&quot;,&quot;469769242&quot;:[8226],&quot;469777803&quot;:&quot;left&quot;,&quot;469777804&quot;:&quot;\uf0b7&quot;,&quot;469777815&quot;:&quot;multilevel&quot;}\" data-aria-posinset=\"3\" data-aria-level=\"1\"><span data-contrast=\"none\">ritara \u00far r\u00f6\u00f0um 8. bekkinga (ver\u00f0andi 9.bekkinga).<\/span><span data-ccp-props=\"{&quot;134233117&quot;:true,&quot;134233118&quot;:true,&quot;201341983&quot;:0,&quot;335559685&quot;:397,&quot;335559739&quot;:160,&quot;335559740&quot;:240}\">\u00a0<\/span><\/li>\n<li data-leveltext=\"\uf0b7\" data-font=\"Symbol\" data-listid=\"7\" data-list-defn-props=\"{&quot;335552541&quot;:1,&quot;335559684&quot;:-2,&quot;335559685&quot;:720,&quot;335559991&quot;:360,&quot;469769226&quot;:&quot;Symbol&quot;,&quot;469769242&quot;:[8226],&quot;469777803&quot;:&quot;left&quot;,&quot;469777804&quot;:&quot;\uf0b7&quot;,&quot;469777815&quot;:&quot;multilevel&quot;}\" data-aria-posinset=\"4\" data-aria-level=\"1\"><span data-contrast=\"none\">2 me\u00f0stj\u00f3rnendur sem koma \u00far 7.bekk (ver\u00f0andi 8.bekk).<\/span><span data-ccp-props=\"{&quot;134233117&quot;:true,&quot;134233118&quot;:true,&quot;201341983&quot;:0,&quot;335559685&quot;:397,&quot;335559739&quot;:160,&quot;335559740&quot;:240}\">\u00a0<\/span><\/li>\n<\/ul>\n<p><span data-contrast=\"none\">T\u00e6knistj\u00f3ri og a\u00f0sto\u00f0art\u00e6knistj\u00f3ri starfa me\u00f0 stj\u00f3rn. Stj\u00f3rnin skipar \u00ed \u00feau emb\u00e6tti<\/span><span data-ccp-props=\"{&quot;201341983&quot;:0,&quot;335559739&quot;:315,&quot;335559740&quot;:240}\">\u00a0<\/span><\/p>\n<p><span data-contrast=\"none\">Fr\u00e1farandi stj\u00f3rn og deildarstj\u00f3ri hafa umsj\u00f3n me\u00f0 framkv\u00e6md kosninga og talningu atkv\u00e6\u00f0a.\u202f \u00darslit skulu tilkynnt \u00e1 sk\u00f3laslitum a\u00f0 vori.<\/span><span data-ccp-props=\"{&quot;201341983&quot;:0,&quot;335559739&quot;:315,&quot;335559740&quot;:240}\">\u00a0<\/span><\/p>\n<p><b><span data-contrast=\"none\">\u202fGr. 4<\/span><\/b><br \/>\n<i><span data-contrast=\"none\">Verkaskipting nemendar\u00e1\u00f0s<\/span><\/i><span data-ccp-props=\"{&quot;201341983&quot;:0,&quot;335559739&quot;:315,&quot;335559740&quot;:240}\">\u00a0<\/span><\/p>\n<p><span data-contrast=\"none\">Nemendar\u00e1\u00f0 skiptir me\u00f0 s\u00e9r verkum me\u00f0 eftirfarandi h\u00e6tti.<\/span><span data-ccp-props=\"{&quot;201341983&quot;:0,&quot;335559739&quot;:315,&quot;335559740&quot;:240}\">\u00a0<\/span><\/p>\n<ul>\n<li data-leveltext=\"\uf0b7\" data-font=\"Symbol\" data-listid=\"8\" data-list-defn-props=\"{&quot;335552541&quot;:1,&quot;335559684&quot;:-2,&quot;335559685&quot;:720,&quot;335559991&quot;:360,&quot;469769226&quot;:&quot;Symbol&quot;,&quot;469769242&quot;:[8226],&quot;469777803&quot;:&quot;left&quot;,&quot;469777804&quot;:&quot;\uf0b7&quot;,&quot;469777815&quot;:&quot;multilevel&quot;}\" data-aria-posinset=\"1\" data-aria-level=\"1\"><b><span data-contrast=\"none\">Forma\u00f0ur\u202f<\/span><\/b><span data-contrast=\"none\">stj\u00f3rnar fundi og er talsma\u00f0ur nemendaf\u00e9lags \u00fat \u00e1 vi\u00f0. St\u00fdrir starfi h\u00f3psins og er \u00e1byrgur fyrir \u00fev\u00ed a\u00f0 skipuleggja dagskr\u00e1.\u202f Forma\u00f0ur ver\u00f0ur a\u00f0 s\u00fdna starfi s\u00ednu \u00e1huga og hafa stj\u00f3rnunarh\u00e6fileika. Hann \u00fearf a\u00f0 vera \u00ed g\u00f3\u00f0u sambandi vi\u00f0 sk\u00f3layfirv\u00f6ld, kennara, starfsf\u00f3lk og samnemendur. Hann \u00fearf a\u00f0 hafa gott lag \u00e1 a\u00f0 skipta verkum \u00e1 milli manna og virkja sem flesta nemendur til \u00fe\u00e1ttt\u00f6ku \u00ed f\u00e9lagsstarfi.<\/span><span data-ccp-props=\"{&quot;134233117&quot;:true,&quot;134233118&quot;:true,&quot;201341983&quot;:0,&quot;335559685&quot;:397,&quot;335559739&quot;:160,&quot;335559740&quot;:240}\">\u00a0<\/span><\/li>\n<li data-leveltext=\"\uf0b7\" data-font=\"Symbol\" data-listid=\"8\" data-list-defn-props=\"{&quot;335552541&quot;:1,&quot;335559684&quot;:-2,&quot;335559685&quot;:720,&quot;335559991&quot;:360,&quot;469769226&quot;:&quot;Symbol&quot;,&quot;469769242&quot;:[8226],&quot;469777803&quot;:&quot;left&quot;,&quot;469777804&quot;:&quot;\uf0b7&quot;,&quot;469777815&quot;:&quot;multilevel&quot;}\" data-aria-posinset=\"2\" data-aria-level=\"1\"><b><span data-contrast=\"none\">Varaforma\u00f0ur\u202f<\/span><\/b><span data-contrast=\"none\">er formanni til a\u00f0sto\u00f0ar og er sta\u00f0gengill formanns \u00ed forf\u00f6llum hans.<\/span><span data-ccp-props=\"{&quot;134233117&quot;:true,&quot;134233118&quot;:true,&quot;201341983&quot;:0,&quot;335559685&quot;:397,&quot;335559739&quot;:160,&quot;335559740&quot;:240}\">\u00a0<\/span><\/li>\n<\/ul>\n<ul>\n<li data-leveltext=\"\uf0b7\" data-font=\"Symbol\" data-listid=\"9\" data-list-defn-props=\"{&quot;335552541&quot;:1,&quot;335559684&quot;:-2,&quot;335559685&quot;:720,&quot;335559991&quot;:360,&quot;469769226&quot;:&quot;Symbol&quot;,&quot;469769242&quot;:[8226],&quot;469777803&quot;:&quot;left&quot;,&quot;469777804&quot;:&quot;\uf0b7&quot;,&quot;469777815&quot;:&quot;multilevel&quot;}\" data-aria-posinset=\"1\" data-aria-level=\"1\"><b><span data-contrast=\"none\">Gjaldkeri<\/span><\/b><span data-contrast=\"none\">\u202fs\u00e9r um fj\u00e1rm\u00e1l nemendaf\u00e9lagsins.\u202f Flest af \u00fev\u00ed sem hann framkv\u00e6mir gerir hann undir handlei\u00f0slu umsj\u00f3narmanns.\u202f Gjaldkeri hefur umsj\u00f3n me\u00f0 fj\u00e1r\u00f6flunum, innheimtu a\u00f0gangseyris \u00e1 skemmtunum o.s.frv. Veitir a\u00f0hald \u00ed frj\u00e1m\u00e1lum og \u00fearf a\u00f0 geta sagt til um hvort f\u00e9 s\u00e9 til fyrir verkefnum.<\/span><span data-ccp-props=\"{&quot;134233117&quot;:true,&quot;134233118&quot;:true,&quot;201341983&quot;:0,&quot;335559685&quot;:397,&quot;335559739&quot;:160,&quot;335559740&quot;:240}\">\u00a0<\/span><\/li>\n<li data-leveltext=\"\uf0b7\" data-font=\"Symbol\" data-listid=\"10\" data-list-defn-props=\"{&quot;335552541&quot;:1,&quot;335559684&quot;:-2,&quot;335559685&quot;:720,&quot;335559991&quot;:360,&quot;469769226&quot;:&quot;Symbol&quot;,&quot;469769242&quot;:[8226],&quot;469777803&quot;:&quot;left&quot;,&quot;469777804&quot;:&quot;\uf0b7&quot;,&quot;469777815&quot;:&quot;multilevel&quot;}\" data-aria-posinset=\"2\" data-aria-level=\"1\"><b><span data-contrast=\"none\">Ritari\u202f<\/span><\/b><span data-contrast=\"none\">skr\u00e1ir fundarger\u00f0 og heldur utan um g\u00f6gn. Hann heldur skr\u00e1 um \u00f6ll verk h\u00f3psins og gengur fr\u00e1 \u00f6llum skriflegum br\u00e9fum og yfirl\u00fdsingum sem h\u00f3purinn vill senda fr\u00e1 s\u00e9r. S\u00e9r um fr\u00e9ttatilkynningar, augl\u00fdsingar o.fl.<\/span><span data-ccp-props=\"{&quot;134233117&quot;:true,&quot;134233118&quot;:true,&quot;201341983&quot;:0,&quot;335559685&quot;:397,&quot;335559739&quot;:160,&quot;335559740&quot;:240}\">\u00a0<\/span><\/li>\n<li data-leveltext=\"\uf0b7\" data-font=\"Symbol\" data-listid=\"11\" data-list-defn-props=\"{&quot;335552541&quot;:1,&quot;335559684&quot;:-2,&quot;335559685&quot;:720,&quot;335559991&quot;:360,&quot;469769226&quot;:&quot;Symbol&quot;,&quot;469769242&quot;:[8226],&quot;469777803&quot;:&quot;left&quot;,&quot;469777804&quot;:&quot;\uf0b7&quot;,&quot;469777815&quot;:&quot;multilevel&quot;}\" data-aria-posinset=\"3\" data-aria-level=\"1\"><b><span data-contrast=\"none\">Me\u00f0stj\u00f3rnandi<\/span><\/b><span data-contrast=\"none\">\u202fer sta\u00f0gengill ritara. Tekur \u00fe\u00e1tt \u00ed \u00e1kvar\u00f0anat\u00f6ku og sinnir \u00feeim hlutverkum sem forma\u00f0ur e\u00f0a umsj\u00f3nara\u00f0ili felur honum.<\/span><span data-ccp-props=\"{&quot;134233117&quot;:true,&quot;134233118&quot;:true,&quot;201341983&quot;:0,&quot;335559685&quot;:397,&quot;335559739&quot;:160,&quot;335559740&quot;:240}\">\u00a0<\/span><\/li>\n<li data-leveltext=\"\uf0b7\" data-font=\"Symbol\" data-listid=\"12\" data-list-defn-props=\"{&quot;335552541&quot;:1,&quot;335559684&quot;:-2,&quot;335559685&quot;:720,&quot;335559991&quot;:360,&quot;469769226&quot;:&quot;Symbol&quot;,&quot;469769242&quot;:[8226],&quot;469777803&quot;:&quot;left&quot;,&quot;469777804&quot;:&quot;\uf0b7&quot;,&quot;469777815&quot;:&quot;multilevel&quot;}\" data-aria-posinset=\"4\" data-aria-level=\"1\"><b><span data-contrast=\"none\">T\u00e6knistj\u00f3ri<\/span><\/b><span data-contrast=\"none\">\u202fheldur utan um t\u00e6knim\u00e1l \u00e1 \u00f6llum vi\u00f0bur\u00f0um nemendaf\u00e9lagsins.<\/span><span data-ccp-props=\"{&quot;134233117&quot;:true,&quot;134233118&quot;:true,&quot;201341983&quot;:0,&quot;335559685&quot;:397,&quot;335559739&quot;:160,&quot;335559740&quot;:240}\">\u00a0<\/span><\/li>\n<li data-leveltext=\"\uf0b7\" data-font=\"Symbol\" data-listid=\"13\" data-list-defn-props=\"{&quot;335552541&quot;:1,&quot;335559684&quot;:-2,&quot;335559685&quot;:720,&quot;335559991&quot;:360,&quot;469769226&quot;:&quot;Symbol&quot;,&quot;469769242&quot;:[8226],&quot;469777803&quot;:&quot;left&quot;,&quot;469777804&quot;:&quot;\uf0b7&quot;,&quot;469777815&quot;:&quot;multilevel&quot;}\" data-aria-posinset=\"5\" data-aria-level=\"1\"><b><span data-contrast=\"none\">A\u00f0sto\u00f0art\u00e6knistj\u00f3ri<\/span><\/b><span data-contrast=\"none\">\u202fer t\u00e6knistj\u00f3ra til a\u00f0sto\u00f0ar og sta\u00f0gengill hans.<\/span><span data-ccp-props=\"{&quot;134233117&quot;:true,&quot;134233118&quot;:true,&quot;201341983&quot;:0,&quot;335559685&quot;:397,&quot;335559739&quot;:160,&quot;335559740&quot;:240}\">\u00a0<\/span><\/li>\n<\/ul>\n<ul>\n<li data-leveltext=\"\uf0b7\" data-font=\"Symbol\" data-listid=\"14\" data-list-defn-props=\"{&quot;335552541&quot;:1,&quot;335559684&quot;:-2,&quot;335559685&quot;:720,&quot;335559991&quot;:360,&quot;469769226&quot;:&quot;Symbol&quot;,&quot;469769242&quot;:[8226],&quot;469777803&quot;:&quot;left&quot;,&quot;469777804&quot;:&quot;\uf0b7&quot;,&quot;469777815&quot;:&quot;multilevel&quot;}\" data-aria-posinset=\"1\" data-aria-level=\"1\"><span data-contrast=\"none\">Tveir fulltr\u00faar nemendar\u00e1\u00f0s sitja sem fulltr\u00faar nemenda sk\u00f3lans \u00ed sk\u00f3lar\u00e1\u00f0i 2. mgr. 8. gr. \u00ed l\u00f6gum um grunnsk\u00f3la nr. 91\/2008. A\u00f0 \u00f6llu j\u00f6fnu eru \u00fea\u00f0 forma\u00f0ur og varaforma\u00f0ur nemendar\u00e1\u00f0s en heimilt er a\u00f0 kj\u00f3sa \u00ed \u00fea\u00f0 hlutverk.<\/span><span data-ccp-props=\"{&quot;134233117&quot;:true,&quot;134233118&quot;:true,&quot;201341983&quot;:0,&quot;335559685&quot;:397,&quot;335559739&quot;:160,&quot;335559740&quot;:240}\">\u00a0<\/span><\/li>\n<\/ul>\n<p><b><span data-contrast=\"none\">Gr. 5<\/span><\/b><br \/>\n<i><span data-contrast=\"none\">Starfsemi nemendar\u00e1\u00f0s<\/span><\/i><span data-ccp-props=\"{&quot;201341983&quot;:0,&quot;335559739&quot;:315,&quot;335559740&quot;:240}\">\u00a0<\/span><\/p>\n<p><span data-contrast=\"none\">Daglega umsj\u00f3n f\u00e9lagsins annast stj\u00f3rn \u00feess og til a\u00f0sto\u00f0ar deildarstj\u00f3ri unglingastigs.<\/span><span data-ccp-props=\"{&quot;201341983&quot;:0,&quot;335559739&quot;:315,&quot;335559740&quot;:240}\">\u00a0<\/span><\/p>\n<p><span data-contrast=\"none\">Nemendar\u00e1\u00f0 fundar a\u00f0 jafna\u00f0i einu sinni \u00ed viku me\u00f0 deildarstj\u00f3ra unglingastigs og\/ e\u00f0a stu\u00f0ningsfulltr\u00faa, s\u00e9r um a\u00f0 skipuleggja \u00fea\u00f0 starf sem fellur beint undir sk\u00f3lann. Starfst\u00edmi Nemendar\u00e1\u00f0s er fr\u00e1 hausti fram a\u00f0 sk\u00f3laslitum a\u00f0 vori.<\/span><span data-ccp-props=\"{&quot;201341983&quot;:0,&quot;335559739&quot;:315,&quot;335559740&quot;:240}\">\u00a0<\/span><\/p>\n<p><span data-contrast=\"none\">Nemendar\u00e1\u00f0 skal vera r\u00e1\u00f0gjafi sk\u00f3lastj\u00f3rnenda um \u00fdmis m\u00e1lefni nemenda, t.d. f\u00e9lagsm\u00e1l, t\u00f3mstundir og starfsa\u00f0st\u00f6\u00f0u. Skipuleggur \u00ed samstarfi vi\u00f0 sk\u00f3lastj\u00f3rnendur, f\u00e9lagsst\u00f6rf nemenda og s\u00e9r um framkv\u00e6md \u00feeirra.<\/span><span data-ccp-props=\"{&quot;201341983&quot;:0,&quot;335559739&quot;:315,&quot;335559740&quot;:240}\">\u00a0<\/span><\/p>\n<p><span data-contrast=\"none\">Nemendar\u00e1\u00f0 semur\u202f starfs\u00e1\u00e6tlun \u00fear sem allir f\u00e9lagsmenn eiga a\u00f0 finna eitthva\u00f0 vi\u00f0 sitt h\u00e6fi og skal sj\u00e1 til \u00feess a\u00f0 uppl\u00fdsingar um f\u00e9lagsstarfi\u00f0 s\u00e9u vel kynntar \u00f6llum er m\u00e1li\u00f0 var\u00f0ar.<\/span><span data-ccp-props=\"{&quot;201341983&quot;:0,&quot;335559739&quot;:315,&quot;335559740&quot;:240}\">\u00a0<\/span><\/p>\n<p><span data-contrast=\"none\">Fulltr\u00faar \u00ed nemendar\u00e1\u00f0i skulu vera \u00f6\u00f0rum nemendum sk\u00f3lans j\u00e1kv\u00e6\u00f0 og uppbyggileg fyrirmynd, jafnt innan sk\u00f3la sem utan.<\/span><span data-ccp-props=\"{&quot;201341983&quot;:0,&quot;335559739&quot;:315,&quot;335559740&quot;:240}\">\u00a0<\/span><\/p>\n<p><b><span data-contrast=\"none\">\u202fGr. 6<\/span><\/b><br \/>\n<i><span data-contrast=\"none\">Vi\u00f0bur\u00f0ir og verkefni<\/span><\/i><span data-ccp-props=\"{&quot;201341983&quot;:0,&quot;335559739&quot;:315,&quot;335559740&quot;:240}\">\u00a0<\/span><\/p>\n<p><span data-contrast=\"none\">Helstu vi\u00f0bur\u00f0ir og verkefni sem nemendar\u00e1\u00f0 kemur a\u00f0 me\u00f0 skipulagningu, undirb\u00faningi, marka\u00f0ssetningu og framkv\u00e6md eru eftirfarandi:<\/span><span data-ccp-props=\"{&quot;201341983&quot;:0,&quot;335559739&quot;:315,&quot;335559740&quot;:240}\">\u00a0<\/span><\/p>\n<ul>\n<li data-leveltext=\"\uf0b7\" data-font=\"Symbol\" data-listid=\"15\" data-list-defn-props=\"{&quot;335552541&quot;:1,&quot;335559684&quot;:-2,&quot;335559685&quot;:720,&quot;335559991&quot;:360,&quot;469769226&quot;:&quot;Symbol&quot;,&quot;469769242&quot;:[8226],&quot;469777803&quot;:&quot;left&quot;,&quot;469777804&quot;:&quot;\uf0b7&quot;,&quot;469777815&quot;:&quot;multilevel&quot;}\" data-aria-posinset=\"1\" data-aria-level=\"1\"><span data-contrast=\"none\">j\u00f3la\u00fatvarp<\/span><span data-ccp-props=\"{&quot;134233117&quot;:true,&quot;134233118&quot;:true,&quot;201341983&quot;:0,&quot;335559685&quot;:397,&quot;335559739&quot;:160,&quot;335559740&quot;:240}\">\u00a0<\/span><\/li>\n<li data-leveltext=\"\uf0b7\" data-font=\"Symbol\" data-listid=\"15\" data-list-defn-props=\"{&quot;335552541&quot;:1,&quot;335559684&quot;:-2,&quot;335559685&quot;:720,&quot;335559991&quot;:360,&quot;469769226&quot;:&quot;Symbol&quot;,&quot;469769242&quot;:[8226],&quot;469777803&quot;:&quot;left&quot;,&quot;469777804&quot;:&quot;\uf0b7&quot;,&quot;469777815&quot;:&quot;multilevel&quot;}\" data-aria-posinset=\"1\" data-aria-level=\"1\"><span data-contrast=\"none\">fer\u00f0 \u00e1 Sk\u00f3lahreysti<\/span><span data-ccp-props=\"{&quot;134233117&quot;:true,&quot;134233118&quot;:true,&quot;201341983&quot;:0,&quot;335559685&quot;:397,&quot;335559739&quot;:160,&quot;335559740&quot;:240}\">\u00a0<\/span><\/li>\n<li data-leveltext=\"\uf0b7\" data-font=\"Symbol\" data-listid=\"15\" data-list-defn-props=\"{&quot;335552541&quot;:1,&quot;335559684&quot;:-2,&quot;335559685&quot;:720,&quot;335559991&quot;:360,&quot;469769226&quot;:&quot;Symbol&quot;,&quot;469769242&quot;:[8226],&quot;469777803&quot;:&quot;left&quot;,&quot;469777804&quot;:&quot;\uf0b7&quot;,&quot;469777815&quot;:&quot;multilevel&quot;}\" data-aria-posinset=\"1\" data-aria-level=\"1\"><span data-contrast=\"none\">Lyngbrekkuball<\/span><span data-ccp-props=\"{&quot;134233117&quot;:true,&quot;134233118&quot;:true,&quot;201341983&quot;:0,&quot;335559685&quot;:397,&quot;335559739&quot;:160,&quot;335559740&quot;:240}\">\u00a0<\/span><\/li>\n<li data-leveltext=\"\uf0b7\" data-font=\"Symbol\" data-listid=\"15\" data-list-defn-props=\"{&quot;335552541&quot;:1,&quot;335559684&quot;:-2,&quot;335559685&quot;:720,&quot;335559991&quot;:360,&quot;469769226&quot;:&quot;Symbol&quot;,&quot;469769242&quot;:[8226],&quot;469777803&quot;:&quot;left&quot;,&quot;469777804&quot;:&quot;\uf0b7&quot;,&quot;469777815&quot;:&quot;multilevel&quot;}\" data-aria-posinset=\"1\" data-aria-level=\"1\"><span data-contrast=\"none\">t\u00e6knim\u00e1l og annar undirb\u00faningur er vi\u00f0kemur \u00e1rsh\u00e1t\u00ed\u00f0 og \u00f6\u00f0rum samkomum \u00ed sk\u00f3lanum<\/span><span data-ccp-props=\"{&quot;134233117&quot;:true,&quot;134233118&quot;:true,&quot;201341983&quot;:0,&quot;335559685&quot;:397,&quot;335559739&quot;:160,&quot;335559740&quot;:240}\">\u00a0<\/span><\/li>\n<li data-leveltext=\"\uf0b7\" data-font=\"Symbol\" data-listid=\"15\" data-list-defn-props=\"{&quot;335552541&quot;:1,&quot;335559684&quot;:-2,&quot;335559685&quot;:720,&quot;335559991&quot;:360,&quot;469769226&quot;:&quot;Symbol&quot;,&quot;469769242&quot;:[8226],&quot;469777803&quot;:&quot;left&quot;,&quot;469777804&quot;:&quot;\uf0b7&quot;,&quot;469777815&quot;:&quot;multilevel&quot;}\" data-aria-posinset=\"1\" data-aria-level=\"1\"><span data-contrast=\"none\">upp\u00e1komum fyrir yngstu nemendur sk\u00f3lans<\/span><span data-ccp-props=\"{&quot;134233117&quot;:true,&quot;134233118&quot;:true,&quot;201341983&quot;:0,&quot;335559685&quot;:397,&quot;335559739&quot;:160,&quot;335559740&quot;:240}\">\u00a0<\/span><\/li>\n<li data-leveltext=\"\uf0b7\" data-font=\"Symbol\" data-listid=\"15\" data-list-defn-props=\"{&quot;335552541&quot;:1,&quot;335559684&quot;:-2,&quot;335559685&quot;:720,&quot;335559991&quot;:360,&quot;469769226&quot;:&quot;Symbol&quot;,&quot;469769242&quot;:[8226],&quot;469777803&quot;:&quot;left&quot;,&quot;469777804&quot;:&quot;\uf0b7&quot;,&quot;469777815&quot;:&quot;multilevel&quot;}\" data-aria-posinset=\"1\" data-aria-level=\"1\"><span data-contrast=\"none\">tiltekt og fr\u00e1gangur eftir vi\u00f0bur\u00f0i \u00e1samt \u00f6\u00f0rum \u00fe\u00e1tttakendum \u00ed starfinu<\/span><span data-ccp-props=\"{&quot;134233117&quot;:true,&quot;134233118&quot;:true,&quot;201341983&quot;:0,&quot;335559685&quot;:397,&quot;335559739&quot;:160,&quot;335559740&quot;:240}\">\u00a0<\/span><\/li>\n<li data-leveltext=\"\uf0b7\" data-font=\"Symbol\" data-listid=\"15\" data-list-defn-props=\"{&quot;335552541&quot;:1,&quot;335559684&quot;:-2,&quot;335559685&quot;:720,&quot;335559991&quot;:360,&quot;469769226&quot;:&quot;Symbol&quot;,&quot;469769242&quot;:[8226],&quot;469777803&quot;:&quot;left&quot;,&quot;469777804&quot;:&quot;\uf0b7&quot;,&quot;469777815&quot;:&quot;multilevel&quot;}\" data-aria-posinset=\"1\" data-aria-level=\"1\"><span data-contrast=\"none\">\u00f6nnur verkefni sem Nemendar\u00e1\u00f0 hefur \u00e1kve\u00f0i\u00f0 a\u00f0 standa fyrir.<\/span><span data-ccp-props=\"{&quot;134233117&quot;:true,&quot;134233118&quot;:true,&quot;201341983&quot;:0,&quot;335559685&quot;:397,&quot;335559739&quot;:160,&quot;335559740&quot;:240}\">\u00a0<\/span><\/li>\n<\/ul>\n<p><span data-contrast=\"none\">Hagna\u00f0i af starfsemi f\u00e9lagsins skal vari\u00f0 til ni\u00f0urgrei\u00f0slu \u00e1 kostna\u00f0i vegna \u00feeirra vi\u00f0bur\u00f0a og verkefna sem NFGB stendur fyrir, \u00e1samt \u00fev\u00ed a\u00f0 styrkja fer\u00f0ir f\u00e9lagsmanna \u00e1 sk\u00f3la\u00e1rinu.<\/span><span data-ccp-props=\"{&quot;201341983&quot;:0,&quot;335559739&quot;:315,&quot;335559740&quot;:240}\">\u00a0<\/span><\/p>\n<p><b><span data-contrast=\"none\">Gr. 7<\/span><\/b><br \/>\n<i><span data-contrast=\"none\">Valgrein<\/span><\/i><span data-ccp-props=\"{&quot;201341983&quot;:0,&quot;335559739&quot;:315,&quot;335559740&quot;:240}\">\u00a0<\/span><\/p>\n<p><span data-contrast=\"none\">Starf hvers og eins fulltr\u00faa \u00ed nemendar\u00e1\u00f0i og t\u00e6knimanna er meti\u00f0 sem ein valgrein vi\u00f0 Grunnsk\u00f3lann \u00e1 Borgarnesi.<\/span><span data-ccp-props=\"{&quot;201341983&quot;:0,&quot;335559739&quot;:315,&quot;335559740&quot;:240}\">\u00a0<\/span><\/p>\n<p><b><span data-contrast=\"none\">Gr. 8<\/span><\/b><br \/>\n<i><span data-contrast=\"none\">Breyting \u00e1 starfsreglum<\/span><\/i><span data-ccp-props=\"{&quot;201341983&quot;:0,&quot;335559739&quot;:315,&quot;335559740&quot;:240}\">\u00a0<\/span><\/p>\n<p><span data-contrast=\"none\">Til a\u00f0 breyta starfsreglum\/l\u00f6gum \u00feessum \u00fearf sam\u00feykki meirihluta nemendar\u00e1\u00f0s, sam\u00feykki sk\u00f3lastj\u00f3ra og deildarstj\u00f3ra unglingastigs Grunnsk\u00f3lans \u00ed Borgarnesi.<\/span><span data-ccp-props=\"{&quot;201341983&quot;:0,&quot;335559739&quot;:315,&quot;335559740&quot;:240}\">\u00a0<\/span><\/p>\n<p><span data-contrast=\"none\">Allir \u00feessir a\u00f0ilar geta gert till\u00f6gu a\u00f0 breytingum \u00e1 starfsreglunum\/l\u00f6gum f\u00e9lagsins.Breytingarnar \u00f6\u00f0last \u00fe\u00f3 ekki gildi nema meirihluti stj\u00f3rnar nemendaf\u00e9lagsins sam\u00feykki \u00fe\u00e6r.<\/span><span data-ccp-props=\"{&quot;201341983&quot;:0,&quot;335559739&quot;:315,&quot;335559740&quot;:240}\">\u00a0<\/span><\/p>\n<p><span data-ccp-props=\"{&quot;201341983&quot;:0,&quot;335559739&quot;:160,&quot;335559740&quot;:259}\">\u00a0<\/span><\/p>\n","protected":false},"excerpt":{"rendered":"<p>L\u00f6g Nemendaf\u00e9lags Grunnsk\u00f3lans \u00ed Borgarnesi\/ starfsreglur nemendar\u00e1\u00f0s\u00a0 F\u00e9lagi\u00f0 hefur \u00e1kve\u00f0i\u00f0 hlutverk og gegnir vissum skyldum og hefur stj\u00f3rn f\u00e9lagsins sett s\u00e9r eftirfarandi starfsreglur \u00ed samr\u00e6mi vi\u00f0 L\u00f6g um nemendaf\u00e9l\u00f6g vi\u00f0 grunnsk\u00f3la nr. 91\/2008, 9.gr.\u00a0 Gr. 1 Um f\u00e9lagi\u00f0\u00a0 F\u00e9lagi heitir Nemendaf\u00e9lag Grunnsk\u00f3lans \u00ed Borgarnesi (NFGB) \u202fog er f\u00e9lag nemenda \u00ed 8. \u2013 10. bekk \u00ed Grunnsk\u00f3lanum \u00ed Borgarnesi.\u00a0 Gr. 2 &#8230; <\/p>\n<div><a href=\"https:\/\/dev.borgarbyggd.is\/grunnborg\/nemendur-og-foreldrar\/log-nemendafelags-grunnskolans-i-borgarnesi-starfsreglur-nemendarads\/\" class=\"more-link\">Read More<\/a><\/div>\n","protected":false},"author":4,"featured_media":0,"parent":51,"menu_order":0,"comment_status":"closed","ping_status":"closed","template":"","meta":{"_acf_changed":false,"footnotes":""},"class_list":["post-339","page","type-page","status-publish","hentry","no-post-thumbnail"],"acf":{"quickaccess":false},"yoast_head":"<!-- This site is optimized with the Yoast SEO plugin v24.0 - https:\/\/yoast.com\/wordpress\/plugins\/seo\/ -->\n<title>L\u00f6g Nemendaf\u00e9lags Grunnsk\u00f3lans \u00ed Borgarnesi\/starfsreglur nemendar\u00e1\u00f0s - Grunnsk\u00f3linn \u00ed Borgarnesi<\/title>\n<meta name=\"robots\" content=\"index, follow, max-snippet:-1, max-image-preview:large, max-video-preview:-1\" \/>\n<link rel=\"canonical\" href=\"https:\/\/dev.borgarbyggd.is\/grunnborg\/nemendur-og-foreldrar\/log-nemendafelags-grunnskolans-i-borgarnesi-starfsreglur-nemendarads\/\" \/>\n<meta property=\"og:locale\" content=\"en_US\" \/>\n<meta property=\"og:type\" content=\"article\" \/>\n<meta property=\"og:title\" content=\"L\u00f6g Nemendaf\u00e9lags Grunnsk\u00f3lans \u00ed Borgarnesi\/starfsreglur nemendar\u00e1\u00f0s - Grunnsk\u00f3linn \u00ed Borgarnesi\" \/>\n<meta property=\"og:description\" content=\"L\u00f6g Nemendaf\u00e9lags Grunnsk\u00f3lans \u00ed Borgarnesi\/ starfsreglur nemendar\u00e1\u00f0s\u00a0 F\u00e9lagi\u00f0 hefur \u00e1kve\u00f0i\u00f0 hlutverk og gegnir vissum skyldum og hefur stj\u00f3rn f\u00e9lagsins sett s\u00e9r eftirfarandi starfsreglur \u00ed samr\u00e6mi vi\u00f0 L\u00f6g um nemendaf\u00e9l\u00f6g vi\u00f0 grunnsk\u00f3la nr. 91\/2008, 9.gr.\u00a0 Gr. 1 Um f\u00e9lagi\u00f0\u00a0 F\u00e9lagi heitir Nemendaf\u00e9lag Grunnsk\u00f3lans \u00ed Borgarnesi (NFGB) \u202fog er f\u00e9lag nemenda \u00ed 8. \u2013 10. bekk \u00ed Grunnsk\u00f3lanum \u00ed Borgarnesi.\u00a0 Gr. 2 ... Read More\" \/>\n<meta property=\"og:url\" content=\"https:\/\/dev.borgarbyggd.is\/grunnborg\/nemendur-og-foreldrar\/log-nemendafelags-grunnskolans-i-borgarnesi-starfsreglur-nemendarads\/\" \/>\n<meta property=\"og:site_name\" content=\"Grunnsk\u00f3linn \u00ed Borgarnesi\" \/>\n<meta name=\"twitter:card\" content=\"summary_large_image\" \/>\n<meta name=\"twitter:label1\" content=\"Est. reading time\" \/>\n\t<meta name=\"twitter:data1\" content=\"4 minutes\" \/>\n<script type=\"application\/ld+json\" class=\"yoast-schema-graph\">{\"@context\":\"https:\/\/schema.org\",\"@graph\":[{\"@type\":\"WebPage\",\"@id\":\"https:\/\/dev.borgarbyggd.is\/grunnborg\/nemendur-og-foreldrar\/log-nemendafelags-grunnskolans-i-borgarnesi-starfsreglur-nemendarads\/\",\"url\":\"https:\/\/dev.borgarbyggd.is\/grunnborg\/nemendur-og-foreldrar\/log-nemendafelags-grunnskolans-i-borgarnesi-starfsreglur-nemendarads\/\",\"name\":\"L\u00f6g Nemendaf\u00e9lags Grunnsk\u00f3lans \u00ed Borgarnesi\/starfsreglur nemendar\u00e1\u00f0s - Grunnsk\u00f3linn \u00ed Borgarnesi\",\"isPartOf\":{\"@id\":\"https:\/\/dev.borgarbyggd.is\/grunnborg\/#website\"},\"datePublished\":\"2023-10-05T09:47:39+00:00\",\"dateModified\":\"2023-10-05T09:47:39+00:00\",\"breadcrumb\":{\"@id\":\"https:\/\/dev.borgarbyggd.is\/grunnborg\/nemendur-og-foreldrar\/log-nemendafelags-grunnskolans-i-borgarnesi-starfsreglur-nemendarads\/#breadcrumb\"},\"inLanguage\":\"en-US\",\"potentialAction\":[{\"@type\":\"ReadAction\",\"target\":[\"https:\/\/dev.borgarbyggd.is\/grunnborg\/nemendur-og-foreldrar\/log-nemendafelags-grunnskolans-i-borgarnesi-starfsreglur-nemendarads\/\"]}]},{\"@type\":\"BreadcrumbList\",\"@id\":\"https:\/\/dev.borgarbyggd.is\/grunnborg\/nemendur-og-foreldrar\/log-nemendafelags-grunnskolans-i-borgarnesi-starfsreglur-nemendarads\/#breadcrumb\",\"itemListElement\":[{\"@type\":\"ListItem\",\"position\":1,\"name\":\"Home\",\"item\":\"https:\/\/dev.borgarbyggd.is\/grunnborg\/\"},{\"@type\":\"ListItem\",\"position\":2,\"name\":\"Nemendur og foreldrar\",\"item\":\"https:\/\/dev.borgarbyggd.is\/grunnborg\/nemendur-og-foreldrar\/\"},{\"@type\":\"ListItem\",\"position\":3,\"name\":\"L\u00f6g Nemendaf\u00e9lags Grunnsk\u00f3lans \u00ed Borgarnesi\/starfsreglur nemendar\u00e1\u00f0s\"}]},{\"@type\":\"WebSite\",\"@id\":\"https:\/\/dev.borgarbyggd.is\/grunnborg\/#website\",\"url\":\"https:\/\/dev.borgarbyggd.is\/grunnborg\/\",\"name\":\"Grunnsk\u00f3linn \u00ed Borgarnesi\",\"description\":\"\",\"potentialAction\":[{\"@type\":\"SearchAction\",\"target\":{\"@type\":\"EntryPoint\",\"urlTemplate\":\"https:\/\/dev.borgarbyggd.is\/grunnborg\/?s={search_term_string}\"},\"query-input\":{\"@type\":\"PropertyValueSpecification\",\"valueRequired\":true,\"valueName\":\"search_term_string\"}}],\"inLanguage\":\"en-US\"}]}<\/script>\n<!-- \/ Yoast SEO plugin. -->","yoast_head_json":{"title":"L\u00f6g Nemendaf\u00e9lags Grunnsk\u00f3lans \u00ed Borgarnesi\/starfsreglur nemendar\u00e1\u00f0s - Grunnsk\u00f3linn \u00ed Borgarnesi","robots":{"index":"index","follow":"follow","max-snippet":"max-snippet:-1","max-image-preview":"max-image-preview:large","max-video-preview":"max-video-preview:-1"},"canonical":"https:\/\/dev.borgarbyggd.is\/grunnborg\/nemendur-og-foreldrar\/log-nemendafelags-grunnskolans-i-borgarnesi-starfsreglur-nemendarads\/","og_locale":"en_US","og_type":"article","og_title":"L\u00f6g Nemendaf\u00e9lags Grunnsk\u00f3lans \u00ed Borgarnesi\/starfsreglur nemendar\u00e1\u00f0s - Grunnsk\u00f3linn \u00ed Borgarnesi","og_description":"L\u00f6g Nemendaf\u00e9lags Grunnsk\u00f3lans \u00ed Borgarnesi\/ starfsreglur nemendar\u00e1\u00f0s\u00a0 F\u00e9lagi\u00f0 hefur \u00e1kve\u00f0i\u00f0 hlutverk og gegnir vissum skyldum og hefur stj\u00f3rn f\u00e9lagsins sett s\u00e9r eftirfarandi starfsreglur \u00ed samr\u00e6mi vi\u00f0 L\u00f6g um nemendaf\u00e9l\u00f6g vi\u00f0 grunnsk\u00f3la nr. 91\/2008, 9.gr.\u00a0 Gr. 1 Um f\u00e9lagi\u00f0\u00a0 F\u00e9lagi heitir Nemendaf\u00e9lag Grunnsk\u00f3lans \u00ed Borgarnesi (NFGB) \u202fog er f\u00e9lag nemenda \u00ed 8. \u2013 10. bekk \u00ed Grunnsk\u00f3lanum \u00ed Borgarnesi.\u00a0 Gr. 2 ... Read More","og_url":"https:\/\/dev.borgarbyggd.is\/grunnborg\/nemendur-og-foreldrar\/log-nemendafelags-grunnskolans-i-borgarnesi-starfsreglur-nemendarads\/","og_site_name":"Grunnsk\u00f3linn \u00ed Borgarnesi","twitter_card":"summary_large_image","twitter_misc":{"Est. reading time":"4 minutes"},"schema":{"@context":"https:\/\/schema.org","@graph":[{"@type":"WebPage","@id":"https:\/\/dev.borgarbyggd.is\/grunnborg\/nemendur-og-foreldrar\/log-nemendafelags-grunnskolans-i-borgarnesi-starfsreglur-nemendarads\/","url":"https:\/\/dev.borgarbyggd.is\/grunnborg\/nemendur-og-foreldrar\/log-nemendafelags-grunnskolans-i-borgarnesi-starfsreglur-nemendarads\/","name":"L\u00f6g Nemendaf\u00e9lags Grunnsk\u00f3lans \u00ed Borgarnesi\/starfsreglur nemendar\u00e1\u00f0s - Grunnsk\u00f3linn \u00ed Borgarnesi","isPartOf":{"@id":"https:\/\/dev.borgarbyggd.is\/grunnborg\/#website"},"datePublished":"2023-10-05T09:47:39+00:00","dateModified":"2023-10-05T09:47:39+00:00","breadcrumb":{"@id":"https:\/\/dev.borgarbyggd.is\/grunnborg\/nemendur-og-foreldrar\/log-nemendafelags-grunnskolans-i-borgarnesi-starfsreglur-nemendarads\/#breadcrumb"},"inLanguage":"en-US","potentialAction":[{"@type":"ReadAction","target":["https:\/\/dev.borgarbyggd.is\/grunnborg\/nemendur-og-foreldrar\/log-nemendafelags-grunnskolans-i-borgarnesi-starfsreglur-nemendarads\/"]}]},{"@type":"BreadcrumbList","@id":"https:\/\/dev.borgarbyggd.is\/grunnborg\/nemendur-og-foreldrar\/log-nemendafelags-grunnskolans-i-borgarnesi-starfsreglur-nemendarads\/#breadcrumb","itemListElement":[{"@type":"ListItem","position":1,"name":"Home","item":"https:\/\/dev.borgarbyggd.is\/grunnborg\/"},{"@type":"ListItem","position":2,"name":"Nemendur og foreldrar","item":"https:\/\/dev.borgarbyggd.is\/grunnborg\/nemendur-og-foreldrar\/"},{"@type":"ListItem","position":3,"name":"L\u00f6g Nemendaf\u00e9lags Grunnsk\u00f3lans \u00ed Borgarnesi\/starfsreglur nemendar\u00e1\u00f0s"}]},{"@type":"WebSite","@id":"https:\/\/dev.borgarbyggd.is\/grunnborg\/#website","url":"https:\/\/dev.borgarbyggd.is\/grunnborg\/","name":"Grunnsk\u00f3linn \u00ed Borgarnesi","description":"","potentialAction":[{"@type":"SearchAction","target":{"@type":"EntryPoint","urlTemplate":"https:\/\/dev.borgarbyggd.is\/grunnborg\/?s={search_term_string}"},"query-input":{"@type":"PropertyValueSpecification","valueRequired":true,"valueName":"search_term_string"}}],"inLanguage":"en-US"}]}},"_links":{"self":[{"href":"https:\/\/dev.borgarbyggd.is\/grunnborg\/wp-json\/wp\/v2\/pages\/339","targetHints":{"allow":["GET"]}}],"collection":[{"href":"https:\/\/dev.borgarbyggd.is\/grunnborg\/wp-json\/wp\/v2\/pages"}],"about":[{"href":"https:\/\/dev.borgarbyggd.is\/grunnborg\/wp-json\/wp\/v2\/types\/page"}],"author":[{"embeddable":true,"href":"https:\/\/dev.borgarbyggd.is\/grunnborg\/wp-json\/wp\/v2\/users\/4"}],"replies":[{"embeddable":true,"href":"https:\/\/dev.borgarbyggd.is\/grunnborg\/wp-json\/wp\/v2\/comments?post=339"}],"version-history":[{"count":0,"href":"https:\/\/dev.borgarbyggd.is\/grunnborg\/wp-json\/wp\/v2\/pages\/339\/revisions"}],"up":[{"embeddable":true,"href":"https:\/\/dev.borgarbyggd.is\/grunnborg\/wp-json\/wp\/v2\/pages\/51"}],"wp:attachment":[{"href":"https:\/\/dev.borgarbyggd.is\/grunnborg\/wp-json\/wp\/v2\/media?parent=339"}],"curies":[{"name":"wp","href":"https:\/\/api.w.org\/{rel}","templated":true}]}}