{"id":324,"date":"2023-10-05T09:35:23","date_gmt":"2023-10-05T09:35:23","guid":{"rendered":"https:\/\/dev.borgarbyggd.is\/grunnborg\/?page_id=324"},"modified":"2025-11-25T09:09:19","modified_gmt":"2025-11-25T09:09:19","slug":"skolanamskra","status":"publish","type":"page","link":"https:\/\/dev.borgarbyggd.is\/grunnborg\/nam-og-kennsla\/skolanamskra\/","title":{"rendered":"Sk\u00f3lan\u00e1mskr\u00e1"},"content":{"rendered":"<p>Sk\u00f3lan\u00e1mskr\u00e1 Grunnsk\u00f3lans \u00ed Borgarnesi skiptist \u00ed fj\u00f3ra hluta; almennan hluta, starfs\u00e1\u00e6tlun sk\u00f3la, bekkjarn\u00e1mskr\u00e1r og starfsmannahandb\u00f3k sem er innanh\u00fasrit. Allir \u00feessir hlutar taka mi\u00f0 af A\u00f0aln\u00e1mskr\u00e1 grunnsk\u00f3la. Sk\u00f3lan\u00e1mskr\u00e1in er birt me\u00f0 fyrirvara um breytingar.<\/p>\n<p><span style=\"color: #0000ff\"><a style=\"color: #0000ff\" href=\"https:\/\/grunnborg.is\/wp-content\/uploads\/2020\/09\/Almennur-hluti-1.pdf\">Almennur hluti (er \u00ed endursko\u00f0un)<\/a><\/span><\/p>\n<p><a href=\"https:\/\/dev.borgarbyggd.is\/grunnborg\/wp-content\/uploads\/sites\/2\/2025\/11\/Starfsaaetlun-2025-2026-1.pdf\">Starfs\u00e1\u00e6tlun sk\u00f3lans fyrir sk\u00f3la\u00e1ri\u00f0 2025 &#8211; 2026<\/a><\/p>\n<p>&nbsp;<\/p>\n<hr \/>\n<p>\u00cd bekkjarn\u00e1mskr\u00e1m hvers n\u00e1msh\u00f3ps koma fram n\u00e1msmarkmi\u00f0 sem sett eru fram samkv\u00e6mt A\u00f0aln\u00e1mskr\u00e1 grunnsk\u00f3la 2011 (almennur hluti) og 2013 (greinasvi\u00f0). \u00cd bekkjarn\u00e1mskr\u00e1m koma fram h\u00e6fnivi\u00f0mi\u00f0, kennslua\u00f0fer\u00f0ir og n\u00e1msmat auk uppl\u00fdsinga um n\u00e1msg\u00f6gn, t\u00edmafj\u00f6lda \u00ed n\u00e1msgrein og n\u00f6fn kennara.<\/p>\n<p>&nbsp;<\/p>\n<p>&nbsp;<\/p>\n<table class=\"skolanamsskra-table\" style=\"height: 456px\" border=\"0\" width=\"822\">\n<colgroup>\n<col span=\"5\" \/> <\/colgroup>\n<tbody>\n<tr>\n<td><strong>1. bekkur<\/strong><\/td>\n<td><strong>2. bekkur<\/strong><\/td>\n<td><strong>3. bekkur<\/strong><\/td>\n<td><strong>4. bekkur<\/strong><\/td>\n<td><strong>5.bekkur<\/strong><\/td>\n<\/tr>\n<tr>\n<td><a href=\"https:\/\/dev.borgarbyggd.is\/grunnborg\/wp-content\/uploads\/sites\/2\/2025\/11\/1.bekkur-islenska-bekkjarnamskra-2025-26.pdf\">\u00cdslenska<\/a><\/td>\n<td><a href=\"https:\/\/dev.borgarbyggd.is\/grunnborg\/wp-content\/uploads\/sites\/2\/2025\/11\/2.bekkur-Islenska.pdf\">\u00cdslenska<\/a><\/td>\n<td>\u00cdslenska<\/td>\n<td><a href=\"https:\/\/dev.borgarbyggd.is\/grunnborg\/wp-content\/uploads\/sites\/2\/2025\/11\/Bekkjarnamskra-islenska-4.b.pdf\">\u00cdslenska<\/a><\/td>\n<td><a href=\"https:\/\/dev.borgarbyggd.is\/grunnborg\/wp-content\/uploads\/sites\/2\/2025\/11\/Bekkjarnamskra-Islenska-2025-2026.pdf\">\u00cdslenska<\/a><\/td>\n<\/tr>\n<tr>\n<td><a href=\"https:\/\/dev.borgarbyggd.is\/grunnborg\/wp-content\/uploads\/sites\/2\/2025\/11\/1.bekkur-staerdfraedi-bekkjarnamskra-2025-26.pdf\">St\u00e6r\u00f0fr\u00e6\u00f0i<\/a><\/td>\n<td><a href=\"https:\/\/dev.borgarbyggd.is\/grunnborg\/wp-content\/uploads\/sites\/2\/2025\/11\/2.bekkur-Staerdfraedi.pdf\">St\u00e6r\u00f0fr\u00e6\u00f0i<\/a><\/td>\n<td><a href=\"https:\/\/dev.borgarbyggd.is\/grunnborg\/wp-content\/uploads\/sites\/2\/2025\/11\/2025-Bekkjarnamskra-3.-bekkur-staerdfraedi.pdf\">St\u00e6r\u00f0fr\u00e6\u00f0i<\/a><\/td>\n<td><a href=\"https:\/\/dev.borgarbyggd.is\/grunnborg\/wp-content\/uploads\/sites\/2\/2025\/11\/Bekkjarnamskra-staerdfraedi-4.b.pdf\">St\u00e6r\u00f0fr\u00e6\u00f0i<\/a><\/td>\n<td><a href=\"https:\/\/dev.borgarbyggd.is\/grunnborg\/wp-content\/uploads\/sites\/2\/2025\/11\/Bekkjarnamskra-Staerdfraedi-2025-2026.pdf\">St\u00e6r\u00f0fr\u00e6\u00f0i<\/a><\/td>\n<\/tr>\n<tr>\n<td><a href=\"https:\/\/dev.borgarbyggd.is\/grunnborg\/wp-content\/uploads\/sites\/2\/2025\/11\/1.bekkur-natturugreinar-bekkjarnamskra-2025-2026.pdf\">N\u00e1tt\u00farugreinar<\/a><\/td>\n<td><a href=\"https:\/\/dev.borgarbyggd.is\/grunnborg\/wp-content\/uploads\/sites\/2\/2025\/11\/2.bekkur-Natturugreinar.pdf\">N\u00e1tt\u00farugreinar<\/a><\/td>\n<td><a href=\"https:\/\/dev.borgarbyggd.is\/grunnborg\/wp-content\/uploads\/sites\/2\/2025\/11\/2025-Bekkjarnamskra-3.-bekkur-natturugreinar.pdf\">N\u00e1tt\u00farugreinar<\/a><\/td>\n<td><a href=\"https:\/\/dev.borgarbyggd.is\/grunnborg\/wp-content\/uploads\/sites\/2\/2025\/11\/Bekkjarnamskra-natturugreinar-4.b.pdf\">N\u00e1tt\u00farugreinar<\/a><\/td>\n<td><a href=\"https:\/\/dev.borgarbyggd.is\/grunnborg\/wp-content\/uploads\/sites\/2\/2025\/11\/Bekkjarnamskra-Natturufraedigreinar-2025-2026.pdf\">N\u00e1tt\u00farufr\u00e6\u00f0igreinar<\/a><\/td>\n<\/tr>\n<tr>\n<td><a href=\"https:\/\/dev.borgarbyggd.is\/grunnborg\/wp-content\/uploads\/sites\/2\/2025\/11\/1.bekkur-samfelagsgreinar-bekkjarnamskra-2025-2026.pdf\">Samf\u00e9lagsgreinar<\/a><\/td>\n<td><a href=\"https:\/\/dev.borgarbyggd.is\/grunnborg\/wp-content\/uploads\/sites\/2\/2025\/11\/2.bekkur-Samfelagsgreinar.pdf\">Samf\u00e9lagsgreinar<\/a><\/td>\n<td><a href=\"https:\/\/dev.borgarbyggd.is\/grunnborg\/wp-content\/uploads\/sites\/2\/2025\/11\/2025-Bekkjarnamskra-3.-bekkur-samfelagsgreinar.pdf\">Samf\u00e9lagsgreinar<\/a><\/td>\n<td><a href=\"https:\/\/dev.borgarbyggd.is\/grunnborg\/wp-content\/uploads\/sites\/2\/2025\/11\/Bekkjarnamskra-samfelagsgreinar-4.b.pdf\">Samf\u00e9lagsgreinar<\/a><\/td>\n<td><a href=\"https:\/\/dev.borgarbyggd.is\/grunnborg\/wp-content\/uploads\/sites\/2\/2025\/11\/Bekkjarnamskra-Samfelagsgreinar-2025-2026.pdf\">Samf\u00e9lagsgreinar<\/a><\/td>\n<\/tr>\n<tr>\n<td><a href=\"https:\/\/dev.borgarbyggd.is\/grunnborg\/wp-content\/uploads\/sites\/2\/2025\/11\/1.-bekkur-Sund.pdf\">Sund<\/a><\/td>\n<td><a href=\"https:\/\/dev.borgarbyggd.is\/grunnborg\/wp-content\/uploads\/sites\/2\/2025\/11\/2.-bekkur-sund.pdf\">Sund<\/a><\/td>\n<td><a href=\"https:\/\/dev.borgarbyggd.is\/grunnborg\/wp-content\/uploads\/sites\/2\/2025\/11\/3.-bekkur-sund-1.pdf\">Sund<\/a><\/td>\n<td><a href=\"https:\/\/dev.borgarbyggd.is\/grunnborg\/wp-content\/uploads\/sites\/2\/2025\/11\/4.-bekkur-sund-1.pdf\">Sund<\/a><\/td>\n<td><a href=\"https:\/\/dev.borgarbyggd.is\/grunnborg\/wp-content\/uploads\/sites\/2\/2025\/11\/5.-bekkur-sund.pdf\">Sund<\/a><\/td>\n<\/tr>\n<tr>\n<td><a href=\"https:\/\/dev.borgarbyggd.is\/grunnborg\/wp-content\/uploads\/sites\/2\/2025\/11\/1.-bekkur-ithrottir.pdf\">\u00cd\u00fer\u00f3ttir<\/a><\/td>\n<td><a href=\"https:\/\/dev.borgarbyggd.is\/grunnborg\/wp-content\/uploads\/sites\/2\/2025\/11\/2.-bekkur-ithrottir-1.pdf\">\u00cd\u00fer\u00f3ttir<\/a><\/td>\n<td><a href=\"https:\/\/dev.borgarbyggd.is\/grunnborg\/wp-content\/uploads\/sites\/2\/2025\/11\/3.-bekkur-ithrottir-1.pdf\">\u00cd\u00fer\u00f3ttir<\/a><\/td>\n<td><a href=\"https:\/\/dev.borgarbyggd.is\/grunnborg\/wp-content\/uploads\/sites\/2\/2025\/11\/4.-bekkur-ithrottir-1.pdf\">\u00cd\u00fer\u00f3ttir<\/a><\/td>\n<td><a href=\"https:\/\/dev.borgarbyggd.is\/grunnborg\/wp-content\/uploads\/sites\/2\/2025\/11\/Bekkjarnamskra-5.bekkur-Skolaithrottir-1.pdf\">\u00cd\u00fer\u00f3ttir<\/a><\/td>\n<\/tr>\n<tr>\n<td><a href=\"https:\/\/dev.borgarbyggd.is\/grunnborg\/wp-content\/uploads\/sites\/2\/2025\/11\/Bekkjarnamskra-1og2-.-bekkur-1.pdf\">H\u00f6nnun og sm\u00ed\u00f0i<\/a><\/td>\n<td><a href=\"https:\/\/dev.borgarbyggd.is\/grunnborg\/wp-content\/uploads\/sites\/2\/2025\/11\/Bekkjarnamskra-1og2-.-bekkur-1.pdf\">H\u00f6nnun og sm\u00ed\u00f0i<\/a><\/td>\n<td><a href=\"https:\/\/dev.borgarbyggd.is\/grunnborg\/wp-content\/uploads\/sites\/2\/2025\/11\/Bekkjarnamskra-3.-bekkur-Honnun-og-smidi.pdf\">H\u00f6nnun og sm\u00ed\u00f0i<\/a><\/td>\n<td><a href=\"https:\/\/dev.borgarbyggd.is\/grunnborg\/wp-content\/uploads\/sites\/2\/2025\/11\/Bekkjarnamskra-4.-bekkur-honnun-og-smidi.pdf\">H\u00f6nnun og sm\u00ed\u00f0i<\/a><\/td>\n<td><a href=\"https:\/\/dev.borgarbyggd.is\/grunnborg\/wp-content\/uploads\/sites\/2\/2025\/11\/Honnun-og-smidi-Bekkjarnamskra-5.-bekkur.pdf\">H\u00f6nnun og sm\u00ed\u00f0i<\/a><\/td>\n<\/tr>\n<tr>\n<td><a href=\"https:\/\/dev.borgarbyggd.is\/grunnborg\/wp-content\/uploads\/sites\/2\/2025\/11\/1.b-Heimilisfr.pdf\">Heimilisfr\u00e6\u00f0i<\/a><\/td>\n<td><a href=\"https:\/\/dev.borgarbyggd.is\/grunnborg\/wp-content\/uploads\/sites\/2\/2025\/11\/2.bekkur-heimilisfr.pdf\">Heimilisfr\u00e6\u00f0i<\/a><\/td>\n<td><a href=\"https:\/\/dev.borgarbyggd.is\/grunnborg\/wp-content\/uploads\/sites\/2\/2025\/11\/3.b-heimilisfr.pdf\">Heimilisfr\u00e6\u00f0i<\/a><\/td>\n<td><a href=\"https:\/\/dev.borgarbyggd.is\/grunnborg\/wp-content\/uploads\/sites\/2\/2025\/11\/4.b-heimilisfr.pdf\">Heimilisfr\u00e6\u00f0i<\/a><\/td>\n<td><a href=\"https:\/\/dev.borgarbyggd.is\/grunnborg\/wp-content\/uploads\/sites\/2\/2025\/11\/5.b-heimilisfr.pdf\">Heimilisfr\u00e6\u00f0i<\/a><\/td>\n<\/tr>\n<tr>\n<td><a href=\"https:\/\/dev.borgarbyggd.is\/grunnborg\/wp-content\/uploads\/sites\/2\/2025\/11\/Myndmennt-Bekkjarnamskra-1.bekkur-25-26-1.pdf\">Myndmennt<\/a><\/td>\n<td><a href=\"https:\/\/dev.borgarbyggd.is\/grunnborg\/wp-content\/uploads\/sites\/2\/2025\/11\/Bekkjarnamskra.2.bekkur-25-26-1.pdf\">Myndmennt<\/a><\/td>\n<td><a href=\"https:\/\/dev.borgarbyggd.is\/grunnborg\/wp-content\/uploads\/sites\/2\/2025\/11\/Myndmennt-Bekkjarnamskra-3.bekkur-25-26-1.pdf\">Myndmennt<\/a><\/td>\n<td><a href=\"https:\/\/dev.borgarbyggd.is\/grunnborg\/wp-content\/uploads\/sites\/2\/2025\/11\/Myndmennt-Bekkjarnamskra-4.bekkur-\u00b425-26-1.pdf\">Myndmennt<\/a><\/td>\n<td><a href=\"https:\/\/dev.borgarbyggd.is\/grunnborg\/wp-content\/uploads\/sites\/2\/2025\/11\/Myndmennt-Bekkjarnamskra-5.bekkur-25-26-1.pdf\">Myndmennt<\/a><\/td>\n<\/tr>\n<tr>\n<td><a href=\"https:\/\/dev.borgarbyggd.is\/grunnborg\/wp-content\/uploads\/sites\/2\/2025\/11\/1.bekkur-upplysinga-og-taeknimennt-bekkjarnamskra-2025-2026.pdf\">Uppl\u00fdsingat\u00e6kni<\/a><\/td>\n<td><a href=\"https:\/\/dev.borgarbyggd.is\/grunnborg\/wp-content\/uploads\/sites\/2\/2025\/11\/2.-bekkur-Upplysinga-og-taeknimennt.pdf\">Uppl\u00fdsingat\u00e6kni<\/a><\/td>\n<td><a href=\"https:\/\/dev.borgarbyggd.is\/grunnborg\/wp-content\/uploads\/sites\/2\/2025\/11\/2025-Bekkjarnamskra-3.-bekkur-upplysingataekni.pdf\">Uppl\u00fdsingat\u00e6kni<\/a><\/td>\n<td><a href=\"https:\/\/dev.borgarbyggd.is\/grunnborg\/wp-content\/uploads\/sites\/2\/2025\/11\/Bekkjarnamskra-upplysingataekni-4.b.pdf\">Uppl\u00fdsingat\u00e6kni<\/a><\/td>\n<td><a href=\"https:\/\/dev.borgarbyggd.is\/grunnborg\/wp-content\/uploads\/sites\/2\/2025\/11\/Bekkjarnamskra-Upplysingataekni-2025-2026.pdf\">Uppl\u00fdsingat\u00e6kni<\/a><\/td>\n<\/tr>\n<tr>\n<td><a href=\"https:\/\/dev.borgarbyggd.is\/grunnborg\/wp-content\/uploads\/sites\/2\/2025\/11\/Textilmennt-1.-bekkur-1.pdf\">Text\u00edlmennt<\/a><\/td>\n<td><a href=\"https:\/\/dev.borgarbyggd.is\/grunnborg\/wp-content\/uploads\/sites\/2\/2025\/11\/Textilmennt-2.-bekkur-1.pdf\">Text\u00edlmennt<\/a><\/td>\n<td><a href=\"https:\/\/dev.borgarbyggd.is\/grunnborg\/wp-content\/uploads\/sites\/2\/2025\/11\/Textilmennt-3.-bekkur-1.pdf\">Text\u00edlmennt<\/a><\/td>\n<td><a href=\"https:\/\/dev.borgarbyggd.is\/grunnborg\/wp-content\/uploads\/sites\/2\/2025\/11\/Bekkjarnamskra-4.-bekkur-1.pdf\">Text\u00edlmennt<\/a><\/td>\n<td><a href=\"https:\/\/dev.borgarbyggd.is\/grunnborg\/wp-content\/uploads\/sites\/2\/2025\/11\/Textilmennt-5.-bekkur-1.pdf\">Text\u00edlmennt<\/a><\/td>\n<\/tr>\n<tr>\n<td><a href=\"https:\/\/dev.borgarbyggd.is\/grunnborg\/wp-content\/uploads\/sites\/2\/2025\/11\/1.bekkur-lykilhaefni-bekkjarnamskra-2025-26.pdf\">Lykilh\u00e6fni<\/a><\/td>\n<td><a href=\"https:\/\/dev.borgarbyggd.is\/grunnborg\/wp-content\/uploads\/sites\/2\/2025\/11\/2.-bekkur-Lykilhaefni.pdf\">Lykilh\u00e6fni<\/a><\/td>\n<td><a href=\"https:\/\/dev.borgarbyggd.is\/grunnborg\/wp-content\/uploads\/sites\/2\/2025\/11\/Bekkjarnamskra-3.-bekkur-lykilhaefni.pdf\">Lykilh\u00e6fni<\/a><\/td>\n<td><a href=\"https:\/\/dev.borgarbyggd.is\/grunnborg\/wp-content\/uploads\/sites\/2\/2025\/11\/Bekkjarnamskra-lykilhaefni-4.b-1.pdf\">Lykilh\u00e6fni<\/a><\/td>\n<td><a href=\"https:\/\/dev.borgarbyggd.is\/grunnborg\/wp-content\/uploads\/sites\/2\/2025\/11\/Bekkjarnamskra-Enska-2025-2026.pdf\">Enska<\/a><\/td>\n<\/tr>\n<tr>\n<td><\/td>\n<td><\/td>\n<td><\/td>\n<td><\/td>\n<td><\/td>\n<\/tr>\n<tr>\n<td><\/td>\n<td><\/td>\n<td><\/td>\n<td><\/td>\n<td><\/td>\n<\/tr>\n<\/tbody>\n<\/table>\n<p>&nbsp;<\/p>\n<table class=\"skolanamsskra-table\" style=\"height: 456px\" border=\"0\" width=\"822\">\n<colgroup>\n<col span=\"5\" \/> <\/colgroup>\n<tbody>\n<tr>\n<td><strong>6. bekkur<\/strong><\/td>\n<td><strong>7. bekkur<\/strong><\/td>\n<td><strong>8. bekkur<\/strong><\/td>\n<td><strong>9. bekkur<\/strong><\/td>\n<td><strong>10.bekkur<\/strong><\/td>\n<\/tr>\n<tr>\n<td><a href=\"https:\/\/dev.borgarbyggd.is\/grunnborg\/wp-content\/uploads\/sites\/2\/2025\/11\/6.bekkur-Islenska-2025-2026.pdf\">\u00cdslenska<\/a><\/td>\n<td><a href=\"https:\/\/dev.borgarbyggd.is\/grunnborg\/wp-content\/uploads\/sites\/2\/2025\/11\/Islenska-7-bekkur-2025-2026-1.pdf\">\u00cdslenska<\/a><\/td>\n<td><a href=\"https:\/\/dev.borgarbyggd.is\/grunnborg\/wp-content\/uploads\/sites\/2\/2025\/11\/Islenska-8.bekkur-bekkjarnamskra-25-26-1.pdf\">\u00cdslenska<\/a><\/td>\n<td><a href=\"https:\/\/dev.borgarbyggd.is\/grunnborg\/wp-content\/uploads\/sites\/2\/2025\/11\/Islenska-9.bekkur-bekkjarnamskra-25-26-1.pdf\">\u00cdslenska<\/a><\/td>\n<td><a href=\"https:\/\/dev.borgarbyggd.is\/grunnborg\/wp-content\/uploads\/sites\/2\/2025\/11\/Islenska-10.bekkur-bekkjarnamskra-25-26-1.pdf\">\u00cdslenska<\/a><\/td>\n<\/tr>\n<tr>\n<td><a href=\"https:\/\/dev.borgarbyggd.is\/grunnborg\/wp-content\/uploads\/sites\/2\/2025\/11\/6.bekkur-Staerdfraedi-2025-2026.pdf\">St\u00e6r\u00f0fr\u00e6\u00f0i<\/a><\/td>\n<td><a href=\"https:\/\/dev.borgarbyggd.is\/grunnborg\/wp-content\/uploads\/sites\/2\/2025\/11\/Staerdfraedi-7.-bekkur-2025-2026-1.pdf\">St\u00e6r\u00f0fr\u00e6\u00f0i<\/a><\/td>\n<td><a href=\"https:\/\/dev.borgarbyggd.is\/grunnborg\/wp-content\/uploads\/sites\/2\/2025\/11\/Staerdfraedi-8.bekkur-1.pdf\">St\u00e6r\u00f0fr\u00e6\u00f0i<\/a><\/td>\n<td><a href=\"https:\/\/dev.borgarbyggd.is\/grunnborg\/wp-content\/uploads\/sites\/2\/2025\/11\/Staerdfraedi-9.bekkur-1.pdf\">St\u00e6r\u00f0fr\u00e6\u00f0i<\/a><\/td>\n<td><a href=\"https:\/\/dev.borgarbyggd.is\/grunnborg\/wp-content\/uploads\/sites\/2\/2025\/11\/Staerdfraedi-10.bekkur-1.pdf\">St\u00e6r\u00f0fr\u00e6\u00f0i<\/a><\/td>\n<\/tr>\n<tr>\n<td><a href=\"https:\/\/dev.borgarbyggd.is\/grunnborg\/wp-content\/uploads\/sites\/2\/2025\/11\/6.bekkur-Natturufraedi-2025-2026.pdf\">N\u00e1tt\u00farufr\u00e6\u00f0i<\/a><\/td>\n<td><a href=\"https:\/\/dev.borgarbyggd.is\/grunnborg\/wp-content\/uploads\/sites\/2\/2025\/11\/Natturugreinar-Bekkjarnamskra-7.-bekkur-2025-2026.pdf\">N\u00e1tt\u00farugreinar<\/a><\/td>\n<td><a href=\"https:\/\/dev.borgarbyggd.is\/grunnborg\/wp-content\/uploads\/sites\/2\/2025\/11\/Natturugreinar-8.-bekkur-Bekkjarnamskra-2025-2026.pdf\">N\u00e1tt\u00farugreinar<\/a><\/td>\n<td><a href=\"https:\/\/dev.borgarbyggd.is\/grunnborg\/wp-content\/uploads\/sites\/2\/2025\/11\/Natturugreinar-9.-bekkur-Bekkjarnamskra-2025-26-2.pdf\">N\u00e1tt\u00farugreinar<\/a><\/td>\n<td><a href=\"https:\/\/dev.borgarbyggd.is\/grunnborg\/wp-content\/uploads\/sites\/2\/2025\/11\/Natturugreinar-10.-bekkur-Bekkjarnamskra-2025-26-.pdf\">N\u00e1tt\u00farugreinar<\/a><\/td>\n<\/tr>\n<tr>\n<td><a href=\"https:\/\/dev.borgarbyggd.is\/grunnborg\/wp-content\/uploads\/sites\/2\/2025\/11\/6.bekkur-Samfelagsfraedi-2025-2026.pdf\">Samf\u00e9lagsfr\u00e6\u00f0i<\/a><\/td>\n<td><a href=\"https:\/\/dev.borgarbyggd.is\/grunnborg\/wp-content\/uploads\/sites\/2\/2025\/11\/Samfelagsgreinar-7.-bekkur-2025-2026-1.pdf\">Samf\u00e9lagsfr\u00e6\u00f0i<\/a><\/td>\n<td><a href=\"https:\/\/dev.borgarbyggd.is\/grunnborg\/wp-content\/uploads\/sites\/2\/2025\/11\/Samfelagsfraedi_25-26-1.pdf\">Samfelagsfr\u00e6\u00f0i<\/a><\/td>\n<td><a href=\"https:\/\/dev.borgarbyggd.is\/grunnborg\/wp-content\/uploads\/sites\/2\/2025\/11\/Samfelagsfraedi-9.-bekkur-Bekkjarnamskra-\u00b422-\u00b423.pdf\">Samf\u00e9lagsfr\u00e6\u00f0i<\/a><\/td>\n<td><a href=\"https:\/\/dev.borgarbyggd.is\/grunnborg\/wp-content\/uploads\/sites\/2\/2025\/11\/Samfelagsfraedi-1.pdf\">Samf\u00e9lagsfr\u00e6\u00f0i<\/a><\/td>\n<\/tr>\n<tr>\n<td><a href=\"https:\/\/dev.borgarbyggd.is\/grunnborg\/wp-content\/uploads\/sites\/2\/2025\/11\/6.bekkur-Enska-2025-2026.pdf\">Enska<\/a><\/td>\n<td><a href=\"https:\/\/dev.borgarbyggd.is\/grunnborg\/wp-content\/uploads\/sites\/2\/2025\/11\/Enska-7.-bekkur-2025-2026-1.pdf\">Enska<\/a><\/td>\n<td><a href=\"https:\/\/dev.borgarbyggd.is\/grunnborg\/wp-content\/uploads\/sites\/2\/2025\/11\/Enska-8.bekkur-2025-2026-1.pdf\">Enska<\/a><\/td>\n<td><a href=\"https:\/\/dev.borgarbyggd.is\/grunnborg\/wp-content\/uploads\/sites\/2\/2025\/11\/Enska-9.bekkur-2025-2026-1.pdf\">Enska<\/a><\/td>\n<td><a href=\"https:\/\/dev.borgarbyggd.is\/grunnborg\/wp-content\/uploads\/sites\/2\/2025\/11\/Enska-namsskra-10.bekkur-2024-2025-1.pdf\">Enska<\/a><\/td>\n<\/tr>\n<tr>\n<td><a href=\"https:\/\/dev.borgarbyggd.is\/grunnborg\/wp-content\/uploads\/sites\/2\/2025\/11\/6.-bekkur-Danska-25-26.pdf\">Danska<\/a><\/td>\n<td><a href=\"https:\/\/dev.borgarbyggd.is\/grunnborg\/wp-content\/uploads\/sites\/2\/2025\/11\/7.-bekkur-Danska-25-26-1.pdf\">Danska<\/a><\/td>\n<td><a href=\"https:\/\/dev.borgarbyggd.is\/grunnborg\/wp-content\/uploads\/sites\/2\/2025\/11\/8.-bekkur-Danska-25-26-1.pdf\">Danska<\/a><\/td>\n<td><a href=\"https:\/\/dev.borgarbyggd.is\/grunnborg\/wp-content\/uploads\/sites\/2\/2025\/11\/9.-bekkur-Danska-25-26-1.pdf\">Danska<\/a><\/td>\n<td><a href=\"https:\/\/dev.borgarbyggd.is\/grunnborg\/wp-content\/uploads\/sites\/2\/2025\/11\/10.-bekkur-Danska-25-26-1.pdf\">Danska<\/a><\/td>\n<\/tr>\n<tr>\n<td><a href=\"https:\/\/dev.borgarbyggd.is\/grunnborg\/wp-content\/uploads\/sites\/2\/2025\/11\/Bekkjarnamskra-6.bekkur-Skolaithrottir-1.pdf\">\u00cd\u00fer\u00f3ttir<\/a><\/td>\n<td><a href=\"https:\/\/dev.borgarbyggd.is\/grunnborg\/wp-content\/uploads\/sites\/2\/2025\/11\/Bekkjarnamskra-7.bekkur-Skolaithrottir-1.pdf\">\u00cd\u00fer\u00f3ttir<\/a><\/td>\n<td><a href=\"https:\/\/dev.borgarbyggd.is\/grunnborg\/wp-content\/uploads\/sites\/2\/2025\/11\/Bekkjarnamskra-8.bekkur-Skolaithrottir-1.pdf\">\u00cd\u00fer\u00f3ttir<\/a><\/td>\n<td><a href=\"https:\/\/dev.borgarbyggd.is\/grunnborg\/wp-content\/uploads\/sites\/2\/2025\/11\/Bekkjarnamskra-9.bekkur-Skolaithrottir-1.pdf\">\u00cd\u00fer\u00f3ttir<\/a><\/td>\n<td><a href=\"https:\/\/dev.borgarbyggd.is\/grunnborg\/wp-content\/uploads\/sites\/2\/2025\/11\/Bekkjarnamskra-10.bekkur-Skolaithrottir-og-sund-1.pdf\">\u00cd\u00fer\u00f3ttir og sund<\/a><\/td>\n<\/tr>\n<tr>\n<td><a href=\"https:\/\/dev.borgarbyggd.is\/grunnborg\/wp-content\/uploads\/sites\/2\/2025\/11\/6.-bekkur-sund-1.pdf\">Sund<\/a><\/td>\n<td><a href=\"https:\/\/dev.borgarbyggd.is\/grunnborg\/wp-content\/uploads\/sites\/2\/2025\/11\/7-bekkur-Sund-1.pdf\">Sund<\/a><\/td>\n<td><a href=\"https:\/\/dev.borgarbyggd.is\/grunnborg\/wp-content\/uploads\/sites\/2\/2025\/11\/Bekkjarnamskra-8.bekkur-Sund-1.pdf\">Sund<\/a><\/td>\n<td><a href=\"https:\/\/dev.borgarbyggd.is\/grunnborg\/wp-content\/uploads\/sites\/2\/2025\/11\/Bekkjarnamskra-9.bekkur-Sund-1.pdf\">Sund<\/a><\/td>\n<td><a href=\"https:\/\/dev.borgarbyggd.is\/grunnborg\/wp-content\/uploads\/sites\/2\/2025\/11\/Bekkjarnamskra-\u2013-Honnun-og-smidi-1-5.pdf\">H\u00f6nnun og sm\u00ed\u00f0i<\/a><\/td>\n<\/tr>\n<tr>\n<td><a href=\"https:\/\/dev.borgarbyggd.is\/grunnborg\/wp-content\/uploads\/sites\/2\/2025\/11\/Honnun-og-smidi-Bekkjarnamskra-6.-bekkur-lykilhaefni.pdf\">H\u00f6nnun og sm\u00ed\u00f0i<\/a><\/td>\n<td><a href=\"https:\/\/dev.borgarbyggd.is\/grunnborg\/wp-content\/uploads\/sites\/2\/2025\/11\/Honnun-og-smidi-Bekkjarnamskra-7.-bekkur-lykilhaefni.pdf\">H\u00f6nnun og sm\u00ed\u00f0i<\/a><\/td>\n<td><a href=\"https:\/\/dev.borgarbyggd.is\/grunnborg\/wp-content\/uploads\/sites\/2\/2025\/11\/Bekkjarnamskra-\u2013-Honnun-og-smidi-1-3.pdf\">H\u00f6nnun og sm\u00ed\u00f0i<\/a><\/td>\n<td><a href=\"https:\/\/dev.borgarbyggd.is\/grunnborg\/wp-content\/uploads\/sites\/2\/2025\/11\/Bekkjarnamskra-\u2013-Honnun-og-smidi-1-4.pdf\">H\u00f6nnun og sm\u00ed\u00f0i<\/a><\/td>\n<td><a href=\"https:\/\/dev.borgarbyggd.is\/grunnborg\/wp-content\/uploads\/sites\/2\/2025\/11\/9.b-Heimilisfr-1.pdf\">Heimilisfr\u00e6\u00f0i<\/a><\/td>\n<\/tr>\n<tr>\n<td><a href=\"https:\/\/dev.borgarbyggd.is\/grunnborg\/wp-content\/uploads\/sites\/2\/2025\/11\/6.b-heimilisfr.pdf\">Heimilisfr\u00e6\u00f0i<\/a><\/td>\n<td><a href=\"https:\/\/dev.borgarbyggd.is\/grunnborg\/wp-content\/uploads\/sites\/2\/2025\/11\/7.b-heimilisfr.pdf\">Heimilisfr\u00e6\u00f0i<\/a><\/td>\n<td><a href=\"https:\/\/dev.borgarbyggd.is\/grunnborg\/wp-content\/uploads\/sites\/2\/2025\/11\/8.b-Heimilisfr.pdf\">Heimilisfr\u00e6\u00f0i<\/a><\/td>\n<td><a href=\"https:\/\/dev.borgarbyggd.is\/grunnborg\/wp-content\/uploads\/sites\/2\/2025\/11\/9.b-Heimilisfr.pdf\">Heimilisfr\u00e6\u00f0i<\/a><\/td>\n<td><a href=\"https:\/\/dev.borgarbyggd.is\/grunnborg\/wp-content\/uploads\/sites\/2\/2025\/11\/Myndmennt-bekkjarnamskra-25-26-1.pdf\">Myndmennt<\/a><\/td>\n<\/tr>\n<tr>\n<td><a href=\"https:\/\/dev.borgarbyggd.is\/grunnborg\/wp-content\/uploads\/sites\/2\/2025\/11\/6.bekkur-Upplysingataekni-2025-2026-1.pdf\">Uppl\u00fdsingat\u00e6kni<\/a><\/td>\n<td><a href=\"https:\/\/dev.borgarbyggd.is\/grunnborg\/wp-content\/uploads\/sites\/2\/2025\/11\/7.-bekkur-Upplysingataekni-2025-2026.pdf\">Uppl\u00fdsingat\u00e6kni<\/a><\/td>\n<td><a href=\"https:\/\/dev.borgarbyggd.is\/grunnborg\/wp-content\/uploads\/sites\/2\/2025\/11\/Myndmennt-Bekkjarnamskra-8.bekkur-25-26-1.pdf\">Myndmennt<\/a><\/td>\n<td><a href=\"https:\/\/dev.borgarbyggd.is\/grunnborg\/wp-content\/uploads\/sites\/2\/2025\/11\/Myndmennt-Bekkjarnamsskra-9.bekkur-25-26-1.pdf\">Myndmennt<\/a><\/td>\n<td><\/td>\n<\/tr>\n<tr>\n<td><a href=\"https:\/\/dev.borgarbyggd.is\/grunnborg\/wp-content\/uploads\/sites\/2\/2025\/11\/Myndmennt-Bekkjarnamskra-6.bekkur-25-26-1.pdf\">Myndmennt<\/a><\/td>\n<td><a href=\"https:\/\/dev.borgarbyggd.is\/grunnborg\/wp-content\/uploads\/sites\/2\/2025\/11\/Myndmennt-Bekkjarnamskra-7.bekkur-25-26-1.pdf\">Myndmennt<\/a><\/td>\n<td><\/td>\n<td><\/td>\n<td><\/td>\n<\/tr>\n<tr>\n<td><\/td>\n<td><a href=\"https:\/\/dev.borgarbyggd.is\/grunnborg\/wp-content\/uploads\/sites\/2\/2025\/11\/Lykilhaefni-7.-bekkur-2025-2026-1.pdf\">Lykilh\u00e6fni<\/a><\/td>\n<td><\/td>\n<td><\/td>\n<td><\/td>\n<\/tr>\n<tr>\n<td><\/td>\n<td><\/td>\n<td><\/td>\n<td><\/td>\n<td><\/td>\n<\/tr>\n<\/tbody>\n<\/table>\n<p>&nbsp;<\/p>\n<hr \/>\n<p><strong>Val\u00e1fangar<\/strong><\/p>\n<p>Val\u00e1fangar eru \u00ed bo\u00f0i b\u00e6\u00f0i \u00e1 mi\u00f0- og unglingastigi. Tilgangurinn me\u00f0 valfrelsi er a\u00f0 h\u00e6gt s\u00e9 a\u00f0 laga n\u00e1mi\u00f0 sem mest a\u00f0 \u00fe\u00f6rfum einstaklingsins og gera hverjum og einum kleift a\u00f0 leggja eigin \u00e1herslur \u00ed n\u00e1mi mi\u00f0a\u00f0 vi\u00f0 \u00e1hugasvi\u00f0 og framt\u00ed\u00f0ar\u00e1form.<\/p>\n<p>\u00c1 mi\u00f0stigi skiptist vali\u00f0 upp \u00ed fj\u00f3rar lotur yfir veturinn, tv\u00e6r fyrir \u00e1ram\u00f3t og tv\u00e6r eftir \u00e1ram\u00f3t. \u00cd hverri lotu er bo\u00f0i\u00f0 upp\u00e1 sex til \u00e1tta mismunandi valgreinar. Nemendur velja s\u00e9r grein eftir \u00e1hugasvi\u00f0i og s\u00ed\u00f0an tv\u00e6r til vara.<\/p>\n<p>\u00c1 unglingastigi er vali\u00f0 me\u00f0 tvennum h\u00e6tti. Annars vegar er val einu sinni \u00ed viku sem skiptist upp \u00ed fj\u00f3rar lotur yfir veturinn. \u00cd hverri lotu er bo\u00f0i\u00f0 upp\u00e1 sex til n\u00edu mismunandi valgreinar. Hins vegar eru Smi\u00f0juhelgar tvisvar yfir sk\u00f3la\u00e1ri\u00f0. Nemendur eru einum t\u00edma skemur \u00e1 viku \u00ed sk\u00f3lanum en vi\u00f0mi\u00f0 gera r\u00e1\u00f0 fyrir allt sk\u00f3la\u00e1ri\u00f0, en \u00ed sta\u00f0inn vinna \u00feeir me\u00f0 \u00feessum h\u00e6tti eina helgi \u00e1 \u00f6nn. Unni\u00f0 er \u00ed smi\u00f0jum fr\u00e1 14.30 \u00e1 f\u00f6studegi til kl. 18:30 og s\u00ed\u00f0an kl. 8:30 \u00e1 laugardegi til 14:30. Tilgangur smi\u00f0janna er a\u00f0 m\u00e6ta vali fyrir unglingana me\u00f0 \u00f6\u00f0rum h\u00e6tti en almennt t\u00ed\u00f0kast og gefa \u00feeim kost \u00e1 a\u00f0 hafa meira um val sitt a\u00f0 segja.<\/p>\n<p>N\u00e1nari kynning \u00e1 \u00feeim val\u00e1f\u00f6ngum sem eru \u00ed bo\u00f0i:<\/p>\n<p>&nbsp;<\/p>\n","protected":false},"excerpt":{"rendered":"<p>Sk\u00f3lan\u00e1mskr\u00e1 Grunnsk\u00f3lans \u00ed Borgarnesi skiptist \u00ed fj\u00f3ra hluta; almennan hluta, starfs\u00e1\u00e6tlun sk\u00f3la, bekkjarn\u00e1mskr\u00e1r og starfsmannahandb\u00f3k sem er innanh\u00fasrit. Allir \u00feessir hlutar taka mi\u00f0 af A\u00f0aln\u00e1mskr\u00e1 grunnsk\u00f3la. Sk\u00f3lan\u00e1mskr\u00e1in er birt me\u00f0 fyrirvara um breytingar. Almennur hluti (er \u00ed endursko\u00f0un) Starfs\u00e1\u00e6tlun sk\u00f3lans fyrir sk\u00f3la\u00e1ri\u00f0 2025 &#8211; 2026 &nbsp; \u00cd bekkjarn\u00e1mskr\u00e1m hvers n\u00e1msh\u00f3ps koma fram n\u00e1msmarkmi\u00f0 sem sett eru fram samkv\u00e6mt A\u00f0aln\u00e1mskr\u00e1 grunnsk\u00f3la &#8230; <\/p>\n<div><a href=\"https:\/\/dev.borgarbyggd.is\/grunnborg\/nam-og-kennsla\/skolanamskra\/\" class=\"more-link\">Read More<\/a><\/div>\n","protected":false},"author":4,"featured_media":0,"parent":50,"menu_order":0,"comment_status":"closed","ping_status":"closed","template":"","meta":{"_acf_changed":false,"footnotes":""},"class_list":["post-324","page","type-page","status-publish","hentry","no-post-thumbnail"],"acf":{"quickaccess":false},"yoast_head":"<!-- This site is optimized with the Yoast SEO plugin v24.0 - https:\/\/yoast.com\/wordpress\/plugins\/seo\/ -->\n<title>Sk\u00f3lan\u00e1mskr\u00e1 - Grunnsk\u00f3linn \u00ed Borgarnesi<\/title>\n<meta name=\"robots\" content=\"index, follow, max-snippet:-1, max-image-preview:large, max-video-preview:-1\" \/>\n<link rel=\"canonical\" href=\"https:\/\/dev.borgarbyggd.is\/grunnborg\/nam-og-kennsla\/skolanamskra\/\" \/>\n<meta property=\"og:locale\" content=\"en_US\" \/>\n<meta property=\"og:type\" content=\"article\" \/>\n<meta property=\"og:title\" content=\"Sk\u00f3lan\u00e1mskr\u00e1 - Grunnsk\u00f3linn \u00ed Borgarnesi\" \/>\n<meta property=\"og:description\" content=\"Sk\u00f3lan\u00e1mskr\u00e1 Grunnsk\u00f3lans \u00ed Borgarnesi skiptist \u00ed fj\u00f3ra hluta; almennan hluta, starfs\u00e1\u00e6tlun sk\u00f3la, bekkjarn\u00e1mskr\u00e1r og starfsmannahandb\u00f3k sem er innanh\u00fasrit. Allir \u00feessir hlutar taka mi\u00f0 af A\u00f0aln\u00e1mskr\u00e1 grunnsk\u00f3la. Sk\u00f3lan\u00e1mskr\u00e1in er birt me\u00f0 fyrirvara um breytingar. Almennur hluti (er \u00ed endursko\u00f0un) Starfs\u00e1\u00e6tlun sk\u00f3lans fyrir sk\u00f3la\u00e1ri\u00f0 2025 &#8211; 2026 &nbsp; \u00cd bekkjarn\u00e1mskr\u00e1m hvers n\u00e1msh\u00f3ps koma fram n\u00e1msmarkmi\u00f0 sem sett eru fram samkv\u00e6mt A\u00f0aln\u00e1mskr\u00e1 grunnsk\u00f3la ... Read More\" \/>\n<meta property=\"og:url\" content=\"https:\/\/dev.borgarbyggd.is\/grunnborg\/nam-og-kennsla\/skolanamskra\/\" \/>\n<meta property=\"og:site_name\" content=\"Grunnsk\u00f3linn \u00ed Borgarnesi\" \/>\n<meta property=\"article:modified_time\" content=\"2025-11-25T09:09:19+00:00\" \/>\n<meta name=\"twitter:card\" content=\"summary_large_image\" \/>\n<meta name=\"twitter:label1\" content=\"Est. reading time\" \/>\n\t<meta name=\"twitter:data1\" content=\"2 minutes\" \/>\n<script type=\"application\/ld+json\" class=\"yoast-schema-graph\">{\"@context\":\"https:\/\/schema.org\",\"@graph\":[{\"@type\":\"WebPage\",\"@id\":\"https:\/\/dev.borgarbyggd.is\/grunnborg\/nam-og-kennsla\/skolanamskra\/\",\"url\":\"https:\/\/dev.borgarbyggd.is\/grunnborg\/nam-og-kennsla\/skolanamskra\/\",\"name\":\"Sk\u00f3lan\u00e1mskr\u00e1 - Grunnsk\u00f3linn \u00ed Borgarnesi\",\"isPartOf\":{\"@id\":\"https:\/\/dev.borgarbyggd.is\/grunnborg\/#website\"},\"datePublished\":\"2023-10-05T09:35:23+00:00\",\"dateModified\":\"2025-11-25T09:09:19+00:00\",\"breadcrumb\":{\"@id\":\"https:\/\/dev.borgarbyggd.is\/grunnborg\/nam-og-kennsla\/skolanamskra\/#breadcrumb\"},\"inLanguage\":\"en-US\",\"potentialAction\":[{\"@type\":\"ReadAction\",\"target\":[\"https:\/\/dev.borgarbyggd.is\/grunnborg\/nam-og-kennsla\/skolanamskra\/\"]}]},{\"@type\":\"BreadcrumbList\",\"@id\":\"https:\/\/dev.borgarbyggd.is\/grunnborg\/nam-og-kennsla\/skolanamskra\/#breadcrumb\",\"itemListElement\":[{\"@type\":\"ListItem\",\"position\":1,\"name\":\"Home\",\"item\":\"https:\/\/dev.borgarbyggd.is\/grunnborg\/\"},{\"@type\":\"ListItem\",\"position\":2,\"name\":\"N\u00e1m og kennsla\",\"item\":\"https:\/\/dev.borgarbyggd.is\/grunnborg\/nam-og-kennsla\/\"},{\"@type\":\"ListItem\",\"position\":3,\"name\":\"Sk\u00f3lan\u00e1mskr\u00e1\"}]},{\"@type\":\"WebSite\",\"@id\":\"https:\/\/dev.borgarbyggd.is\/grunnborg\/#website\",\"url\":\"https:\/\/dev.borgarbyggd.is\/grunnborg\/\",\"name\":\"Grunnsk\u00f3linn \u00ed Borgarnesi\",\"description\":\"\",\"potentialAction\":[{\"@type\":\"SearchAction\",\"target\":{\"@type\":\"EntryPoint\",\"urlTemplate\":\"https:\/\/dev.borgarbyggd.is\/grunnborg\/?s={search_term_string}\"},\"query-input\":{\"@type\":\"PropertyValueSpecification\",\"valueRequired\":true,\"valueName\":\"search_term_string\"}}],\"inLanguage\":\"en-US\"}]}<\/script>\n<!-- \/ Yoast SEO plugin. -->","yoast_head_json":{"title":"Sk\u00f3lan\u00e1mskr\u00e1 - Grunnsk\u00f3linn \u00ed Borgarnesi","robots":{"index":"index","follow":"follow","max-snippet":"max-snippet:-1","max-image-preview":"max-image-preview:large","max-video-preview":"max-video-preview:-1"},"canonical":"https:\/\/dev.borgarbyggd.is\/grunnborg\/nam-og-kennsla\/skolanamskra\/","og_locale":"en_US","og_type":"article","og_title":"Sk\u00f3lan\u00e1mskr\u00e1 - Grunnsk\u00f3linn \u00ed Borgarnesi","og_description":"Sk\u00f3lan\u00e1mskr\u00e1 Grunnsk\u00f3lans \u00ed Borgarnesi skiptist \u00ed fj\u00f3ra hluta; almennan hluta, starfs\u00e1\u00e6tlun sk\u00f3la, bekkjarn\u00e1mskr\u00e1r og starfsmannahandb\u00f3k sem er innanh\u00fasrit. Allir \u00feessir hlutar taka mi\u00f0 af A\u00f0aln\u00e1mskr\u00e1 grunnsk\u00f3la. Sk\u00f3lan\u00e1mskr\u00e1in er birt me\u00f0 fyrirvara um breytingar. Almennur hluti (er \u00ed endursko\u00f0un) Starfs\u00e1\u00e6tlun sk\u00f3lans fyrir sk\u00f3la\u00e1ri\u00f0 2025 &#8211; 2026 &nbsp; \u00cd bekkjarn\u00e1mskr\u00e1m hvers n\u00e1msh\u00f3ps koma fram n\u00e1msmarkmi\u00f0 sem sett eru fram samkv\u00e6mt A\u00f0aln\u00e1mskr\u00e1 grunnsk\u00f3la ... Read More","og_url":"https:\/\/dev.borgarbyggd.is\/grunnborg\/nam-og-kennsla\/skolanamskra\/","og_site_name":"Grunnsk\u00f3linn \u00ed Borgarnesi","article_modified_time":"2025-11-25T09:09:19+00:00","twitter_card":"summary_large_image","twitter_misc":{"Est. reading time":"2 minutes"},"schema":{"@context":"https:\/\/schema.org","@graph":[{"@type":"WebPage","@id":"https:\/\/dev.borgarbyggd.is\/grunnborg\/nam-og-kennsla\/skolanamskra\/","url":"https:\/\/dev.borgarbyggd.is\/grunnborg\/nam-og-kennsla\/skolanamskra\/","name":"Sk\u00f3lan\u00e1mskr\u00e1 - Grunnsk\u00f3linn \u00ed Borgarnesi","isPartOf":{"@id":"https:\/\/dev.borgarbyggd.is\/grunnborg\/#website"},"datePublished":"2023-10-05T09:35:23+00:00","dateModified":"2025-11-25T09:09:19+00:00","breadcrumb":{"@id":"https:\/\/dev.borgarbyggd.is\/grunnborg\/nam-og-kennsla\/skolanamskra\/#breadcrumb"},"inLanguage":"en-US","potentialAction":[{"@type":"ReadAction","target":["https:\/\/dev.borgarbyggd.is\/grunnborg\/nam-og-kennsla\/skolanamskra\/"]}]},{"@type":"BreadcrumbList","@id":"https:\/\/dev.borgarbyggd.is\/grunnborg\/nam-og-kennsla\/skolanamskra\/#breadcrumb","itemListElement":[{"@type":"ListItem","position":1,"name":"Home","item":"https:\/\/dev.borgarbyggd.is\/grunnborg\/"},{"@type":"ListItem","position":2,"name":"N\u00e1m og kennsla","item":"https:\/\/dev.borgarbyggd.is\/grunnborg\/nam-og-kennsla\/"},{"@type":"ListItem","position":3,"name":"Sk\u00f3lan\u00e1mskr\u00e1"}]},{"@type":"WebSite","@id":"https:\/\/dev.borgarbyggd.is\/grunnborg\/#website","url":"https:\/\/dev.borgarbyggd.is\/grunnborg\/","name":"Grunnsk\u00f3linn \u00ed Borgarnesi","description":"","potentialAction":[{"@type":"SearchAction","target":{"@type":"EntryPoint","urlTemplate":"https:\/\/dev.borgarbyggd.is\/grunnborg\/?s={search_term_string}"},"query-input":{"@type":"PropertyValueSpecification","valueRequired":true,"valueName":"search_term_string"}}],"inLanguage":"en-US"}]}},"_links":{"self":[{"href":"https:\/\/dev.borgarbyggd.is\/grunnborg\/wp-json\/wp\/v2\/pages\/324","targetHints":{"allow":["GET"]}}],"collection":[{"href":"https:\/\/dev.borgarbyggd.is\/grunnborg\/wp-json\/wp\/v2\/pages"}],"about":[{"href":"https:\/\/dev.borgarbyggd.is\/grunnborg\/wp-json\/wp\/v2\/types\/page"}],"author":[{"embeddable":true,"href":"https:\/\/dev.borgarbyggd.is\/grunnborg\/wp-json\/wp\/v2\/users\/4"}],"replies":[{"embeddable":true,"href":"https:\/\/dev.borgarbyggd.is\/grunnborg\/wp-json\/wp\/v2\/comments?post=324"}],"version-history":[{"count":0,"href":"https:\/\/dev.borgarbyggd.is\/grunnborg\/wp-json\/wp\/v2\/pages\/324\/revisions"}],"up":[{"embeddable":true,"href":"https:\/\/dev.borgarbyggd.is\/grunnborg\/wp-json\/wp\/v2\/pages\/50"}],"wp:attachment":[{"href":"https:\/\/dev.borgarbyggd.is\/grunnborg\/wp-json\/wp\/v2\/media?parent=324"}],"curies":[{"name":"wp","href":"https:\/\/api.w.org\/{rel}","templated":true}]}}