{"version":"1.0","provider_name":"Grunnsk\u00f3linn \u00ed Borgarnesi","provider_url":"https:\/\/dev.borgarbyggd.is\/grunnborg","author_name":"huldag","author_url":"https:\/\/dev.borgarbyggd.is\/grunnborg\/author\/huldag\/","title":"St\u00e6r\u00f0fr\u00e6\u00f0ikeppni grunnsk\u00f3lanna \u00e1 Vesturlandi - Grunnsk\u00f3linn \u00ed Borgarnesi","type":"rich","width":600,"height":338,"html":"<blockquote class=\"wp-embedded-content\" data-secret=\"EII0tHJWyg\"><a href=\"https:\/\/dev.borgarbyggd.is\/grunnborg\/frettir\/staerdfraedikeppni-grunnskolanna-a-vesturlandi\/\">St\u00e6r\u00f0fr\u00e6\u00f0ikeppni grunnsk\u00f3lanna \u00e1 Vesturlandi<\/a><\/blockquote><iframe sandbox=\"allow-scripts\" security=\"restricted\" src=\"https:\/\/dev.borgarbyggd.is\/grunnborg\/frettir\/staerdfraedikeppni-grunnskolanna-a-vesturlandi\/embed\/#?secret=EII0tHJWyg\" width=\"600\" height=\"338\" title=\"&#8220;St\u00e6r\u00f0fr\u00e6\u00f0ikeppni grunnsk\u00f3lanna \u00e1 Vesturlandi&#8221; &#8212; Grunnsk\u00f3linn \u00ed Borgarnesi\" data-secret=\"EII0tHJWyg\" frameborder=\"0\" marginwidth=\"0\" marginheight=\"0\" scrolling=\"no\" class=\"wp-embedded-content\"><\/iframe><script type=\"text\/javascript\">\n\/* <![CDATA[ *\/\n\/*! This file is auto-generated *\/\n!function(d,l){\"use strict\";l.querySelector&&d.addEventListener&&\"undefined\"!=typeof URL&&(d.wp=d.wp||{},d.wp.receiveEmbedMessage||(d.wp.receiveEmbedMessage=function(e){var t=e.data;if((t||t.secret||t.message||t.value)&&!\/[^a-zA-Z0-9]\/.test(t.secret)){for(var s,r,n,a=l.querySelectorAll('iframe[data-secret=\"'+t.secret+'\"]'),o=l.querySelectorAll('blockquote[data-secret=\"'+t.secret+'\"]'),c=new RegExp(\"^https?:$\",\"i\"),i=0;i<o.length;i++)o[i].style.display=\"none\";for(i=0;i<a.length;i++)s=a[i],e.source===s.contentWindow&&(s.removeAttribute(\"style\"),\"height\"===t.message?(1e3<(r=parseInt(t.value,10))?r=1e3:~~r<200&&(r=200),s.height=r):\"link\"===t.message&&(r=new URL(s.getAttribute(\"src\")),n=new URL(t.value),c.test(n.protocol))&&n.host===r.host&&l.activeElement===s&&(d.top.location.href=t.value))}},d.addEventListener(\"message\",d.wp.receiveEmbedMessage,!1),l.addEventListener(\"DOMContentLoaded\",function(){for(var e,t,s=l.querySelectorAll(\"iframe.wp-embedded-content\"),r=0;r<s.length;r++)(t=(e=s[r]).getAttribute(\"data-secret\"))||(t=Math.random().toString(36).substring(2,12),e.src+=\"#?secret=\"+t,e.setAttribute(\"data-secret\",t)),e.contentWindow.postMessage({message:\"ready\",secret:t},\"*\")},!1)))}(window,document);\n\/\/# sourceURL=https:\/\/dev.borgarbyggd.is\/grunnborg\/wp-includes\/js\/wp-embed.min.js\n\/* ]]> *\/\n<\/script>\n","thumbnail_url":"https:\/\/dev.borgarbyggd.is\/grunnborg\/wp-content\/uploads\/sites\/2\/2024\/04\/Staekeppni.jpg","thumbnail_width":1438,"thumbnail_height":663,"description":"F\u00f6studaginn 8.mars f\u00f3r st\u00f3r h\u00f3pur \u00far unglingadeild \u00ed st\u00e6r\u00f0fr\u00e6\u00f0ikeppni FVA \u00e1 Akranesi. \u00dea\u00f0 hefur aldrei veri\u00f0 eins mikil \u00fe\u00e1tttaka eins og \u00ed \u00e1r og eru vi\u00f0 afar \u00e1n\u00e6g\u00f0 me\u00f0 okkar nemendur, en fr\u00e1 okkur t\u00f3ku 45 krakkar \u00fe\u00e1tt. \u00deeir nemendur sem voru \u00ed efstu t\u00edu s\u00e6tunum voru bo\u00f0nir \u00e1 ver\u00f0launaafhendingu sl. laugardag og \u00e1ttum vi\u00f0 \u00fear tvo fulltr\u00faa \u00ed 8.bekk, ... Read More"}