{"version":"1.0","provider_name":"Grunnsk\u00f3linn \u00ed Borgarnesi","provider_url":"https:\/\/dev.borgarbyggd.is\/grunnborg","author_name":"sunna","author_url":"https:\/\/dev.borgarbyggd.is\/grunnborg\/author\/sunna\/","title":"Sk\u00f3lasetning haust 2025 - Grunnsk\u00f3linn \u00ed Borgarnesi","type":"rich","width":600,"height":338,"html":"<blockquote class=\"wp-embedded-content\" data-secret=\"xr9v9UaPtp\"><a href=\"https:\/\/dev.borgarbyggd.is\/grunnborg\/frettir\/skolasetning-haust-2025\/\">Sk\u00f3lasetning haust 2025<\/a><\/blockquote><iframe sandbox=\"allow-scripts\" security=\"restricted\" src=\"https:\/\/dev.borgarbyggd.is\/grunnborg\/frettir\/skolasetning-haust-2025\/embed\/#?secret=xr9v9UaPtp\" width=\"600\" height=\"338\" title=\"&#8220;Sk\u00f3lasetning haust 2025&#8221; &#8212; Grunnsk\u00f3linn \u00ed Borgarnesi\" data-secret=\"xr9v9UaPtp\" frameborder=\"0\" marginwidth=\"0\" marginheight=\"0\" scrolling=\"no\" class=\"wp-embedded-content\"><\/iframe><script type=\"text\/javascript\">\n\/* <![CDATA[ *\/\n\/*! This file is auto-generated *\/\n!function(d,l){\"use strict\";l.querySelector&&d.addEventListener&&\"undefined\"!=typeof URL&&(d.wp=d.wp||{},d.wp.receiveEmbedMessage||(d.wp.receiveEmbedMessage=function(e){var t=e.data;if((t||t.secret||t.message||t.value)&&!\/[^a-zA-Z0-9]\/.test(t.secret)){for(var s,r,n,a=l.querySelectorAll('iframe[data-secret=\"'+t.secret+'\"]'),o=l.querySelectorAll('blockquote[data-secret=\"'+t.secret+'\"]'),c=new RegExp(\"^https?:$\",\"i\"),i=0;i<o.length;i++)o[i].style.display=\"none\";for(i=0;i<a.length;i++)s=a[i],e.source===s.contentWindow&&(s.removeAttribute(\"style\"),\"height\"===t.message?(1e3<(r=parseInt(t.value,10))?r=1e3:~~r<200&&(r=200),s.height=r):\"link\"===t.message&&(r=new URL(s.getAttribute(\"src\")),n=new URL(t.value),c.test(n.protocol))&&n.host===r.host&&l.activeElement===s&&(d.top.location.href=t.value))}},d.addEventListener(\"message\",d.wp.receiveEmbedMessage,!1),l.addEventListener(\"DOMContentLoaded\",function(){for(var e,t,s=l.querySelectorAll(\"iframe.wp-embedded-content\"),r=0;r<s.length;r++)(t=(e=s[r]).getAttribute(\"data-secret\"))||(t=Math.random().toString(36).substring(2,12),e.src+=\"#?secret=\"+t,e.setAttribute(\"data-secret\",t)),e.contentWindow.postMessage({message:\"ready\",secret:t},\"*\")},!1)))}(window,document);\n\/\/# sourceURL=https:\/\/dev.borgarbyggd.is\/grunnborg\/wp-includes\/js\/wp-embed.min.js\n\/* ]]> *\/\n<\/script>\n","thumbnail_url":"https:\/\/dev.borgarbyggd.is\/grunnborg\/wp-content\/uploads\/sites\/2\/2025\/08\/thumbnail_Outlook-mqmwafps.png","thumbnail_width":244,"thumbnail_height":90,"description":"&nbsp; Sk\u00f3la\u00e1ri\u00f0 2025 &#8211; 2026 hefst formlega me\u00f0 sk\u00f3lasetningu m\u00e1nudaginn 25. \u00e1g\u00fast Sk\u00f3laakstur ver\u00f0ur b\u00e6\u00f0i innanb\u00e6jar og \u00far dreifb\u00fdli. Vi\u00f0 viljum bi\u00f0ja \u00fe\u00e1 sem ekki \u00e6tla a\u00f0 n\u00fdta s\u00e9r akstur \u00far sveitinni a\u00f0 l\u00e1ta vita \u00ed s\u00edna b\u00edla. \u00c1\u00e6tla\u00f0 er a\u00f0 innanb\u00e6jarsk\u00f3lab\u00edll fari \u00far Sandv\u00edk kl. 9:40. B\u00edlar flytja nemendur heim a\u00f0 lokinni sk\u00f3lasetningu. Sk\u00f3lasetning fer fram 25. \u00e1g\u00fast \u00ed ... Read More"}