{"version":"1.0","provider_name":"Grunnsk\u00f3linn \u00ed Borgarnesi","provider_url":"https:\/\/dev.borgarbyggd.is\/grunnborg","author_name":"huldag","author_url":"https:\/\/dev.borgarbyggd.is\/grunnborg\/author\/huldag\/","title":"Sk\u00f3laheims\u00f3kn fr\u00e1 T\u00e9kklandi - Grunnsk\u00f3linn \u00ed Borgarnesi","type":"rich","width":600,"height":338,"html":"<blockquote class=\"wp-embedded-content\" data-secret=\"x9pbBst3sf\"><a href=\"https:\/\/dev.borgarbyggd.is\/grunnborg\/frettir\/skolaheimsokn-fra-tekklandi\/\">Sk\u00f3laheims\u00f3kn fr\u00e1 T\u00e9kklandi<\/a><\/blockquote><iframe sandbox=\"allow-scripts\" security=\"restricted\" src=\"https:\/\/dev.borgarbyggd.is\/grunnborg\/frettir\/skolaheimsokn-fra-tekklandi\/embed\/#?secret=x9pbBst3sf\" width=\"600\" height=\"338\" title=\"&#8220;Sk\u00f3laheims\u00f3kn fr\u00e1 T\u00e9kklandi&#8221; &#8212; Grunnsk\u00f3linn \u00ed Borgarnesi\" data-secret=\"x9pbBst3sf\" frameborder=\"0\" marginwidth=\"0\" marginheight=\"0\" scrolling=\"no\" class=\"wp-embedded-content\"><\/iframe><script type=\"text\/javascript\">\n\/* <![CDATA[ *\/\n\/*! This file is auto-generated *\/\n!function(d,l){\"use strict\";l.querySelector&&d.addEventListener&&\"undefined\"!=typeof URL&&(d.wp=d.wp||{},d.wp.receiveEmbedMessage||(d.wp.receiveEmbedMessage=function(e){var t=e.data;if((t||t.secret||t.message||t.value)&&!\/[^a-zA-Z0-9]\/.test(t.secret)){for(var s,r,n,a=l.querySelectorAll('iframe[data-secret=\"'+t.secret+'\"]'),o=l.querySelectorAll('blockquote[data-secret=\"'+t.secret+'\"]'),c=new RegExp(\"^https?:$\",\"i\"),i=0;i<o.length;i++)o[i].style.display=\"none\";for(i=0;i<a.length;i++)s=a[i],e.source===s.contentWindow&&(s.removeAttribute(\"style\"),\"height\"===t.message?(1e3<(r=parseInt(t.value,10))?r=1e3:~~r<200&&(r=200),s.height=r):\"link\"===t.message&&(r=new URL(s.getAttribute(\"src\")),n=new URL(t.value),c.test(n.protocol))&&n.host===r.host&&l.activeElement===s&&(d.top.location.href=t.value))}},d.addEventListener(\"message\",d.wp.receiveEmbedMessage,!1),l.addEventListener(\"DOMContentLoaded\",function(){for(var e,t,s=l.querySelectorAll(\"iframe.wp-embedded-content\"),r=0;r<s.length;r++)(t=(e=s[r]).getAttribute(\"data-secret\"))||(t=Math.random().toString(36).substring(2,12),e.src+=\"#?secret=\"+t,e.setAttribute(\"data-secret\",t)),e.contentWindow.postMessage({message:\"ready\",secret:t},\"*\")},!1)))}(window,document);\n\/\/# sourceURL=https:\/\/dev.borgarbyggd.is\/grunnborg\/wp-includes\/js\/wp-embed.min.js\n\/* ]]> *\/\n<\/script>\n","thumbnail_url":"https:\/\/dev.borgarbyggd.is\/grunnborg\/wp-content\/uploads\/sites\/2\/2024\/05\/er8.jpg","thumbnail_width":2048,"thumbnail_height":1536,"description":"Samstarfssk\u00f3linn okkar er Z\u00e1kladn\u00ed Skola Karla Jer\u00e1bka, \u00ed b\u00e6num Roudnice nad Labem \u00ed T\u00e9kklandi. Vikuna 22. \u2013 26.apr\u00edl sl. voru fimmt\u00e1n nemendur \u00fea\u00f0an \u00ed heims\u00f3kn h\u00e9r \u00ed sk\u00f3lanum, \u00e1samt a\u00f0sto\u00f0arsk\u00f3lastj\u00f3ra og tveimur kennurum. Nemendur \u00ed 8. og 9.bekk, sem hafa \u00ed vetur veri\u00f0 \u00ed valgreininni \u201eErlent samstarf\u201c voru gestgjafar \u00feeirra h\u00e9r, \u00e1samt n\u00e1tt\u00farufr\u00e6\u00f0ikennara og verkefnisstj\u00f3ra. D\u00e1samlegt ve\u00f0ur og hressandi verkefni ... Read More"}