{"version":"1.0","provider_name":"Grunnsk\u00f3linn \u00ed Borgarnesi","provider_url":"https:\/\/dev.borgarbyggd.is\/grunnborg","author_name":"guddis","author_url":"https:\/\/dev.borgarbyggd.is\/grunnborg\/author\/guddis\/","title":"\u00d6rsaga \u00far sk\u00f3lastarfi - Grunnsk\u00f3linn \u00ed Borgarnesi","type":"rich","width":600,"height":338,"html":"<blockquote class=\"wp-embedded-content\" data-secret=\"GQDJ5T2qkP\"><a href=\"https:\/\/dev.borgarbyggd.is\/grunnborg\/frettir\/orsaga-ur-skolastarfi\/\">\u00d6rsaga \u00far sk\u00f3lastarfi<\/a><\/blockquote><iframe sandbox=\"allow-scripts\" security=\"restricted\" src=\"https:\/\/dev.borgarbyggd.is\/grunnborg\/frettir\/orsaga-ur-skolastarfi\/embed\/#?secret=GQDJ5T2qkP\" width=\"600\" height=\"338\" title=\"&#8220;\u00d6rsaga \u00far sk\u00f3lastarfi&#8221; &#8212; Grunnsk\u00f3linn \u00ed Borgarnesi\" data-secret=\"GQDJ5T2qkP\" frameborder=\"0\" marginwidth=\"0\" marginheight=\"0\" scrolling=\"no\" class=\"wp-embedded-content\"><\/iframe><script type=\"text\/javascript\">\n\/* <![CDATA[ *\/\n\/*! This file is auto-generated *\/\n!function(d,l){\"use strict\";l.querySelector&&d.addEventListener&&\"undefined\"!=typeof URL&&(d.wp=d.wp||{},d.wp.receiveEmbedMessage||(d.wp.receiveEmbedMessage=function(e){var t=e.data;if((t||t.secret||t.message||t.value)&&!\/[^a-zA-Z0-9]\/.test(t.secret)){for(var s,r,n,a=l.querySelectorAll('iframe[data-secret=\"'+t.secret+'\"]'),o=l.querySelectorAll('blockquote[data-secret=\"'+t.secret+'\"]'),c=new RegExp(\"^https?:$\",\"i\"),i=0;i<o.length;i++)o[i].style.display=\"none\";for(i=0;i<a.length;i++)s=a[i],e.source===s.contentWindow&&(s.removeAttribute(\"style\"),\"height\"===t.message?(1e3<(r=parseInt(t.value,10))?r=1e3:~~r<200&&(r=200),s.height=r):\"link\"===t.message&&(r=new URL(s.getAttribute(\"src\")),n=new URL(t.value),c.test(n.protocol))&&n.host===r.host&&l.activeElement===s&&(d.top.location.href=t.value))}},d.addEventListener(\"message\",d.wp.receiveEmbedMessage,!1),l.addEventListener(\"DOMContentLoaded\",function(){for(var e,t,s=l.querySelectorAll(\"iframe.wp-embedded-content\"),r=0;r<s.length;r++)(t=(e=s[r]).getAttribute(\"data-secret\"))||(t=Math.random().toString(36).substring(2,12),e.src+=\"#?secret=\"+t,e.setAttribute(\"data-secret\",t)),e.contentWindow.postMessage({message:\"ready\",secret:t},\"*\")},!1)))}(window,document);\n\/\/# sourceURL=https:\/\/dev.borgarbyggd.is\/grunnborg\/wp-includes\/js\/wp-embed.min.js\n\/* ]]> *\/\n<\/script>\n","thumbnail_url":"https:\/\/dev.borgarbyggd.is\/grunnborg\/wp-content\/uploads\/sites\/2\/2026\/04\/toti-8-1015x1024.png","thumbnail_width":1015,"thumbnail_height":1024,"description":"\u00de\u00f3rarinn Torfi sm\u00ed\u00f0akennari gaf \u00fat lag um d\u00f3ttur s\u00edna 3 apr\u00edl s.l. og er \u00fea\u00f0 Eva kona hans sem\u00a0 syngur. Lagi\u00f0 er sami\u00f0 fyrir r\u00famlega 20 \u00e1rum og er r\u00f3legt og notalegt.\u00a0 En me\u00f0 laginu vanta\u00f0i mynd til a\u00f0 kynna lagi\u00f0 og \u00feegar T\u00f3ti og Anna Sigr\u00ed\u00f0ur Gu\u00f0brandsd\u00f3ttir myndlistarkennari\u00a0 f\u00f3ru a\u00f0 spjalla kom upp s\u00fa hugmynd a\u00f0 hafa keppni \u00ed ... Read More"}