{"version":"1.0","provider_name":"Grunnsk\u00f3linn \u00ed Borgarnesi","provider_url":"https:\/\/dev.borgarbyggd.is\/grunnborg","author_name":"huldag","author_url":"https:\/\/dev.borgarbyggd.is\/grunnborg\/author\/huldag\/","title":"Opinn dagur 2. ma\u00ed. - Grunnsk\u00f3linn \u00ed Borgarnesi","type":"rich","width":600,"height":338,"html":"<blockquote class=\"wp-embedded-content\" data-secret=\"ssc3FSSUGl\"><a href=\"https:\/\/dev.borgarbyggd.is\/grunnborg\/frettir\/opinn-dagur-2-mai\/\">Opinn dagur 2. ma\u00ed.<\/a><\/blockquote><iframe sandbox=\"allow-scripts\" security=\"restricted\" src=\"https:\/\/dev.borgarbyggd.is\/grunnborg\/frettir\/opinn-dagur-2-mai\/embed\/#?secret=ssc3FSSUGl\" width=\"600\" height=\"338\" title=\"&#8220;Opinn dagur 2. ma\u00ed.&#8221; &#8212; Grunnsk\u00f3linn \u00ed Borgarnesi\" data-secret=\"ssc3FSSUGl\" frameborder=\"0\" marginwidth=\"0\" marginheight=\"0\" scrolling=\"no\" class=\"wp-embedded-content\"><\/iframe><script type=\"text\/javascript\">\n\/* <![CDATA[ *\/\n\/*! This file is auto-generated *\/\n!function(d,l){\"use strict\";l.querySelector&&d.addEventListener&&\"undefined\"!=typeof URL&&(d.wp=d.wp||{},d.wp.receiveEmbedMessage||(d.wp.receiveEmbedMessage=function(e){var t=e.data;if((t||t.secret||t.message||t.value)&&!\/[^a-zA-Z0-9]\/.test(t.secret)){for(var s,r,n,a=l.querySelectorAll('iframe[data-secret=\"'+t.secret+'\"]'),o=l.querySelectorAll('blockquote[data-secret=\"'+t.secret+'\"]'),c=new RegExp(\"^https?:$\",\"i\"),i=0;i<o.length;i++)o[i].style.display=\"none\";for(i=0;i<a.length;i++)s=a[i],e.source===s.contentWindow&&(s.removeAttribute(\"style\"),\"height\"===t.message?(1e3<(r=parseInt(t.value,10))?r=1e3:~~r<200&&(r=200),s.height=r):\"link\"===t.message&&(r=new URL(s.getAttribute(\"src\")),n=new URL(t.value),c.test(n.protocol))&&n.host===r.host&&l.activeElement===s&&(d.top.location.href=t.value))}},d.addEventListener(\"message\",d.wp.receiveEmbedMessage,!1),l.addEventListener(\"DOMContentLoaded\",function(){for(var e,t,s=l.querySelectorAll(\"iframe.wp-embedded-content\"),r=0;r<s.length;r++)(t=(e=s[r]).getAttribute(\"data-secret\"))||(t=Math.random().toString(36).substring(2,12),e.src+=\"#?secret=\"+t,e.setAttribute(\"data-secret\",t)),e.contentWindow.postMessage({message:\"ready\",secret:t},\"*\")},!1)))}(window,document);\n\/\/# sourceURL=https:\/\/dev.borgarbyggd.is\/grunnborg\/wp-includes\/js\/wp-embed.min.js\n\/* ]]> *\/\n<\/script>\n","thumbnail_url":"https:\/\/dev.borgarbyggd.is\/grunnborg\/wp-content\/uploads\/sites\/2\/2024\/05\/op5afrit.jpg","thumbnail_width":1536,"thumbnail_height":1149,"description":"\u00deann 2. ma\u00ed var Opinn dagur \u00ed grunnsk\u00f3lanum og var gestum og gangandi bo\u00f0i\u00f0 a\u00f0 k\u00edkja vi\u00f0 og sj\u00e1 hva\u00f0 um er a\u00f0 vera \u00ed sk\u00f3lanum. Bekkirnir voru me\u00f0 \u00fdmsa vi\u00f0bur\u00f0i \u00e1 me\u00f0an \u00e1 opnuninni st\u00f3\u00f0 og var 9. bekkur me\u00f0 kaffis\u00f6lu \u00e1samt \u00fev\u00ed a\u00f0 selja \u00fe\u00e6r v\u00f6rur sem \u00feau h\u00f6nnu\u00f0u og framleiddu \u00ed n\u00fdsk\u00f6pun \u00ed vetur. Allur \u00e1g\u00f3\u00f0i s\u00f6lunnar ... Read More"}