{"version":"1.0","provider_name":"Grunnsk\u00f3linn \u00ed Borgarnesi","provider_url":"https:\/\/dev.borgarbyggd.is\/grunnborg","author_name":"guddis","author_url":"https:\/\/dev.borgarbyggd.is\/grunnborg\/author\/guddis\/","title":"Forvarnardagurinn - Grunnsk\u00f3linn \u00ed Borgarnesi","type":"rich","width":600,"height":338,"html":"<blockquote class=\"wp-embedded-content\" data-secret=\"pqXu68k8zF\"><a href=\"https:\/\/dev.borgarbyggd.is\/grunnborg\/frettir\/hatidleg-athofn-a-bessastodum\/\">Forvarnardagurinn<\/a><\/blockquote><iframe sandbox=\"allow-scripts\" security=\"restricted\" src=\"https:\/\/dev.borgarbyggd.is\/grunnborg\/frettir\/hatidleg-athofn-a-bessastodum\/embed\/#?secret=pqXu68k8zF\" width=\"600\" height=\"338\" title=\"&#8220;Forvarnardagurinn&#8221; &#8212; Grunnsk\u00f3linn \u00ed Borgarnesi\" data-secret=\"pqXu68k8zF\" frameborder=\"0\" marginwidth=\"0\" marginheight=\"0\" scrolling=\"no\" class=\"wp-embedded-content\"><\/iframe><script type=\"text\/javascript\">\n\/* <![CDATA[ *\/\n\/*! This file is auto-generated *\/\n!function(d,l){\"use strict\";l.querySelector&&d.addEventListener&&\"undefined\"!=typeof URL&&(d.wp=d.wp||{},d.wp.receiveEmbedMessage||(d.wp.receiveEmbedMessage=function(e){var t=e.data;if((t||t.secret||t.message||t.value)&&!\/[^a-zA-Z0-9]\/.test(t.secret)){for(var s,r,n,a=l.querySelectorAll('iframe[data-secret=\"'+t.secret+'\"]'),o=l.querySelectorAll('blockquote[data-secret=\"'+t.secret+'\"]'),c=new RegExp(\"^https?:$\",\"i\"),i=0;i<o.length;i++)o[i].style.display=\"none\";for(i=0;i<a.length;i++)s=a[i],e.source===s.contentWindow&&(s.removeAttribute(\"style\"),\"height\"===t.message?(1e3<(r=parseInt(t.value,10))?r=1e3:~~r<200&&(r=200),s.height=r):\"link\"===t.message&&(r=new URL(s.getAttribute(\"src\")),n=new URL(t.value),c.test(n.protocol))&&n.host===r.host&&l.activeElement===s&&(d.top.location.href=t.value))}},d.addEventListener(\"message\",d.wp.receiveEmbedMessage,!1),l.addEventListener(\"DOMContentLoaded\",function(){for(var e,t,s=l.querySelectorAll(\"iframe.wp-embedded-content\"),r=0;r<s.length;r++)(t=(e=s[r]).getAttribute(\"data-secret\"))||(t=Math.random().toString(36).substring(2,12),e.src+=\"#?secret=\"+t,e.setAttribute(\"data-secret\",t)),e.contentWindow.postMessage({message:\"ready\",secret:t},\"*\")},!1)))}(window,document);\n\/\/# sourceURL=https:\/\/dev.borgarbyggd.is\/grunnborg\/wp-includes\/js\/wp-embed.min.js\n\/* ]]> *\/\n<\/script>\n","thumbnail_url":"https:\/\/dev.borgarbyggd.is\/grunnborg\/wp-content\/uploads\/sites\/2\/2024\/12\/forvarnar.jpg","thumbnail_width":785,"thumbnail_height":376,"description":"Forvarnardagurinn er haldin \u00e1 hverju hausti og var n\u00fa haldin \u00ed 19. sinn. Dagskr\u00e1in er hugsu\u00f0 fyrir nemendur \u00ed 9.bekk grunnsk\u00f3la og fyrsta \u00e1ri \u00ed framhaldssk\u00f3la. A\u00f0 forvarnardeginum standa emb\u00e6tti forseta \u00cdslands, Reykjav\u00edkurborg, R\u00edkisl\u00f6greglustj\u00f3ri, \u00cd\u00fer\u00f3tta- og \u00f3lymp\u00edusamband \u00cdslands, Sk\u00e1tarnir, Ungmennaf\u00e9lag \u00cdslands, Ranns\u00f3knir og greining, Planet Youth, Samband \u00edslenskra sveitarf\u00e9laga, Samstarf f\u00e9lagasamtaka \u00ed forv\u00f6rnum, Samf\u00e9s, Heimili og sk\u00f3li og R\u00edkisl\u00f6greglustj\u00f3ri, auk ... Read More"}