{"version":"1.0","provider_name":"Grunnsk\u00f3linn \u00ed Borgarnesi","provider_url":"https:\/\/dev.borgarbyggd.is\/grunnborg","author_name":"huldag","author_url":"https:\/\/dev.borgarbyggd.is\/grunnborg\/author\/huldag\/","title":"7. bekkur um sundin bl\u00e1 - Grunnsk\u00f3linn \u00ed Borgarnesi","type":"rich","width":600,"height":338,"html":"<blockquote class=\"wp-embedded-content\" data-secret=\"ZCwbUGELGz\"><a href=\"https:\/\/dev.borgarbyggd.is\/grunnborg\/frettir\/7-bekkur-um-sundin-bla\/\">7. bekkur um sundin bl\u00e1<\/a><\/blockquote><iframe sandbox=\"allow-scripts\" security=\"restricted\" src=\"https:\/\/dev.borgarbyggd.is\/grunnborg\/frettir\/7-bekkur-um-sundin-bla\/embed\/#?secret=ZCwbUGELGz\" width=\"600\" height=\"338\" title=\"&#8220;7. bekkur um sundin bl\u00e1&#8221; &#8212; Grunnsk\u00f3linn \u00ed Borgarnesi\" data-secret=\"ZCwbUGELGz\" frameborder=\"0\" marginwidth=\"0\" marginheight=\"0\" scrolling=\"no\" class=\"wp-embedded-content\"><\/iframe><script type=\"text\/javascript\">\n\/* <![CDATA[ *\/\n\/*! This file is auto-generated *\/\n!function(d,l){\"use strict\";l.querySelector&&d.addEventListener&&\"undefined\"!=typeof URL&&(d.wp=d.wp||{},d.wp.receiveEmbedMessage||(d.wp.receiveEmbedMessage=function(e){var t=e.data;if((t||t.secret||t.message||t.value)&&!\/[^a-zA-Z0-9]\/.test(t.secret)){for(var s,r,n,a=l.querySelectorAll('iframe[data-secret=\"'+t.secret+'\"]'),o=l.querySelectorAll('blockquote[data-secret=\"'+t.secret+'\"]'),c=new RegExp(\"^https?:$\",\"i\"),i=0;i<o.length;i++)o[i].style.display=\"none\";for(i=0;i<a.length;i++)s=a[i],e.source===s.contentWindow&&(s.removeAttribute(\"style\"),\"height\"===t.message?(1e3<(r=parseInt(t.value,10))?r=1e3:~~r<200&&(r=200),s.height=r):\"link\"===t.message&&(r=new URL(s.getAttribute(\"src\")),n=new URL(t.value),c.test(n.protocol))&&n.host===r.host&&l.activeElement===s&&(d.top.location.href=t.value))}},d.addEventListener(\"message\",d.wp.receiveEmbedMessage,!1),l.addEventListener(\"DOMContentLoaded\",function(){for(var e,t,s=l.querySelectorAll(\"iframe.wp-embedded-content\"),r=0;r<s.length;r++)(t=(e=s[r]).getAttribute(\"data-secret\"))||(t=Math.random().toString(36).substring(2,12),e.src+=\"#?secret=\"+t,e.setAttribute(\"data-secret\",t)),e.contentWindow.postMessage({message:\"ready\",secret:t},\"*\")},!1)))}(window,document);\n\/\/# sourceURL=https:\/\/dev.borgarbyggd.is\/grunnborg\/wp-includes\/js\/wp-embed.min.js\n\/* ]]> *\/\n<\/script>\n","thumbnail_url":"https:\/\/dev.borgarbyggd.is\/grunnborg\/wp-content\/uploads\/sites\/2\/2024\/05\/su15.jpg","thumbnail_width":2048,"thumbnail_height":1152,"description":"Sj\u00f6undi bekkur \u00ed Grunnsk\u00f3lanum \u00ed Borgarnesi br\u00e1 s\u00e9r \u00ed betri f\u00f6tin og skellti s\u00e9r til Reykjav\u00edkur \u00feri\u00f0judaginn 30. apr\u00edl \u00ed bo\u00f0i Faxafl\u00f3ahafna. Okkur var bo\u00f0i\u00f0 \u00ed sj\u00f3fer\u00f0 um sundin bl\u00e1, en \u00fea\u00f0 er fr\u00e6\u00f0slufer\u00f0 sem grunnsk\u00f3lab\u00f6rnum er bo\u00f0i\u00f0 \u00ed. Okkur til mikillar \u00e1n\u00e6gju breyttist fer\u00f0in \u00f3v\u00e6nt \u00fev\u00ed \u00e1 vegi okkar s\u00e1um vi\u00f0 hrefnur fyrir utan h\u00f6fnina sem vakti mikla k\u00e1t\u00ednu ... Read More"}