{"version":"1.0","provider_name":"Grunnsk\u00f3linn \u00ed Borgarnesi","provider_url":"https:\/\/dev.borgarbyggd.is\/grunnborg","author_name":"huldag","author_url":"https:\/\/dev.borgarbyggd.is\/grunnborg\/author\/huldag\/","title":"3. bekkur kynnir verkefni um tr\u00faarbr\u00f6g\u00f0. - Grunnsk\u00f3linn \u00ed Borgarnesi","type":"rich","width":600,"height":338,"html":"<blockquote class=\"wp-embedded-content\" data-secret=\"nwGzRPc14R\"><a href=\"https:\/\/dev.borgarbyggd.is\/grunnborg\/frettir\/3-bekkur-kynnir-verkefnid-um-truarbrogd\/\">3. bekkur kynnir verkefni um tr\u00faarbr\u00f6g\u00f0.<\/a><\/blockquote><iframe sandbox=\"allow-scripts\" security=\"restricted\" src=\"https:\/\/dev.borgarbyggd.is\/grunnborg\/frettir\/3-bekkur-kynnir-verkefnid-um-truarbrogd\/embed\/#?secret=nwGzRPc14R\" width=\"600\" height=\"338\" title=\"&#8220;3. bekkur kynnir verkefni um tr\u00faarbr\u00f6g\u00f0.&#8221; &#8212; Grunnsk\u00f3linn \u00ed Borgarnesi\" data-secret=\"nwGzRPc14R\" frameborder=\"0\" marginwidth=\"0\" marginheight=\"0\" scrolling=\"no\" class=\"wp-embedded-content\"><\/iframe><script type=\"text\/javascript\">\n\/* <![CDATA[ *\/\n\/*! This file is auto-generated *\/\n!function(d,l){\"use strict\";l.querySelector&&d.addEventListener&&\"undefined\"!=typeof URL&&(d.wp=d.wp||{},d.wp.receiveEmbedMessage||(d.wp.receiveEmbedMessage=function(e){var t=e.data;if((t||t.secret||t.message||t.value)&&!\/[^a-zA-Z0-9]\/.test(t.secret)){for(var s,r,n,a=l.querySelectorAll('iframe[data-secret=\"'+t.secret+'\"]'),o=l.querySelectorAll('blockquote[data-secret=\"'+t.secret+'\"]'),c=new RegExp(\"^https?:$\",\"i\"),i=0;i<o.length;i++)o[i].style.display=\"none\";for(i=0;i<a.length;i++)s=a[i],e.source===s.contentWindow&&(s.removeAttribute(\"style\"),\"height\"===t.message?(1e3<(r=parseInt(t.value,10))?r=1e3:~~r<200&&(r=200),s.height=r):\"link\"===t.message&&(r=new URL(s.getAttribute(\"src\")),n=new URL(t.value),c.test(n.protocol))&&n.host===r.host&&l.activeElement===s&&(d.top.location.href=t.value))}},d.addEventListener(\"message\",d.wp.receiveEmbedMessage,!1),l.addEventListener(\"DOMContentLoaded\",function(){for(var e,t,s=l.querySelectorAll(\"iframe.wp-embedded-content\"),r=0;r<s.length;r++)(t=(e=s[r]).getAttribute(\"data-secret\"))||(t=Math.random().toString(36).substring(2,12),e.src+=\"#?secret=\"+t,e.setAttribute(\"data-secret\",t)),e.contentWindow.postMessage({message:\"ready\",secret:t},\"*\")},!1)))}(window,document);\n\/\/# sourceURL=https:\/\/dev.borgarbyggd.is\/grunnborg\/wp-includes\/js\/wp-embed.min.js\n\/* ]]> *\/\n<\/script>\n","thumbnail_url":"https:\/\/dev.borgarbyggd.is\/grunnborg\/wp-content\/uploads\/sites\/2\/2024\/05\/op24.jpg","thumbnail_width":1500,"thumbnail_height":2000,"description":"F\u00f6studaginn 17. ma\u00ed var 3. bekkur me\u00f0 \u201copna sk\u00f3lastofu\u201d \u00fear sem nemendur og starfsf\u00f3lk g\u00e1tu komi\u00f0 vi\u00f0 og sko\u00f0a\u00f0 og fengi\u00f0 fr\u00e6\u00f0slu um helstu tr\u00faarbr\u00f6g\u00f0 heimsins. Krakkarnir s\u00fdndu h\u00fasin s\u00edn, gl\u00e6rukynningar og fleiri verkefni sem \u00feau h\u00f6f\u00f0u unni\u00f0 \u00ed h\u00f3pum, hver h\u00f3pur me\u00f0 sitt tr\u00faarbrag\u00f0."}