{"id":33,"date":"2023-07-25T16:40:46","date_gmt":"2023-07-25T16:40:46","guid":{"rendered":"https:\/\/dev.borgarbyggd.is\/gbf\/?page_id=33"},"modified":"2025-09-03T12:00:10","modified_gmt":"2025-09-03T12:00:10","slug":"stjornun","status":"publish","type":"page","link":"https:\/\/dev.borgarbyggd.is\/gbf\/skolinn\/stjornun\/","title":{"rendered":"Stj\u00f3rnun"},"content":{"rendered":"<p style=\"text-align: left\"><span data-contrast=\"none\">Helga Jens\u00edna Svavarsd\u00f3ttir, sk\u00f3lastj\u00f3ri<\/span><span data-ccp-props=\"{&quot;134233117&quot;:false,&quot;201341983&quot;:0,&quot;335559738&quot;:0,&quot;335559739&quot;:160,&quot;335559740&quot;:259}\">\u00a0<\/span><\/p>\n<p style=\"text-align: left\"><span data-contrast=\"none\">Ingibj\u00f6rg Adda Konr\u00e1\u00f0sd\u00f3ttir, a\u00f0sto\u00f0arsk\u00f3lastj\u00f3ri s\u00e9r um daglega stj\u00f3rnun \u00e1 Kleppj\u00e1rnsreykjum<\/span><span data-ccp-props=\"{&quot;134233117&quot;:false,&quot;201341983&quot;:0,&quot;335559738&quot;:0,&quot;335559739&quot;:160,&quot;335559740&quot;:259}\"> \u00e1samt \u00fev\u00ed a\u00f0 vera fagstj\u00f3ri \u00e1 mi\u00f0- og unglingastigi \u00fevert \u00e1 deildir sk\u00f3lans.\u00a0<\/span><\/p>\n<p style=\"text-align: left\"><span data-contrast=\"none\">Anna Krist\u00edn Gunnarsd\u00f3ttir, deildarstj\u00f3ri s\u00e9r um daglega stj\u00f3rnun \u00e1 Hvanneyri \u00e1samt \u00fev\u00ed a\u00f0 vera fagstj\u00f3ri \u00e1 yngsta stigi \u00fevert \u00e1 deildir sk\u00f3lans.\u00a0<\/span><\/p>\n<p style=\"text-align: left\"><span data-contrast=\"none\">Mar\u00eda J\u00f3nsd\u00f3ttir, deildarstj\u00f3ri sto\u00f0\u00fej\u00f3nustu \u00e1 \u00f6llum deildum sk\u00f3lans<\/span><span data-ccp-props=\"{&quot;134233117&quot;:false,&quot;201341983&quot;:0,&quot;335559738&quot;:0,&quot;335559739&quot;:160,&quot;335559740&quot;:259}\">\u00a0<\/span><\/p>\n<p style=\"text-align: left\"><span data-contrast=\"none\">S\u00f3lr\u00fan Halla Bjarnad\u00f3ttir, deildarstj\u00f3ri s\u00e9r um daglega stj\u00f3rnun \u00e1 Varmalandi<\/span><span data-ccp-props=\"{&quot;134233117&quot;:false,&quot;201341983&quot;:0,&quot;335559738&quot;:0,&quot;335559739&quot;:160,&quot;335559740&quot;:259}\"> \u00e1samt \u00fev\u00ed a\u00f0 vera fagstj\u00f3ri \u00cdSAT teymis \u00fevert \u00e1 deildir sk\u00f3lans.\u00a0<\/span><\/p>\n<p style=\"text-align: left\"><b><span data-contrast=\"none\">S\u00edman\u00famer og netf\u00f6ng<\/span><\/b><br \/>\nA\u00f0aln\u00famer sk\u00f3lans: 433 7300 <a href=\"mailto:gbf@gbf.is\">gbf@gbf.is<\/a><br \/>\nHelga Jens\u00edna: 433 7301 <a href=\"mailto:helga.jensina.svavarsdottir@gbf.is\">helga.jensina.svavarsdottir@gbf.is<\/a><br \/>\nIngibj\u00f6rg Adda: 433 7302 <a href=\"mailto:ingibjorg.adda.konradsdottir@gbf.is\">ingibjorg.adda.konradsdottir@gbf.is<\/a><\/p>\n<p style=\"text-align: left\">Anna Krist\u00edn: 433 7316 <a href=\"mailto:anna.kristin.gunnarsdottir@gbf.is\">anna.kristin.gunnarsdottir@gbf.is<\/a><br \/>\nMar\u00eda: 433 7300 <a href=\"mailto:maria@gbf.is\">maria@gbf.is<\/a><br \/>\nS\u00f3lr\u00fan Halla: 433 7320 <a href=\"mailto:solrun.halla.bjarnadottir@gbf.is\">solrun.halla.bjarnadottir@gbf.is<\/a><\/p>\n","protected":false},"excerpt":{"rendered":"<p>Helga Jens\u00edna Svavarsd\u00f3ttir, sk\u00f3lastj\u00f3ri\u00a0 Ingibj\u00f6rg Adda Konr\u00e1\u00f0sd\u00f3ttir, a\u00f0sto\u00f0arsk\u00f3lastj\u00f3ri s\u00e9r um daglega stj\u00f3rnun \u00e1 Kleppj\u00e1rnsreykjum \u00e1samt \u00fev\u00ed a\u00f0 vera fagstj\u00f3ri \u00e1 mi\u00f0- og unglingastigi \u00fevert \u00e1 deildir sk\u00f3lans.\u00a0 Anna Krist\u00edn Gunnarsd\u00f3ttir, deildarstj\u00f3ri s\u00e9r um daglega stj\u00f3rnun \u00e1 Hvanneyri \u00e1samt \u00fev\u00ed a\u00f0 vera fagstj\u00f3ri \u00e1 yngsta stigi \u00fevert \u00e1 deildir sk\u00f3lans.\u00a0 Mar\u00eda J\u00f3nsd\u00f3ttir, deildarstj\u00f3ri sto\u00f0\u00fej\u00f3nustu \u00e1 \u00f6llum deildum sk\u00f3lans\u00a0 S\u00f3lr\u00fan Halla Bjarnad\u00f3ttir, &#8230; <\/p>\n<div><a href=\"https:\/\/dev.borgarbyggd.is\/gbf\/skolinn\/stjornun\/\" class=\"more-link\">Read More<\/a><\/div>\n","protected":false},"author":1,"featured_media":0,"parent":15,"menu_order":0,"comment_status":"closed","ping_status":"closed","template":"","meta":{"_acf_changed":false,"footnotes":""},"class_list":["post-33","page","type-page","status-publish","hentry","no-post-thumbnail"],"acf":{"quickaccess":false},"yoast_head":"<!-- This site is optimized with the Yoast SEO plugin v24.0 - https:\/\/yoast.com\/wordpress\/plugins\/seo\/ -->\n<title>Stj\u00f3rnun - Grunnsk\u00f3li Borgarfjar\u00f0ar<\/title>\n<meta name=\"robots\" content=\"noindex, follow, max-snippet:-1, max-image-preview:large, max-video-preview:-1\" \/>\n<meta property=\"og:locale\" content=\"is_IS\" \/>\n<meta property=\"og:type\" content=\"article\" \/>\n<meta property=\"og:title\" content=\"Stj\u00f3rnun - Grunnsk\u00f3li Borgarfjar\u00f0ar\" \/>\n<meta property=\"og:description\" content=\"Helga Jens\u00edna Svavarsd\u00f3ttir, sk\u00f3lastj\u00f3ri\u00a0 Ingibj\u00f6rg Adda Konr\u00e1\u00f0sd\u00f3ttir, a\u00f0sto\u00f0arsk\u00f3lastj\u00f3ri s\u00e9r um daglega stj\u00f3rnun \u00e1 Kleppj\u00e1rnsreykjum \u00e1samt \u00fev\u00ed a\u00f0 vera fagstj\u00f3ri \u00e1 mi\u00f0- og unglingastigi \u00fevert \u00e1 deildir sk\u00f3lans.\u00a0 Anna Krist\u00edn Gunnarsd\u00f3ttir, deildarstj\u00f3ri s\u00e9r um daglega stj\u00f3rnun \u00e1 Hvanneyri \u00e1samt \u00fev\u00ed a\u00f0 vera fagstj\u00f3ri \u00e1 yngsta stigi \u00fevert \u00e1 deildir sk\u00f3lans.\u00a0 Mar\u00eda J\u00f3nsd\u00f3ttir, deildarstj\u00f3ri sto\u00f0\u00fej\u00f3nustu \u00e1 \u00f6llum deildum sk\u00f3lans\u00a0 S\u00f3lr\u00fan Halla Bjarnad\u00f3ttir, ... Read More\" \/>\n<meta property=\"og:url\" content=\"https:\/\/dev.borgarbyggd.is\/gbf\/skolinn\/stjornun\/\" \/>\n<meta property=\"og:site_name\" content=\"Grunnsk\u00f3li Borgarfjar\u00f0ar\" \/>\n<meta property=\"article:modified_time\" content=\"2025-09-03T12:00:10+00:00\" \/>\n<meta name=\"twitter:card\" content=\"summary_large_image\" \/>\n<meta name=\"twitter:label1\" content=\"Est. reading time\" \/>\n\t<meta name=\"twitter:data1\" content=\"1 minute\" \/>\n<script type=\"application\/ld+json\" class=\"yoast-schema-graph\">{\"@context\":\"https:\/\/schema.org\",\"@graph\":[{\"@type\":\"WebPage\",\"@id\":\"https:\/\/dev.borgarbyggd.is\/gbf\/skolinn\/stjornun\/\",\"url\":\"https:\/\/dev.borgarbyggd.is\/gbf\/skolinn\/stjornun\/\",\"name\":\"Stj\u00f3rnun - Grunnsk\u00f3li Borgarfjar\u00f0ar\",\"isPartOf\":{\"@id\":\"https:\/\/dev.borgarbyggd.is\/gbf\/#website\"},\"datePublished\":\"2023-07-25T16:40:46+00:00\",\"dateModified\":\"2025-09-03T12:00:10+00:00\",\"breadcrumb\":{\"@id\":\"https:\/\/dev.borgarbyggd.is\/gbf\/skolinn\/stjornun\/#breadcrumb\"},\"inLanguage\":\"is\",\"potentialAction\":[{\"@type\":\"ReadAction\",\"target\":[\"https:\/\/dev.borgarbyggd.is\/gbf\/skolinn\/stjornun\/\"]}]},{\"@type\":\"BreadcrumbList\",\"@id\":\"https:\/\/dev.borgarbyggd.is\/gbf\/skolinn\/stjornun\/#breadcrumb\",\"itemListElement\":[{\"@type\":\"ListItem\",\"position\":1,\"name\":\"Home\",\"item\":\"https:\/\/dev.borgarbyggd.is\/gbf\/\"},{\"@type\":\"ListItem\",\"position\":2,\"name\":\"Sk\u00f3linn\",\"item\":\"https:\/\/dev.borgarbyggd.is\/gbf\/skolinn\/\"},{\"@type\":\"ListItem\",\"position\":3,\"name\":\"Stj\u00f3rnun\"}]},{\"@type\":\"WebSite\",\"@id\":\"https:\/\/dev.borgarbyggd.is\/gbf\/#website\",\"url\":\"https:\/\/dev.borgarbyggd.is\/gbf\/\",\"name\":\"Grunnsk\u00f3li Borgarfjar\u00f0ar\",\"description\":\"\",\"potentialAction\":[{\"@type\":\"SearchAction\",\"target\":{\"@type\":\"EntryPoint\",\"urlTemplate\":\"https:\/\/dev.borgarbyggd.is\/gbf\/?s={search_term_string}\"},\"query-input\":{\"@type\":\"PropertyValueSpecification\",\"valueRequired\":true,\"valueName\":\"search_term_string\"}}],\"inLanguage\":\"is\"}]}<\/script>\n<!-- \/ Yoast SEO plugin. -->","yoast_head_json":{"title":"Stj\u00f3rnun - Grunnsk\u00f3li Borgarfjar\u00f0ar","robots":{"index":"noindex","follow":"follow","max-snippet":"max-snippet:-1","max-image-preview":"max-image-preview:large","max-video-preview":"max-video-preview:-1"},"og_locale":"is_IS","og_type":"article","og_title":"Stj\u00f3rnun - Grunnsk\u00f3li Borgarfjar\u00f0ar","og_description":"Helga Jens\u00edna Svavarsd\u00f3ttir, sk\u00f3lastj\u00f3ri\u00a0 Ingibj\u00f6rg Adda Konr\u00e1\u00f0sd\u00f3ttir, a\u00f0sto\u00f0arsk\u00f3lastj\u00f3ri s\u00e9r um daglega stj\u00f3rnun \u00e1 Kleppj\u00e1rnsreykjum \u00e1samt \u00fev\u00ed a\u00f0 vera fagstj\u00f3ri \u00e1 mi\u00f0- og unglingastigi \u00fevert \u00e1 deildir sk\u00f3lans.\u00a0 Anna Krist\u00edn Gunnarsd\u00f3ttir, deildarstj\u00f3ri s\u00e9r um daglega stj\u00f3rnun \u00e1 Hvanneyri \u00e1samt \u00fev\u00ed a\u00f0 vera fagstj\u00f3ri \u00e1 yngsta stigi \u00fevert \u00e1 deildir sk\u00f3lans.\u00a0 Mar\u00eda J\u00f3nsd\u00f3ttir, deildarstj\u00f3ri sto\u00f0\u00fej\u00f3nustu \u00e1 \u00f6llum deildum sk\u00f3lans\u00a0 S\u00f3lr\u00fan Halla Bjarnad\u00f3ttir, ... Read More","og_url":"https:\/\/dev.borgarbyggd.is\/gbf\/skolinn\/stjornun\/","og_site_name":"Grunnsk\u00f3li Borgarfjar\u00f0ar","article_modified_time":"2025-09-03T12:00:10+00:00","twitter_card":"summary_large_image","twitter_misc":{"Est. reading time":"1 minute"},"schema":{"@context":"https:\/\/schema.org","@graph":[{"@type":"WebPage","@id":"https:\/\/dev.borgarbyggd.is\/gbf\/skolinn\/stjornun\/","url":"https:\/\/dev.borgarbyggd.is\/gbf\/skolinn\/stjornun\/","name":"Stj\u00f3rnun - Grunnsk\u00f3li Borgarfjar\u00f0ar","isPartOf":{"@id":"https:\/\/dev.borgarbyggd.is\/gbf\/#website"},"datePublished":"2023-07-25T16:40:46+00:00","dateModified":"2025-09-03T12:00:10+00:00","breadcrumb":{"@id":"https:\/\/dev.borgarbyggd.is\/gbf\/skolinn\/stjornun\/#breadcrumb"},"inLanguage":"is","potentialAction":[{"@type":"ReadAction","target":["https:\/\/dev.borgarbyggd.is\/gbf\/skolinn\/stjornun\/"]}]},{"@type":"BreadcrumbList","@id":"https:\/\/dev.borgarbyggd.is\/gbf\/skolinn\/stjornun\/#breadcrumb","itemListElement":[{"@type":"ListItem","position":1,"name":"Home","item":"https:\/\/dev.borgarbyggd.is\/gbf\/"},{"@type":"ListItem","position":2,"name":"Sk\u00f3linn","item":"https:\/\/dev.borgarbyggd.is\/gbf\/skolinn\/"},{"@type":"ListItem","position":3,"name":"Stj\u00f3rnun"}]},{"@type":"WebSite","@id":"https:\/\/dev.borgarbyggd.is\/gbf\/#website","url":"https:\/\/dev.borgarbyggd.is\/gbf\/","name":"Grunnsk\u00f3li Borgarfjar\u00f0ar","description":"","potentialAction":[{"@type":"SearchAction","target":{"@type":"EntryPoint","urlTemplate":"https:\/\/dev.borgarbyggd.is\/gbf\/?s={search_term_string}"},"query-input":{"@type":"PropertyValueSpecification","valueRequired":true,"valueName":"search_term_string"}}],"inLanguage":"is"}]}},"_links":{"self":[{"href":"https:\/\/dev.borgarbyggd.is\/gbf\/wp-json\/wp\/v2\/pages\/33","targetHints":{"allow":["GET"]}}],"collection":[{"href":"https:\/\/dev.borgarbyggd.is\/gbf\/wp-json\/wp\/v2\/pages"}],"about":[{"href":"https:\/\/dev.borgarbyggd.is\/gbf\/wp-json\/wp\/v2\/types\/page"}],"author":[{"embeddable":true,"href":"https:\/\/dev.borgarbyggd.is\/gbf\/wp-json\/wp\/v2\/users\/1"}],"replies":[{"embeddable":true,"href":"https:\/\/dev.borgarbyggd.is\/gbf\/wp-json\/wp\/v2\/comments?post=33"}],"version-history":[{"count":0,"href":"https:\/\/dev.borgarbyggd.is\/gbf\/wp-json\/wp\/v2\/pages\/33\/revisions"}],"up":[{"embeddable":true,"href":"https:\/\/dev.borgarbyggd.is\/gbf\/wp-json\/wp\/v2\/pages\/15"}],"wp:attachment":[{"href":"https:\/\/dev.borgarbyggd.is\/gbf\/wp-json\/wp\/v2\/media?parent=33"}],"curies":[{"name":"wp","href":"https:\/\/api.w.org\/{rel}","templated":true}]}}